{"id":463,"date":"2022-06-03T11:13:32","date_gmt":"2022-06-03T11:13:32","guid":{"rendered":"https:\/\/ruba-thermoplast.ch\/?page_id=463"},"modified":"2025-04-07T12:32:29","modified_gmt":"2025-04-07T10:32:29","slug":"newsletter3","status":"publish","type":"page","link":"https:\/\/ruba-thermoplast.ch\/de\/newsletter3\/","title":{"rendered":"Newsletter"},"content":{"rendered":"\t\t<div data-elementor-type=\"wp-page\" data-elementor-id=\"463\" class=\"elementor elementor-463\" data-elementor-post-type=\"page\">\n\t\t\t\t\t\t<section class=\"elementor-section elementor-top-section elementor-element elementor-element-67d1a473 elementor-section-full_width elementor-section-height-min-height elementor-section-height-default elementor-section-items-middle\" data-id=\"67d1a473\" data-element_type=\"section\" data-settings=\"{&quot;background_background&quot;:&quot;video&quot;,&quot;background_video_link&quot;:&quot;https:\\\/\\\/ruba-thermoplast.ch\\\/wp-content\\\/uploads\\\/2022\\\/05\\\/main.mp4&quot;,&quot;background_play_on_mobile&quot;:&quot;yes&quot;,&quot;jet_parallax_layout_list&quot;:[]}\">\n\t\t\t\t\t\t\t\t<div class=\"elementor-background-video-container\">\n\t\t\t\t\t\t\t\t\t\t\t\t\t<video class=\"elementor-background-video-hosted\" autoplay muted playsinline loop><\/video>\n\t\t\t\t\t\t\t\t\t\t\t<\/div>\n\t\t\t\t\t\t\t\t\t<div class=\"elementor-background-overlay\"><\/div>\n\t\t\t\t\t\t\t<div class=\"elementor-container elementor-column-gap-default\">\n\t\t\t\t\t<div class=\"elementor-column elementor-col-100 elementor-top-column elementor-element elementor-element-4daf57e2\" data-id=\"4daf57e2\" data-element_type=\"column\">\n\t\t\t<div class=\"elementor-widget-wrap elementor-element-populated\">\n\t\t\t\t\t\t<div class=\"elementor-element elementor-element-3ca6d43f elementor-widget elementor-widget-heading\" data-id=\"3ca6d43f\" data-element_type=\"widget\" data-widget_type=\"heading.default\">\n\t\t\t\t<div class=\"elementor-widget-container\">\n\t\t\t\t\t<h2 class=\"elementor-heading-title elementor-size-default\">Newsletter<\/h2>\t\t\t\t<\/div>\n\t\t\t\t<\/div>\n\t\t\t\t\t<\/div>\n\t\t<\/div>\n\t\t\t\t\t<\/div>\n\t\t<\/section>\n\t\t\t\t<section class=\"elementor-section elementor-top-section elementor-element elementor-element-1a3e2494 elementor-section-boxed elementor-section-height-default elementor-section-height-default\" data-id=\"1a3e2494\" data-element_type=\"section\" data-settings=\"{&quot;background_background&quot;:&quot;classic&quot;,&quot;jet_parallax_layout_list&quot;:[]}\">\n\t\t\t\t\t\t<div class=\"elementor-container elementor-column-gap-default\">\n\t\t\t\t\t<div class=\"elementor-column elementor-col-100 elementor-top-column elementor-element elementor-element-5115d9b\" data-id=\"5115d9b\" data-element_type=\"column\">\n\t\t\t<div class=\"elementor-widget-wrap elementor-element-populated\">\n\t\t\t\t\t\t<div class=\"elementor-element elementor-element-bae7415 elementor-widget elementor-widget-tp-blog-listout\" data-id=\"bae7415\" data-element_type=\"widget\" data-widget_type=\"tp-blog-listout.default\">\n\t\t\t\t<div class=\"elementor-widget-container\">\n\t\t\t\t\t<div id=\"pt-plus-blog-post-list\" class=\"blog-list post69edd0fb0fa6b  list-isotope  blog-style-2 hover-image-style-1 pt-plus-filter-post-category  layout-style-1  \"  data-layout-type=\"fitRows\"   data-id=\"post69edd0fb0fa6b\" data-style=\"style-2\"   dir= data-enable-isotope=\"1\" filter-type = \"normal\"><div class=\"post-filter-data style-1 text-left\"><ul class=\"category-filters style-1 hover-style-4\"><li><a href=\"#\" class=\"filter-category-list\" data-filter=\".april-2023\"><span data-hover=\"April 2023\">April 2023<\/span><\/a><\/li><li><a href=\"#\" class=\"filter-category-list\" data-filter=\".april-2024\"><span data-hover=\"April 2024\">April 2024<\/span><\/a><\/li><li><a href=\"#\" class=\"filter-category-list\" data-filter=\".april-2025\"><span data-hover=\"April 2025\">April 2025<\/span><\/a><\/li><li><a href=\"#\" class=\"filter-category-list\" data-filter=\".august-22\"><span data-hover=\"August 22\">August 22<\/span><\/a><\/li><li><a href=\"#\" class=\"filter-category-list\" data-filter=\".dezember-19\"><span data-hover=\"Dezember 19\">Dezember 19<\/span><\/a><\/li><li><a href=\"#\" class=\"filter-category-list\" data-filter=\".dezember-2022\"><span data-hover=\"Dezember 2022\">Dezember 2022<\/span><\/a><\/li><li><a href=\"#\" class=\"filter-category-list\" data-filter=\".dezember-2023\"><span data-hover=\"Dezember 2023\">Dezember 2023<\/span><\/a><\/li><li><a href=\"#\" class=\"filter-category-list\" data-filter=\".dezember-2024\"><span data-hover=\"Dezember 2024\">Dezember 2024<\/span><\/a><\/li><li><a href=\"#\" class=\"filter-category-list\" data-filter=\".februar-21\"><span data-hover=\"Februar 21\">Februar 21<\/span><\/a><\/li><li><a href=\"#\" class=\"filter-category-list\" data-filter=\".januar-2026\"><span data-hover=\"Januar 2026\">Januar 2026<\/span><\/a><\/li><li><a href=\"#\" class=\"filter-category-list\" data-filter=\".juli-20\"><span data-hover=\"Juli 20\">Juli 20<\/span><\/a><\/li><li><a href=\"#\" class=\"filter-category-list\" data-filter=\".juli-21\"><span data-hover=\"Juli 21\">Juli 21<\/span><\/a><\/li><li><a href=\"#\" class=\"filter-category-list\" data-filter=\".juni2025\"><span data-hover=\"Juni2025\">Juni2025<\/span><\/a><\/li><li><a href=\"#\" class=\"filter-category-list\" data-filter=\".mai-20\"><span data-hover=\"Mai 20\">Mai 20<\/span><\/a><\/li><li><a href=\"#\" class=\"filter-category-list\" data-filter=\".maerz-22\"><span data-hover=\"M\u00e4rz 22\">M\u00e4rz 22<\/span><\/a><\/li><li><a href=\"#\" class=\"filter-category-list\" data-filter=\".oktober-19\"><span data-hover=\"Oktober 19\">Oktober 19<\/span><\/a><\/li><li><a href=\"#\" class=\"filter-category-list\" data-filter=\".oktober-2024\"><span data-hover=\"Oktober 2024\">Oktober 2024<\/span><\/a><\/li><li><a href=\"#\" class=\"filter-category-list\" data-filter=\".oktober-2025\"><span data-hover=\"Oktober 2025\">Oktober 2025<\/span><\/a><\/li><li><a href=\"#\" class=\"filter-category-list\" data-filter=\".september-20\"><span data-hover=\"September 20\">September 20<\/span><\/a><\/li><li><a href=\"#\" class=\"filter-category-list\" data-filter=\".september-2023\"><span data-hover=\"September 2023\">September 2023<\/span><\/a><\/li><\/ul><\/div><div id=\"post69edd0fb0fa6b\" class=\"tp-row post-inner-loop post69edd0fb0fa6b text-center   tp-listing-preloader\" data-extparam= '{\"loading-opt\":\"skeleton\",\"URL-para\":\"\"}'   data-wooAttr= '\"REJRd3hzZ0ZzYndYblE3NHFidFRQMDBXZlZQUHdFa2tDaVdNVUpwMTlFWmNCdkExb2hCWU5SYVEvc1RTNFFMcWZyOUJ1ck9RZU14K2xGSEo0eFNHc1RvSEpsY0VrZFB5NWxTZUNENWlVL3Z6ZHZuTTdrZ0FaT1pNcXJpaUlKbm5Ja2lsWldBdmdzOXZFODh2TUl3UkxWcU1iZGZVamhkOTRMY0ZnSWIvN09aWHBmenRFMjVpTHdoZmkzNnBDRmxOTTkyZTlDc2VvNnpqcVNWY3JRYVE2VExxQU1vSktxRjhldUZ4YjFMaXVucTE2WWtORkFsSmszcXczWkErVmozdjZvMEV5WXZVWVk5ZFJtb2h0bnRwSlpTOGtXa0ZubFZjdDVLeFJFemMvUkhDR08vdndOelBWdXoxRFpuSDZsK0NGTTBPRjJNbDVUOU9tdjlibGNGbGlrWkNKdXVydThGWFBRL05CeW0vTVQ4ek5tc3dvV2FCQkdWQXczNlk2UVVUbDYyNWR5MmtiQlpLUG9vTTZSL3dtUHEwOUVEQUovK1hEakRBdVJ6Ny9oRzg2N0FOdFN1YXNrQittcm5nQ2RjZXNqOG5oQ1RmL2VEcVRrVjExQ0RVYnAydTQzdy9rT1lNdkJVSGoxRTJjL2c4Tko1UkhDUlpGYk0yVWltMkI2dGIvVVlKVytqVERNSmxnTENxc1Y3cmhFeVhJSVJ1TlNTNnprRmNLVUpKa1B1cE1WNEFZcE5MaW02YVVRYkdHNU4xTlRLOHpWZktVRzVqQVRISFBqVG56MnZrUWtmUEdoWVJkUVVTYkl0dU96NmM0djZqcnBUeEptSmpLMjQxMVhrZFN0VGV0cE9lbFdiRWJ0MVQwUG1ET3V2ZW9UcUFaYjgxNk5hSlhWbTZpeVVQUGdBZnVlcjJQWlhFQzNqRFh5Qk5MTHJRS1lnczB3NE1Uc2pjUUxMbENzTm54TGQ5KzdERXBjc0t0dTlXaFRaZldseHMxTFlsd1IxQVBjeGdEZlovZTFKeno1eVZPYWNWby81NHRrMHRwbHIxbzh3enlyRmlwUDUwV3VyTDhlb0x6ZjVrbWdwTEZONEJFOERMVzZtODhSK1cyKzd2Z1dmOXZXOGdGYzB4M2EyMVltaGNDck5tT3hybnlZKzJUZnpqWFNXNkxDYWhJOWxyUVk5NFlUK2hDQVBxd1Q1RUpkN2kvdlEydThSaGtvQ01CWHBzWGdjdEZFUEZtSUhiaW5JVU16Q3MzeG5Md2NuMVdKdFB3cVZ2YlVMOU9iUGM0RkYvVHdoS0ZjQXNLS1ZLZzZ0U05QVGFVV2ROUU53OWZjc05kZldLQjBSbnJWcDk0KzVSY0twTEZtZEl2UXR1THJYL1RtSVpKZDhPbU1XcHQwZE1KZHduV2w2V0svYkNxK3VCZmExMlVRRDRUbVhMUkRZeGdZUE1iU0Z5b3duQ3I5Z2xUa2JDTjNSalRnY1h2cnFnVjc4QkVwczlkd2Q3bFB0SmxDd0wyU2hwRWJWajFLaCtoeUdISjA1cnk4QmF5alIvZU1xSVRMRFFhRXlWdi80c1RrZHpxclB2TDlwZ3dBTFoweE84Q1pyVURPWCtyQms4Sy96WHZ6UU13dm8zbUs1c1lXc1ltV05LbVVhRzRrM2sxVU82cW1HanpQeXQydGVCRWtsTTM0Q2FSTW1tUUpNWFNnWHJJYVJqd0RyM0JuRHgwdmR0RUlqL2JPKzA5TUc0RlVQb3BZamFzWlBKT0ZCcW9LbnJFK2hHOVZXUmRDV0lJSFFGYnZ6ZHRYTnVLOHhaSFNFYkR4RlhkdW1qTHRsVEMzcG9UMUVRTGhPa1o2WCtTQXZsQk42c2FBditGNjN2aElNZGtmaEZ4Njh2a2plV3h0RHJacnI3ZHdZenFuOHhpc2VSclR3ajdFMVFFbmY1VnBSMnBXUnA2a0RuVUtEOUpHNWZGTEpqV0o2ZFFNQWxvN0VTWjFxSWJ4dnZXUEhEVk0rOWpYb2FPbWlvSTh3d3FIRDdsQ1R6bExNa2xybHJXRFNQZ2VucGpxZ1VkQ0E4ZDRCaEFMNGpXVFAxUDJvQTVxZFlIdHZNSk9VS0dCYnVvMXFPY0hCT04vZHhkUEFZYWV5Y2dEMDl5NkFOTWdOY2JxVTJhQ3VmclcxQk9pK2ZjQXJqWEQ1QU80Rk51NHF5ZGdOdEtQbVpwdFgxOGt3RDNta3hHbXdWRWMxVjVleEpLOUdVcnpzb1lBPT0=\"' ><div class=\"grid-item metro-item  tp-col-lg-4 tp-col-md-6 tp-col-sm-12 tp-col-12  januar-2026  \"><article id=\"post-6400\" class=\"post-6400 post type-post status-publish format-standard has-post-thumbnail hentry category-januar-2026\">\r\n\t<div class=\"blog-list-content\">\r\n\t\t\t\t<div class=\"post-content-image\">\r\n\t\t\t<a href=\"https:\/\/ruba-thermoplast.ch\/de\/praezision-neu-gedacht-unsere-neue-kanuelen-tubenschulter\/\">\r\n\t\t\t\t\t<div class=\"blog-featured-image  tp-cst-img-full img\">\r\n\t<span class=\"thumb-wrap\">\r\n\t\t<img fetchpriority=\"high\" decoding=\"async\" width=\"800\" height=\"800\" src=\"https:\/\/ruba-thermoplast.ch\/wp-content\/uploads\/2026\/01\/1-1024x1024.png\" class=\"attachment-large size-large\" alt=\"\" srcset=\"https:\/\/ruba-thermoplast.ch\/wp-content\/uploads\/2026\/01\/1-1024x1024.png 1024w, https:\/\/ruba-thermoplast.ch\/wp-content\/uploads\/2026\/01\/1-300x300.png 300w, https:\/\/ruba-thermoplast.ch\/wp-content\/uploads\/2026\/01\/1-150x150.png 150w, https:\/\/ruba-thermoplast.ch\/wp-content\/uploads\/2026\/01\/1-768x768.png 768w, https:\/\/ruba-thermoplast.ch\/wp-content\/uploads\/2026\/01\/1-1536x1536.png 1536w, https:\/\/ruba-thermoplast.ch\/wp-content\/uploads\/2026\/01\/1-2048x2048.png 2048w, https:\/\/ruba-thermoplast.ch\/wp-content\/uploads\/2026\/01\/1-12x12.png 12w, https:\/\/ruba-thermoplast.ch\/wp-content\/uploads\/2026\/01\/1-700x700.png 700w\" sizes=\"(max-width: 800px) 100vw, 800px\" \/>\t<\/span>\r\n\t<\/div>\r\n\t\t\t<\/a>\r\n\t\t\t\t\t<\/div>\r\n\t\t\t\t<div class=\"post-content-bottom\">\r\n\t\t\t\t\t\t<div class=\"post-metro-content\">\r\n\t\t\t\t<h3 class=\"post-title\">\r\n\t<a href=\"https:\/\/ruba-thermoplast.ch\/de\/praezision-neu-gedacht-unsere-neue-kanuelen-tubenschulter\/\" class=\"keep-all\">Pr\u00e4zision neu gedacht: unser...<\/a>\r\n<\/h3>\r\n\t\t\t\t\t\t\t\t\t<div class=\"post-hover-content\">\r\n\t\t\t\t\t\t<div class=\"entry-content\">\r\n\t<p>Pr\u00e4zision neu gedacht: unsere neue Kan\u00fclen-Tubenschulter Wir freuen uns, Ihnen die...<\/p>\r\n<\/div>\r\n\t\t\t\t\t<\/div>\r\n\t\t\t\t\t\t\t\t\t\t\t\t\t<div class=\"post-meta-info style-1\"><span class=\"meta-date\"><a href=\"https:\/\/ruba-thermoplast.ch\/de\/praezision-neu-gedacht-unsere-neue-kanuelen-tubenschulter\/\"><span class=\"entry-date\">26. Januar 2026<\/span><\/a><\/span>\r\n<\/div>\t\t\t\t\t\t\t<\/div>\r\n\t\t<\/div>\r\n\t\t\t\t\t<\/div>\r\n<\/article>\r\n<\/div><div class=\"grid-item metro-item  tp-col-lg-4 tp-col-md-6 tp-col-sm-12 tp-col-12  januar-2026  \"><article id=\"post-6425\" class=\"post-6425 post type-post status-publish format-standard has-post-thumbnail hentry category-januar-2026\">\r\n\t<div class=\"blog-list-content\">\r\n\t\t\t\t<div class=\"post-content-image\">\r\n\t\t\t<a href=\"https:\/\/ruba-thermoplast.ch\/de\/meilensteine-veraenderungen-und-neue-kapitel\/\">\r\n\t\t\t\t\t<div class=\"blog-featured-image  tp-cst-img-full img\">\r\n\t<span class=\"thumb-wrap\">\r\n\t\t<img decoding=\"async\" width=\"800\" height=\"800\" src=\"https:\/\/ruba-thermoplast.ch\/wp-content\/uploads\/2026\/01\/3-1024x1024.png\" class=\"attachment-large size-large\" alt=\"\" srcset=\"https:\/\/ruba-thermoplast.ch\/wp-content\/uploads\/2026\/01\/3-1024x1024.png 1024w, https:\/\/ruba-thermoplast.ch\/wp-content\/uploads\/2026\/01\/3-300x300.png 300w, https:\/\/ruba-thermoplast.ch\/wp-content\/uploads\/2026\/01\/3-150x150.png 150w, https:\/\/ruba-thermoplast.ch\/wp-content\/uploads\/2026\/01\/3-768x768.png 768w, https:\/\/ruba-thermoplast.ch\/wp-content\/uploads\/2026\/01\/3-1536x1536.png 1536w, https:\/\/ruba-thermoplast.ch\/wp-content\/uploads\/2026\/01\/3-2048x2048.png 2048w, https:\/\/ruba-thermoplast.ch\/wp-content\/uploads\/2026\/01\/3-12x12.png 12w, https:\/\/ruba-thermoplast.ch\/wp-content\/uploads\/2026\/01\/3-700x700.png 700w\" sizes=\"(max-width: 800px) 100vw, 800px\" \/>\t<\/span>\r\n\t<\/div>\r\n\t\t\t<\/a>\r\n\t\t\t\t\t<\/div>\r\n\t\t\t\t<div class=\"post-content-bottom\">\r\n\t\t\t\t\t\t<div class=\"post-metro-content\">\r\n\t\t\t\t<h3 class=\"post-title\">\r\n\t<a href=\"https:\/\/ruba-thermoplast.ch\/de\/meilensteine-veraenderungen-und-neue-kapitel\/\" class=\"keep-all\">Meilensteine, Ver\u00e4nderungen ...<\/a>\r\n<\/h3>\r\n\t\t\t\t\t\t\t\t\t<div class=\"post-hover-content\">\r\n\t\t\t\t\t\t<div class=\"entry-content\">\r\n\t<p>Meilensteine, Ver\u00e4nderungen und neue Kapitel \u00a0 Nach mehr als 41 Jahren...<\/p>\r\n<\/div>\r\n\t\t\t\t\t<\/div>\r\n\t\t\t\t\t\t\t\t\t\t\t\t\t<div class=\"post-meta-info style-1\"><span class=\"meta-date\"><a href=\"https:\/\/ruba-thermoplast.ch\/de\/meilensteine-veraenderungen-und-neue-kapitel\/\"><span class=\"entry-date\">26. Januar 2026<\/span><\/a><\/span>\r\n<\/div>\t\t\t\t\t\t\t<\/div>\r\n\t\t<\/div>\r\n\t\t\t\t\t<\/div>\r\n<\/article>\r\n<\/div><div class=\"grid-item metro-item  tp-col-lg-4 tp-col-md-6 tp-col-sm-12 tp-col-12  januar-2026  \"><article id=\"post-6418\" class=\"post-6418 post type-post status-publish format-standard has-post-thumbnail hentry category-januar-2026\">\r\n\t<div class=\"blog-list-content\">\r\n\t\t\t\t<div class=\"post-content-image\">\r\n\t\t\t<a href=\"https:\/\/ruba-thermoplast.ch\/de\/pcd-paris-2026-wir-freuen-uns-auf-ihren-besuch\/\">\r\n\t\t\t\t\t<div class=\"blog-featured-image  tp-cst-img-full img\">\r\n\t<span class=\"thumb-wrap\">\r\n\t\t<img decoding=\"async\" width=\"800\" height=\"800\" src=\"https:\/\/ruba-thermoplast.ch\/wp-content\/uploads\/2026\/01\/2-1024x1024.png\" class=\"attachment-large size-large\" alt=\"\" srcset=\"https:\/\/ruba-thermoplast.ch\/wp-content\/uploads\/2026\/01\/2-1024x1024.png 1024w, https:\/\/ruba-thermoplast.ch\/wp-content\/uploads\/2026\/01\/2-300x300.png 300w, https:\/\/ruba-thermoplast.ch\/wp-content\/uploads\/2026\/01\/2-150x150.png 150w, https:\/\/ruba-thermoplast.ch\/wp-content\/uploads\/2026\/01\/2-768x768.png 768w, https:\/\/ruba-thermoplast.ch\/wp-content\/uploads\/2026\/01\/2-1536x1536.png 1536w, https:\/\/ruba-thermoplast.ch\/wp-content\/uploads\/2026\/01\/2-2048x2048.png 2048w, https:\/\/ruba-thermoplast.ch\/wp-content\/uploads\/2026\/01\/2-12x12.png 12w, https:\/\/ruba-thermoplast.ch\/wp-content\/uploads\/2026\/01\/2-700x700.png 700w\" sizes=\"(max-width: 800px) 100vw, 800px\" \/>\t<\/span>\r\n\t<\/div>\r\n\t\t\t<\/a>\r\n\t\t\t\t\t<\/div>\r\n\t\t\t\t<div class=\"post-content-bottom\">\r\n\t\t\t\t\t\t<div class=\"post-metro-content\">\r\n\t\t\t\t<h3 class=\"post-title\">\r\n\t<a href=\"https:\/\/ruba-thermoplast.ch\/de\/pcd-paris-2026-wir-freuen-uns-auf-ihren-besuch\/\" class=\"keep-all\">PCD Paris 2026 \u2013 wir freuen...<\/a>\r\n<\/h3>\r\n\t\t\t\t\t\t\t\t\t<div class=\"post-hover-content\">\r\n\t\t\t\t\t\t<div class=\"entry-content\">\r\n\t<p>PCD Paris 2026 \u2013 wir freuen uns auf Ihren Besuch Wir...<\/p>\r\n<\/div>\r\n\t\t\t\t\t<\/div>\r\n\t\t\t\t\t\t\t\t\t\t\t\t\t<div class=\"post-meta-info style-1\"><span class=\"meta-date\"><a href=\"https:\/\/ruba-thermoplast.ch\/de\/pcd-paris-2026-wir-freuen-uns-auf-ihren-besuch\/\"><span class=\"entry-date\">26. Januar 2026<\/span><\/a><\/span>\r\n<\/div>\t\t\t\t\t\t\t<\/div>\r\n\t\t<\/div>\r\n\t\t\t\t\t<\/div>\r\n<\/article>\r\n<\/div><div class=\"grid-item metro-item  tp-col-lg-4 tp-col-md-6 tp-col-sm-12 tp-col-12  oktober-2025  \"><article id=\"post-6113\" class=\"post-6113 post type-post status-publish format-standard has-post-thumbnail hentry category-oktober-2025\">\r\n\t<div class=\"blog-list-content\">\r\n\t\t\t\t<div class=\"post-content-image\">\r\n\t\t\t<a href=\"https:\/\/ruba-thermoplast.ch\/de\/jeder-fuenfte-schraubverschluss-durch-solarstrom\/\">\r\n\t\t\t\t\t<div class=\"blog-featured-image  tp-cst-img-full img\">\r\n\t<span class=\"thumb-wrap\">\r\n\t\t<img loading=\"lazy\" decoding=\"async\" width=\"800\" height=\"800\" src=\"https:\/\/ruba-thermoplast.ch\/wp-content\/uploads\/2025\/09\/01_03_2025.jpg\" class=\"attachment-large size-large\" alt=\"\" srcset=\"https:\/\/ruba-thermoplast.ch\/wp-content\/uploads\/2025\/09\/01_03_2025.jpg 945w, https:\/\/ruba-thermoplast.ch\/wp-content\/uploads\/2025\/09\/01_03_2025-300x300.jpg 300w, https:\/\/ruba-thermoplast.ch\/wp-content\/uploads\/2025\/09\/01_03_2025-150x150.jpg 150w, https:\/\/ruba-thermoplast.ch\/wp-content\/uploads\/2025\/09\/01_03_2025-768x768.jpg 768w, https:\/\/ruba-thermoplast.ch\/wp-content\/uploads\/2025\/09\/01_03_2025-12x12.jpg 12w, https:\/\/ruba-thermoplast.ch\/wp-content\/uploads\/2025\/09\/01_03_2025-700x700.jpg 700w\" sizes=\"(max-width: 800px) 100vw, 800px\" \/>\t<\/span>\r\n\t<\/div>\r\n\t\t\t<\/a>\r\n\t\t\t\t\t<\/div>\r\n\t\t\t\t<div class=\"post-content-bottom\">\r\n\t\t\t\t\t\t<div class=\"post-metro-content\">\r\n\t\t\t\t<h3 class=\"post-title\">\r\n\t<a href=\"https:\/\/ruba-thermoplast.ch\/de\/jeder-fuenfte-schraubverschluss-durch-solarstrom\/\" class=\"keep-all\">Jeder f\u00fcnfte Schraubverschlu...<\/a>\r\n<\/h3>\r\n\t\t\t\t\t\t\t\t\t<div class=\"post-hover-content\">\r\n\t\t\t\t\t\t<div class=\"entry-content\">\r\n\t<p>Wir gestalten unseren Produktionsprozess noch gr\u00fcner.<\/p>\r\n<\/div>\r\n\t\t\t\t\t<\/div>\r\n\t\t\t\t\t\t\t\t\t\t\t\t\t<div class=\"post-meta-info style-1\"><span class=\"meta-date\"><a href=\"https:\/\/ruba-thermoplast.ch\/de\/jeder-fuenfte-schraubverschluss-durch-solarstrom\/\"><span class=\"entry-date\">1. September 2025<\/span><\/a><\/span>\r\n<\/div>\t\t\t\t\t\t\t<\/div>\r\n\t\t<\/div>\r\n\t\t\t\t\t<\/div>\r\n<\/article>\r\n<\/div><div class=\"grid-item metro-item  tp-col-lg-4 tp-col-md-6 tp-col-sm-12 tp-col-12  oktober-2025  \"><article id=\"post-5902\" class=\"post-5902 post type-post status-publish format-standard has-post-thumbnail hentry category-oktober-2025\">\r\n\t<div class=\"blog-list-content\">\r\n\t\t\t\t<div class=\"post-content-image\">\r\n\t\t\t<a href=\"https:\/\/ruba-thermoplast.ch\/de\/tauchen-sie-ein-ruba-thermoplast-360\/\">\r\n\t\t\t\t\t<div class=\"blog-featured-image  tp-cst-img-full img\">\r\n\t<span class=\"thumb-wrap\">\r\n\t\t<img loading=\"lazy\" decoding=\"async\" width=\"800\" height=\"800\" src=\"https:\/\/ruba-thermoplast.ch\/wp-content\/uploads\/2025\/09\/02_03_2025-1024x1024.png\" class=\"attachment-large size-large\" alt=\"\" srcset=\"https:\/\/ruba-thermoplast.ch\/wp-content\/uploads\/2025\/09\/02_03_2025-1024x1024.png 1024w, https:\/\/ruba-thermoplast.ch\/wp-content\/uploads\/2025\/09\/02_03_2025-300x300.png 300w, https:\/\/ruba-thermoplast.ch\/wp-content\/uploads\/2025\/09\/02_03_2025-150x150.png 150w, https:\/\/ruba-thermoplast.ch\/wp-content\/uploads\/2025\/09\/02_03_2025-768x768.png 768w\" sizes=\"(max-width: 800px) 100vw, 800px\" \/>\t<\/span>\r\n\t<\/div>\r\n\t\t\t<\/a>\r\n\t\t\t\t\t<\/div>\r\n\t\t\t\t<div class=\"post-content-bottom\">\r\n\t\t\t\t\t\t<div class=\"post-metro-content\">\r\n\t\t\t\t<h3 class=\"post-title\">\r\n\t<a href=\"https:\/\/ruba-thermoplast.ch\/de\/tauchen-sie-ein-ruba-thermoplast-360\/\" class=\"keep-all\">Tauchen Sie ein: RUBA Thermop...<\/a>\r\n<\/h3>\r\n\t\t\t\t\t\t\t\t\t<div class=\"post-hover-content\">\r\n\t\t\t\t\t\t<div class=\"entry-content\">\r\n\t<p>Sehen, klicken, staunen \u2013 Ihr virtueller Blick hinter die Kulissen!<\/p>\r\n<\/div>\r\n\t\t\t\t\t<\/div>\r\n\t\t\t\t\t\t\t\t\t\t\t\t\t<div class=\"post-meta-info style-1\"><span class=\"meta-date\"><a href=\"https:\/\/ruba-thermoplast.ch\/de\/tauchen-sie-ein-ruba-thermoplast-360\/\"><span class=\"entry-date\">1. September 2025<\/span><\/a><\/span>\r\n<\/div>\t\t\t\t\t\t\t<\/div>\r\n\t\t<\/div>\r\n\t\t\t\t\t<\/div>\r\n<\/article>\r\n<\/div><div class=\"grid-item metro-item  tp-col-lg-4 tp-col-md-6 tp-col-sm-12 tp-col-12  oktober-2025  \"><article id=\"post-5947\" class=\"post-5947 post type-post status-publish format-standard has-post-thumbnail hentry category-oktober-2025\">\r\n\t<div class=\"blog-list-content\">\r\n\t\t\t\t<div class=\"post-content-image\">\r\n\t\t\t<a href=\"https:\/\/ruba-thermoplast.ch\/de\/lehrlinge\/\">\r\n\t\t\t\t\t<div class=\"blog-featured-image  tp-cst-img-full img\">\r\n\t<span class=\"thumb-wrap\">\r\n\t\t<img loading=\"lazy\" decoding=\"async\" width=\"800\" height=\"800\" src=\"https:\/\/ruba-thermoplast.ch\/wp-content\/uploads\/2025\/09\/03_03_2025-1024x1024.png\" class=\"attachment-large size-large\" alt=\"\" srcset=\"https:\/\/ruba-thermoplast.ch\/wp-content\/uploads\/2025\/09\/03_03_2025-1024x1024.png 1024w, https:\/\/ruba-thermoplast.ch\/wp-content\/uploads\/2025\/09\/03_03_2025-300x300.png 300w, https:\/\/ruba-thermoplast.ch\/wp-content\/uploads\/2025\/09\/03_03_2025-150x150.png 150w, https:\/\/ruba-thermoplast.ch\/wp-content\/uploads\/2025\/09\/03_03_2025-768x768.png 768w, https:\/\/ruba-thermoplast.ch\/wp-content\/uploads\/2025\/09\/03_03_2025-1536x1536.png 1536w, https:\/\/ruba-thermoplast.ch\/wp-content\/uploads\/2025\/09\/03_03_2025-12x12.png 12w, https:\/\/ruba-thermoplast.ch\/wp-content\/uploads\/2025\/09\/03_03_2025-700x700.png 700w, https:\/\/ruba-thermoplast.ch\/wp-content\/uploads\/2025\/09\/03_03_2025.png 2000w\" sizes=\"(max-width: 800px) 100vw, 800px\" \/>\t<\/span>\r\n\t<\/div>\r\n\t\t\t<\/a>\r\n\t\t\t\t\t<\/div>\r\n\t\t\t\t<div class=\"post-content-bottom\">\r\n\t\t\t\t\t\t<div class=\"post-metro-content\">\r\n\t\t\t\t<h3 class=\"post-title\">\r\n\t<a href=\"https:\/\/ruba-thermoplast.ch\/de\/lehrlinge\/\" class=\"keep-all\">Zukunft gestalten durch Ausbi...<\/a>\r\n<\/h3>\r\n\t\t\t\t\t\t\t\t\t<div class=\"post-hover-content\">\r\n\t\t\t\t\t\t<div class=\"entry-content\">\r\n\t<p>Loredana und Finn: \nkreativ, frisch und voller Ideen! \n\n<\/p>\r\n<\/div>\r\n\t\t\t\t\t<\/div>\r\n\t\t\t\t\t\t\t\t\t\t\t\t\t<div class=\"post-meta-info style-1\"><span class=\"meta-date\"><a href=\"https:\/\/ruba-thermoplast.ch\/de\/lehrlinge\/\"><span class=\"entry-date\">1. September 2025<\/span><\/a><\/span>\r\n<\/div>\t\t\t\t\t\t\t<\/div>\r\n\t\t<\/div>\r\n\t\t\t\t\t<\/div>\r\n<\/article>\r\n<\/div><div class=\"grid-item metro-item  tp-col-lg-4 tp-col-md-6 tp-col-sm-12 tp-col-12  juni2025  \"><article id=\"post-5410\" class=\"post-5410 post type-post status-publish format-standard has-post-thumbnail hentry category-juni2025\">\r\n\t<div class=\"blog-list-content\">\r\n\t\t\t\t<div class=\"post-content-image\">\r\n\t\t\t<a href=\"https:\/\/ruba-thermoplast.ch\/de\/printed-by-ruba-small-details-big-impact\/\">\r\n\t\t\t\t\t<div class=\"blog-featured-image  tp-cst-img-full img\">\r\n\t<span class=\"thumb-wrap\">\r\n\t\t<img loading=\"lazy\" decoding=\"async\" width=\"800\" height=\"800\" src=\"https:\/\/ruba-thermoplast.ch\/wp-content\/uploads\/2025\/05\/Folie1.jpg\" class=\"attachment-large size-large\" alt=\"Printed by RUBA - small details \u2013 big impact\" srcset=\"https:\/\/ruba-thermoplast.ch\/wp-content\/uploads\/2025\/05\/Folie1.jpg 945w, https:\/\/ruba-thermoplast.ch\/wp-content\/uploads\/2025\/05\/Folie1-300x300.jpg 300w, https:\/\/ruba-thermoplast.ch\/wp-content\/uploads\/2025\/05\/Folie1-150x150.jpg 150w, https:\/\/ruba-thermoplast.ch\/wp-content\/uploads\/2025\/05\/Folie1-768x768.jpg 768w, https:\/\/ruba-thermoplast.ch\/wp-content\/uploads\/2025\/05\/Folie1-12x12.jpg 12w, https:\/\/ruba-thermoplast.ch\/wp-content\/uploads\/2025\/05\/Folie1-700x700.jpg 700w\" sizes=\"(max-width: 800px) 100vw, 800px\" \/>\t<\/span>\r\n\t<\/div>\r\n\t\t\t<\/a>\r\n\t\t\t\t\t<\/div>\r\n\t\t\t\t<div class=\"post-content-bottom\">\r\n\t\t\t\t\t\t<div class=\"post-metro-content\">\r\n\t\t\t\t<h3 class=\"post-title\">\r\n\t<a href=\"https:\/\/ruba-thermoplast.ch\/de\/printed-by-ruba-small-details-big-impact\/\" class=\"keep-all\">Printed by RUBA &#8211; small...<\/a>\r\n<\/h3>\r\n\t\t\t\t\t\t\t\t\t<div class=\"post-hover-content\">\r\n\t\t\t\t\t\t<div class=\"entry-content\">\r\n\t<p>Wir bedrucken unsere Verschl\u00fcsse \nmit Ihrem oder dem Logo\nIhres Kunden ein-...<\/p>\r\n<\/div>\r\n\t\t\t\t\t<\/div>\r\n\t\t\t\t\t\t\t\t\t\t\t\t\t<div class=\"post-meta-info style-1\"><span class=\"meta-date\"><a href=\"https:\/\/ruba-thermoplast.ch\/de\/printed-by-ruba-small-details-big-impact\/\"><span class=\"entry-date\">6. Juni 2025<\/span><\/a><\/span>\r\n<\/div>\t\t\t\t\t\t\t<\/div>\r\n\t\t<\/div>\r\n\t\t\t\t\t<\/div>\r\n<\/article>\r\n<\/div><div class=\"grid-item metro-item  tp-col-lg-4 tp-col-md-6 tp-col-sm-12 tp-col-12  juni2025  \"><article id=\"post-5441\" class=\"post-5441 post type-post status-publish format-standard has-post-thumbnail hentry category-juni2025\">\r\n\t<div class=\"blog-list-content\">\r\n\t\t\t\t<div class=\"post-content-image\">\r\n\t\t\t<a href=\"https:\/\/ruba-thermoplast.ch\/de\/unsere-artikel-im-ueberblick-alles-was-sie-wissen-muessen\/\">\r\n\t\t\t\t\t<div class=\"blog-featured-image  tp-cst-img-full img\">\r\n\t<span class=\"thumb-wrap\">\r\n\t\t<img loading=\"lazy\" decoding=\"async\" width=\"800\" height=\"800\" src=\"https:\/\/ruba-thermoplast.ch\/wp-content\/uploads\/2025\/05\/Folie2.jpg\" class=\"attachment-large size-large\" alt=\"\" srcset=\"https:\/\/ruba-thermoplast.ch\/wp-content\/uploads\/2025\/05\/Folie2.jpg 945w, https:\/\/ruba-thermoplast.ch\/wp-content\/uploads\/2025\/05\/Folie2-300x300.jpg 300w, https:\/\/ruba-thermoplast.ch\/wp-content\/uploads\/2025\/05\/Folie2-150x150.jpg 150w, https:\/\/ruba-thermoplast.ch\/wp-content\/uploads\/2025\/05\/Folie2-768x768.jpg 768w, https:\/\/ruba-thermoplast.ch\/wp-content\/uploads\/2025\/05\/Folie2-12x12.jpg 12w, https:\/\/ruba-thermoplast.ch\/wp-content\/uploads\/2025\/05\/Folie2-700x700.jpg 700w\" sizes=\"(max-width: 800px) 100vw, 800px\" \/>\t<\/span>\r\n\t<\/div>\r\n\t\t\t<\/a>\r\n\t\t\t\t\t<\/div>\r\n\t\t\t\t<div class=\"post-content-bottom\">\r\n\t\t\t\t\t\t<div class=\"post-metro-content\">\r\n\t\t\t\t<h3 class=\"post-title\">\r\n\t<a href=\"https:\/\/ruba-thermoplast.ch\/de\/unsere-artikel-im-ueberblick-alles-was-sie-wissen-muessen\/\" class=\"keep-all\">Unsere Artikel im \u00dcberblick:...<\/a>\r\n<\/h3>\r\n\t\t\t\t\t\t\t\t\t<div class=\"post-hover-content\">\r\n\t\t\t\t\t\t<div class=\"entry-content\">\r\n\t<p>Downloaden Sie den Flyer \nund erfahren Sie noch mehr\n\u00fcber unsere Schraubverschl\u00fcsse!\n<\/p>\r\n<\/div>\r\n\t\t\t\t\t<\/div>\r\n\t\t\t\t\t\t\t\t\t\t\t\t\t<div class=\"post-meta-info style-1\"><span class=\"meta-date\"><a href=\"https:\/\/ruba-thermoplast.ch\/de\/unsere-artikel-im-ueberblick-alles-was-sie-wissen-muessen\/\"><span class=\"entry-date\">5. Juni 2025<\/span><\/a><\/span>\r\n<\/div>\t\t\t\t\t\t\t<\/div>\r\n\t\t<\/div>\r\n\t\t\t\t\t<\/div>\r\n<\/article>\r\n<\/div><div class=\"grid-item metro-item  tp-col-lg-4 tp-col-md-6 tp-col-sm-12 tp-col-12  juni2025  \"><article id=\"post-5472\" class=\"post-5472 post type-post status-publish format-standard has-post-thumbnail hentry category-juni2025\">\r\n\t<div class=\"blog-list-content\">\r\n\t\t\t\t<div class=\"post-content-image\">\r\n\t\t\t<a href=\"https:\/\/ruba-thermoplast.ch\/de\/eelke-stoll-unser-produktionsleiter\/\">\r\n\t\t\t\t\t<div class=\"blog-featured-image  tp-cst-img-full img\">\r\n\t<span class=\"thumb-wrap\">\r\n\t\t<img loading=\"lazy\" decoding=\"async\" width=\"800\" height=\"800\" src=\"https:\/\/ruba-thermoplast.ch\/wp-content\/uploads\/2025\/06\/Folie-ES.jpg\" class=\"attachment-large size-large\" alt=\"Unser Produktionsleiter, Herr Eelke Stoll, feiert sein 15-j\u00e4hriges irmenjubil\u00e4um.\" srcset=\"https:\/\/ruba-thermoplast.ch\/wp-content\/uploads\/2025\/06\/Folie-ES.jpg 945w, https:\/\/ruba-thermoplast.ch\/wp-content\/uploads\/2025\/06\/Folie-ES-300x300.jpg 300w, https:\/\/ruba-thermoplast.ch\/wp-content\/uploads\/2025\/06\/Folie-ES-150x150.jpg 150w, https:\/\/ruba-thermoplast.ch\/wp-content\/uploads\/2025\/06\/Folie-ES-768x768.jpg 768w, https:\/\/ruba-thermoplast.ch\/wp-content\/uploads\/2025\/06\/Folie-ES-12x12.jpg 12w, https:\/\/ruba-thermoplast.ch\/wp-content\/uploads\/2025\/06\/Folie-ES-700x700.jpg 700w\" sizes=\"(max-width: 800px) 100vw, 800px\" \/>\t<\/span>\r\n\t<\/div>\r\n\t\t\t<\/a>\r\n\t\t\t\t\t<\/div>\r\n\t\t\t\t<div class=\"post-content-bottom\">\r\n\t\t\t\t\t\t<div class=\"post-metro-content\">\r\n\t\t\t\t<h3 class=\"post-title\">\r\n\t<a href=\"https:\/\/ruba-thermoplast.ch\/de\/eelke-stoll-unser-produktionsleiter\/\" class=\"keep-all\">Eelke Stoll, unser Produktion...<\/a>\r\n<\/h3>\r\n\t\t\t\t\t\t\t\t\t<div class=\"post-hover-content\">\r\n\t\t\t\t\t\t<div class=\"entry-content\">\r\n\t<p>Unser Produktionsleiter feiert dieses Jahr sein Dienstjubil\u00e4um.<\/p>\r\n<\/div>\r\n\t\t\t\t\t<\/div>\r\n\t\t\t\t\t\t\t\t\t\t\t\t\t<div class=\"post-meta-info style-1\"><span class=\"meta-date\"><a href=\"https:\/\/ruba-thermoplast.ch\/de\/eelke-stoll-unser-produktionsleiter\/\"><span class=\"entry-date\">4. Juni 2025<\/span><\/a><\/span>\r\n<\/div>\t\t\t\t\t\t\t<\/div>\r\n\t\t<\/div>\r\n\t\t\t\t\t<\/div>\r\n<\/article>\r\n<\/div><div class=\"grid-item metro-item  tp-col-lg-4 tp-col-md-6 tp-col-sm-12 tp-col-12  april-2025  \"><article id=\"post-5268\" class=\"post-5268 post type-post status-publish format-standard has-post-thumbnail hentry category-april-2025\">\r\n\t<div class=\"blog-list-content\">\r\n\t\t\t\t<div class=\"post-content-image\">\r\n\t\t\t<a href=\"https:\/\/ruba-thermoplast.ch\/de\/neuer-schraubverschluss-fuer-lipbalm-tuben\/\">\r\n\t\t\t\t\t<div class=\"blog-featured-image  tp-cst-img-full img\">\r\n\t<span class=\"thumb-wrap\">\r\n\t\t<img loading=\"lazy\" decoding=\"async\" width=\"800\" height=\"800\" src=\"https:\/\/ruba-thermoplast.ch\/wp-content\/uploads\/2025\/04\/Folie1.jpg\" class=\"attachment-large size-large\" alt=\"L-181562\" srcset=\"https:\/\/ruba-thermoplast.ch\/wp-content\/uploads\/2025\/04\/Folie1.jpg 945w, https:\/\/ruba-thermoplast.ch\/wp-content\/uploads\/2025\/04\/Folie1-300x300.jpg 300w, https:\/\/ruba-thermoplast.ch\/wp-content\/uploads\/2025\/04\/Folie1-150x150.jpg 150w, https:\/\/ruba-thermoplast.ch\/wp-content\/uploads\/2025\/04\/Folie1-768x768.jpg 768w, https:\/\/ruba-thermoplast.ch\/wp-content\/uploads\/2025\/04\/Folie1-12x12.jpg 12w, https:\/\/ruba-thermoplast.ch\/wp-content\/uploads\/2025\/04\/Folie1-700x700.jpg 700w\" sizes=\"(max-width: 800px) 100vw, 800px\" \/>\t<\/span>\r\n\t<\/div>\r\n\t\t\t<\/a>\r\n\t\t\t\t\t<\/div>\r\n\t\t\t\t<div class=\"post-content-bottom\">\r\n\t\t\t\t\t\t<div class=\"post-metro-content\">\r\n\t\t\t\t<h3 class=\"post-title\">\r\n\t<a href=\"https:\/\/ruba-thermoplast.ch\/de\/neuer-schraubverschluss-fuer-lipbalm-tuben\/\" class=\"keep-all\">Neuer Schraubverschluss f\u00fcr ...<\/a>\r\n<\/h3>\r\n\t\t\t\t\t\t\t\t\t<div class=\"post-hover-content\">\r\n\t\t\t\t\t\t<div class=\"entry-content\">\r\n\t<p>Der neue Schraubverschluss f\u00fcr Lipbalm Tuben \u00d819mm ist ab sofort verf\u00fcgbar.<\/p>\r\n<\/div>\r\n\t\t\t\t\t<\/div>\r\n\t\t\t\t\t\t\t\t\t\t\t\t\t<div class=\"post-meta-info style-1\"><span class=\"meta-date\"><a href=\"https:\/\/ruba-thermoplast.ch\/de\/neuer-schraubverschluss-fuer-lipbalm-tuben\/\"><span class=\"entry-date\">4. April 2025<\/span><\/a><\/span>\r\n<\/div>\t\t\t\t\t\t\t<\/div>\r\n\t\t<\/div>\r\n\t\t\t\t\t<\/div>\r\n<\/article>\r\n<\/div><div class=\"grid-item metro-item  tp-col-lg-4 tp-col-md-6 tp-col-sm-12 tp-col-12  april-2025  \"><article id=\"post-5276\" class=\"post-5276 post type-post status-publish format-standard has-post-thumbnail hentry category-april-2025\">\r\n\t<div class=\"blog-list-content\">\r\n\t\t\t\t<div class=\"post-content-image\">\r\n\t\t\t<a href=\"https:\/\/ruba-thermoplast.ch\/de\/recyclass-recycled-plastics-traceability\/\">\r\n\t\t\t\t\t<div class=\"blog-featured-image  tp-cst-img-full img\">\r\n\t<span class=\"thumb-wrap\">\r\n\t\t<img loading=\"lazy\" decoding=\"async\" width=\"800\" height=\"800\" src=\"https:\/\/ruba-thermoplast.ch\/wp-content\/uploads\/2025\/04\/Folie2.jpg\" class=\"attachment-large size-large\" alt=\"\" srcset=\"https:\/\/ruba-thermoplast.ch\/wp-content\/uploads\/2025\/04\/Folie2.jpg 945w, https:\/\/ruba-thermoplast.ch\/wp-content\/uploads\/2025\/04\/Folie2-300x300.jpg 300w, https:\/\/ruba-thermoplast.ch\/wp-content\/uploads\/2025\/04\/Folie2-150x150.jpg 150w, https:\/\/ruba-thermoplast.ch\/wp-content\/uploads\/2025\/04\/Folie2-768x768.jpg 768w, https:\/\/ruba-thermoplast.ch\/wp-content\/uploads\/2025\/04\/Folie2-12x12.jpg 12w, https:\/\/ruba-thermoplast.ch\/wp-content\/uploads\/2025\/04\/Folie2-700x700.jpg 700w\" sizes=\"(max-width: 800px) 100vw, 800px\" \/>\t<\/span>\r\n\t<\/div>\r\n\t\t\t<\/a>\r\n\t\t\t\t\t<\/div>\r\n\t\t\t\t<div class=\"post-content-bottom\">\r\n\t\t\t\t\t\t<div class=\"post-metro-content\">\r\n\t\t\t\t<h3 class=\"post-title\">\r\n\t<a href=\"https:\/\/ruba-thermoplast.ch\/de\/recyclass-recycled-plastics-traceability\/\" class=\"keep-all\">RecyClass &#8211; Recycled Pl...<\/a>\r\n<\/h3>\r\n\t\t\t\t\t\t\t\t\t<div class=\"post-hover-content\">\r\n\t\t\t\t\t\t<div class=\"entry-content\">\r\n\t<p>Wir sind seit dem 13. M\u00e4rz 2025 offiziell \tRecyClass zertifiziert! <\/p>\r\n<\/div>\r\n\t\t\t\t\t<\/div>\r\n\t\t\t\t\t\t\t\t\t\t\t\t\t<div class=\"post-meta-info style-1\"><span class=\"meta-date\"><a href=\"https:\/\/ruba-thermoplast.ch\/de\/recyclass-recycled-plastics-traceability\/\"><span class=\"entry-date\">4. April 2025<\/span><\/a><\/span>\r\n<\/div>\t\t\t\t\t\t\t<\/div>\r\n\t\t<\/div>\r\n\t\t\t\t\t<\/div>\r\n<\/article>\r\n<\/div><div class=\"grid-item metro-item  tp-col-lg-4 tp-col-md-6 tp-col-sm-12 tp-col-12  april-2025  \"><article id=\"post-5289\" class=\"post-5289 post type-post status-publish format-standard has-post-thumbnail hentry category-april-2025\">\r\n\t<div class=\"blog-list-content\">\r\n\t\t\t\t<div class=\"post-content-image\">\r\n\t\t\t<a href=\"https:\/\/ruba-thermoplast.ch\/de\/herzlichen-glueckwunsch-zum-15-jaehrigen-jubilaeum\/\">\r\n\t\t\t\t\t<div class=\"blog-featured-image  tp-cst-img-full img\">\r\n\t<span class=\"thumb-wrap\">\r\n\t\t<img loading=\"lazy\" decoding=\"async\" width=\"800\" height=\"800\" src=\"https:\/\/ruba-thermoplast.ch\/wp-content\/uploads\/2025\/04\/Folie3.jpg\" class=\"attachment-large size-large\" alt=\"3. Herzlichen Gl\u00fcckwunsch zum 15-j\u00e4hrigen Jubil\u00e4um\" srcset=\"https:\/\/ruba-thermoplast.ch\/wp-content\/uploads\/2025\/04\/Folie3.jpg 945w, https:\/\/ruba-thermoplast.ch\/wp-content\/uploads\/2025\/04\/Folie3-300x300.jpg 300w, https:\/\/ruba-thermoplast.ch\/wp-content\/uploads\/2025\/04\/Folie3-150x150.jpg 150w, https:\/\/ruba-thermoplast.ch\/wp-content\/uploads\/2025\/04\/Folie3-768x768.jpg 768w, https:\/\/ruba-thermoplast.ch\/wp-content\/uploads\/2025\/04\/Folie3-12x12.jpg 12w, https:\/\/ruba-thermoplast.ch\/wp-content\/uploads\/2025\/04\/Folie3-700x700.jpg 700w\" sizes=\"(max-width: 800px) 100vw, 800px\" \/>\t<\/span>\r\n\t<\/div>\r\n\t\t\t<\/a>\r\n\t\t\t\t\t<\/div>\r\n\t\t\t\t<div class=\"post-content-bottom\">\r\n\t\t\t\t\t\t<div class=\"post-metro-content\">\r\n\t\t\t\t<h3 class=\"post-title\">\r\n\t<a href=\"https:\/\/ruba-thermoplast.ch\/de\/herzlichen-glueckwunsch-zum-15-jaehrigen-jubilaeum\/\" class=\"keep-all\">Herzlichen Gl\u00fcckwunsch zum 1...<\/a>\r\n<\/h3>\r\n\t\t\t\t\t\t\t\t\t<div class=\"post-hover-content\">\r\n\t\t\t\t\t\t<div class=\"entry-content\">\r\n\t<p>Unsere gesch\u00e4tzte Mitarbeiterin, Frau Miroslava Spisiak feierte Jubil\u00e4um. <\/p>\r\n<\/div>\r\n\t\t\t\t\t<\/div>\r\n\t\t\t\t\t\t\t\t\t\t\t\t\t<div class=\"post-meta-info style-1\"><span class=\"meta-date\"><a href=\"https:\/\/ruba-thermoplast.ch\/de\/herzlichen-glueckwunsch-zum-15-jaehrigen-jubilaeum\/\"><span class=\"entry-date\">4. April 2025<\/span><\/a><\/span>\r\n<\/div>\t\t\t\t\t\t\t<\/div>\r\n\t\t<\/div>\r\n\t\t\t\t\t<\/div>\r\n<\/article>\r\n<\/div><div class=\"grid-item metro-item  tp-col-lg-4 tp-col-md-6 tp-col-sm-12 tp-col-12  dezember-2024  \"><article id=\"post-4809\" class=\"post-4809 post type-post status-publish format-standard has-post-thumbnail hentry category-dezember-2024\">\r\n\t<div class=\"blog-list-content\">\r\n\t\t\t\t<div class=\"post-content-image\">\r\n\t\t\t<a href=\"https:\/\/ruba-thermoplast.ch\/de\/neue-24-spritzugussform-deluxe-o35mm\/\">\r\n\t\t\t\t\t<div class=\"blog-featured-image  tp-cst-img-full img\">\r\n\t<span class=\"thumb-wrap\">\r\n\t\t<img loading=\"lazy\" decoding=\"async\" width=\"756\" height=\"756\" src=\"https:\/\/ruba-thermoplast.ch\/wp-content\/uploads\/2024\/12\/2024_03_1.jpg\" class=\"attachment-large size-large\" alt=\"\" srcset=\"https:\/\/ruba-thermoplast.ch\/wp-content\/uploads\/2024\/12\/2024_03_1.jpg 756w, https:\/\/ruba-thermoplast.ch\/wp-content\/uploads\/2024\/12\/2024_03_1-300x300.jpg 300w, https:\/\/ruba-thermoplast.ch\/wp-content\/uploads\/2024\/12\/2024_03_1-150x150.jpg 150w, https:\/\/ruba-thermoplast.ch\/wp-content\/uploads\/2024\/12\/2024_03_1-12x12.jpg 12w, https:\/\/ruba-thermoplast.ch\/wp-content\/uploads\/2024\/12\/2024_03_1-700x700.jpg 700w\" sizes=\"(max-width: 756px) 100vw, 756px\" \/>\t<\/span>\r\n\t<\/div>\r\n\t\t\t<\/a>\r\n\t\t\t\t\t<\/div>\r\n\t\t\t\t<div class=\"post-content-bottom\">\r\n\t\t\t\t\t\t<div class=\"post-metro-content\">\r\n\t\t\t\t<h3 class=\"post-title\">\r\n\t<a href=\"https:\/\/ruba-thermoplast.ch\/de\/neue-24-spritzugussform-deluxe-o35mm\/\" class=\"keep-all\">Neue 24-Spritzugussform Delux...<\/a>\r\n<\/h3>\r\n\t\t\t\t\t\t\t\t\t<div class=\"post-hover-content\">\r\n\t\t\t\t\t\t<div class=\"entry-content\">\r\n\t<p>Neue 24-fach Kavit\u00e4ten Spritzgussform f\u00fcr Deluxe Verschl\u00fcsse \u00d835mm<\/p>\r\n<\/div>\r\n\t\t\t\t\t<\/div>\r\n\t\t\t\t\t\t\t\t\t\t\t\t\t<div class=\"post-meta-info style-1\"><span class=\"meta-date\"><a href=\"https:\/\/ruba-thermoplast.ch\/de\/neue-24-spritzugussform-deluxe-o35mm\/\"><span class=\"entry-date\">11. Dezember 2024<\/span><\/a><\/span>\r\n<\/div>\t\t\t\t\t\t\t<\/div>\r\n\t\t<\/div>\r\n\t\t\t\t\t<\/div>\r\n<\/article>\r\n<\/div><div class=\"grid-item metro-item  tp-col-lg-4 tp-col-md-6 tp-col-sm-12 tp-col-12  dezember-2024  \"><article id=\"post-4827\" class=\"post-4827 post type-post status-publish format-standard has-post-thumbnail hentry category-dezember-2024\">\r\n\t<div class=\"blog-list-content\">\r\n\t\t\t\t<div class=\"post-content-image\">\r\n\t\t\t<a href=\"https:\/\/ruba-thermoplast.ch\/de\/portfolio-erweitern-ohne-budgets-anzutasten\/\">\r\n\t\t\t\t\t<div class=\"blog-featured-image  tp-cst-img-full img\">\r\n\t<span class=\"thumb-wrap\">\r\n\t\t<img loading=\"lazy\" decoding=\"async\" width=\"756\" height=\"756\" src=\"https:\/\/ruba-thermoplast.ch\/wp-content\/uploads\/2024\/12\/2024_03_2.jpg\" class=\"attachment-large size-large\" alt=\"\" srcset=\"https:\/\/ruba-thermoplast.ch\/wp-content\/uploads\/2024\/12\/2024_03_2.jpg 756w, https:\/\/ruba-thermoplast.ch\/wp-content\/uploads\/2024\/12\/2024_03_2-300x300.jpg 300w, https:\/\/ruba-thermoplast.ch\/wp-content\/uploads\/2024\/12\/2024_03_2-150x150.jpg 150w, https:\/\/ruba-thermoplast.ch\/wp-content\/uploads\/2024\/12\/2024_03_2-12x12.jpg 12w, https:\/\/ruba-thermoplast.ch\/wp-content\/uploads\/2024\/12\/2024_03_2-700x700.jpg 700w\" sizes=\"(max-width: 756px) 100vw, 756px\" \/>\t<\/span>\r\n\t<\/div>\r\n\t\t\t<\/a>\r\n\t\t\t\t\t<\/div>\r\n\t\t\t\t<div class=\"post-content-bottom\">\r\n\t\t\t\t\t\t<div class=\"post-metro-content\">\r\n\t\t\t\t<h3 class=\"post-title\">\r\n\t<a href=\"https:\/\/ruba-thermoplast.ch\/de\/portfolio-erweitern-ohne-budgets-anzutasten\/\" class=\"keep-all\">Portfolio erweitern, ohne Bud...<\/a>\r\n<\/h3>\r\n\t\t\t\t\t\t\t\t\t<div class=\"post-hover-content\">\r\n\t\t\t\t\t\t<div class=\"entry-content\">\r\n\t<p>Vier neue Verschl\u00fcsse aus der Linie Deluxe und Deluxe odo ...<\/p>\r\n<\/div>\r\n\t\t\t\t\t<\/div>\r\n\t\t\t\t\t\t\t\t\t\t\t\t\t<div class=\"post-meta-info style-1\"><span class=\"meta-date\"><a href=\"https:\/\/ruba-thermoplast.ch\/de\/portfolio-erweitern-ohne-budgets-anzutasten\/\"><span class=\"entry-date\">10. Dezember 2024<\/span><\/a><\/span>\r\n<\/div>\t\t\t\t\t\t\t<\/div>\r\n\t\t<\/div>\r\n\t\t\t\t\t<\/div>\r\n<\/article>\r\n<\/div><div class=\"grid-item metro-item  tp-col-lg-4 tp-col-md-6 tp-col-sm-12 tp-col-12  dezember-2024  \"><article id=\"post-4843\" class=\"post-4843 post type-post status-publish format-standard has-post-thumbnail hentry category-dezember-2024\">\r\n\t<div class=\"blog-list-content\">\r\n\t\t\t\t<div class=\"post-content-image\">\r\n\t\t\t<a href=\"https:\/\/ruba-thermoplast.ch\/de\/die-naechste-pcd-messe-in-paris-steht-vor-der-tuer\/\">\r\n\t\t\t\t\t<div class=\"blog-featured-image  tp-cst-img-full img\">\r\n\t<span class=\"thumb-wrap\">\r\n\t\t<img loading=\"lazy\" decoding=\"async\" width=\"756\" height=\"756\" src=\"https:\/\/ruba-thermoplast.ch\/wp-content\/uploads\/2024\/12\/2024_03_3.jpg\" class=\"attachment-large size-large\" alt=\"\" srcset=\"https:\/\/ruba-thermoplast.ch\/wp-content\/uploads\/2024\/12\/2024_03_3.jpg 756w, https:\/\/ruba-thermoplast.ch\/wp-content\/uploads\/2024\/12\/2024_03_3-300x300.jpg 300w, https:\/\/ruba-thermoplast.ch\/wp-content\/uploads\/2024\/12\/2024_03_3-150x150.jpg 150w, https:\/\/ruba-thermoplast.ch\/wp-content\/uploads\/2024\/12\/2024_03_3-12x12.jpg 12w, https:\/\/ruba-thermoplast.ch\/wp-content\/uploads\/2024\/12\/2024_03_3-700x700.jpg 700w\" sizes=\"(max-width: 756px) 100vw, 756px\" \/>\t<\/span>\r\n\t<\/div>\r\n\t\t\t<\/a>\r\n\t\t\t\t\t<\/div>\r\n\t\t\t\t<div class=\"post-content-bottom\">\r\n\t\t\t\t\t\t<div class=\"post-metro-content\">\r\n\t\t\t\t<h3 class=\"post-title\">\r\n\t<a href=\"https:\/\/ruba-thermoplast.ch\/de\/die-naechste-pcd-messe-in-paris-steht-vor-der-tuer\/\" class=\"keep-all\">Die n\u00e4chste PCD Messe in Par...<\/a>\r\n<\/h3>\r\n\t\t\t\t\t\t\t\t\t<div class=\"post-hover-content\">\r\n\t\t\t\t\t\t<div class=\"entry-content\">\r\n\t<p>Wir freuen uns, Ihnen mitteilen zu k\u00f6nnen, dass wir zum 9....<\/p>\r\n<\/div>\r\n\t\t\t\t\t<\/div>\r\n\t\t\t\t\t\t\t\t\t\t\t\t\t<div class=\"post-meta-info style-1\"><span class=\"meta-date\"><a href=\"https:\/\/ruba-thermoplast.ch\/de\/die-naechste-pcd-messe-in-paris-steht-vor-der-tuer\/\"><span class=\"entry-date\">9. Dezember 2024<\/span><\/a><\/span>\r\n<\/div>\t\t\t\t\t\t\t<\/div>\r\n\t\t<\/div>\r\n\t\t\t\t\t<\/div>\r\n<\/article>\r\n<\/div><div class=\"grid-item metro-item  tp-col-lg-4 tp-col-md-6 tp-col-sm-12 tp-col-12  oktober-2024  \"><article id=\"post-4593\" class=\"post-4593 post type-post status-publish format-standard has-post-thumbnail hentry category-oktober-2024\">\r\n\t<div class=\"blog-list-content\">\r\n\t\t\t\t<div class=\"post-content-image\">\r\n\t\t\t<a href=\"https:\/\/ruba-thermoplast.ch\/de\/verschluesse-fuer-ihre-lippenbalsam-tuben\/\">\r\n\t\t\t\t\t<div class=\"blog-featured-image  tp-cst-img-full img\">\r\n\t<span class=\"thumb-wrap\">\r\n\t\t<img loading=\"lazy\" decoding=\"async\" width=\"800\" height=\"802\" src=\"https:\/\/ruba-thermoplast.ch\/wp-content\/uploads\/2024\/09\/2024_02_Lip_Balm.png\" class=\"attachment-large size-large\" alt=\"\" srcset=\"https:\/\/ruba-thermoplast.ch\/wp-content\/uploads\/2024\/09\/2024_02_Lip_Balm.png 928w, https:\/\/ruba-thermoplast.ch\/wp-content\/uploads\/2024\/09\/2024_02_Lip_Balm-300x300.png 300w, https:\/\/ruba-thermoplast.ch\/wp-content\/uploads\/2024\/09\/2024_02_Lip_Balm-150x150.png 150w, https:\/\/ruba-thermoplast.ch\/wp-content\/uploads\/2024\/09\/2024_02_Lip_Balm-768x770.png 768w, https:\/\/ruba-thermoplast.ch\/wp-content\/uploads\/2024\/09\/2024_02_Lip_Balm-12x12.png 12w\" sizes=\"(max-width: 800px) 100vw, 800px\" \/>\t<\/span>\r\n\t<\/div>\r\n\t\t\t<\/a>\r\n\t\t\t\t\t<\/div>\r\n\t\t\t\t<div class=\"post-content-bottom\">\r\n\t\t\t\t\t\t<div class=\"post-metro-content\">\r\n\t\t\t\t<h3 class=\"post-title\">\r\n\t<a href=\"https:\/\/ruba-thermoplast.ch\/de\/verschluesse-fuer-ihre-lippenbalsam-tuben\/\" class=\"keep-all\">Verschl\u00fcsse f\u00fcr Ihre Lippen...<\/a>\r\n<\/h3>\r\n\t\t\t\t\t\t\t\t\t<div class=\"post-hover-content\">\r\n\t\t\t\t\t\t<div class=\"entry-content\">\r\n\t<p>RUBA Lip-Balm Verschl\u00fcsse &#8211; dezent und elegant! Kennen Sie unsere Verschl\u00fcsse...<\/p>\r\n<\/div>\r\n\t\t\t\t\t<\/div>\r\n\t\t\t\t\t\t\t\t\t\t\t\t\t<div class=\"post-meta-info style-1\"><span class=\"meta-date\"><a href=\"https:\/\/ruba-thermoplast.ch\/de\/verschluesse-fuer-ihre-lippenbalsam-tuben\/\"><span class=\"entry-date\">3. Oktober 2024<\/span><\/a><\/span>\r\n<\/div>\t\t\t\t\t\t\t<\/div>\r\n\t\t<\/div>\r\n\t\t\t\t\t<\/div>\r\n<\/article>\r\n<\/div><div class=\"grid-item metro-item  tp-col-lg-4 tp-col-md-6 tp-col-sm-12 tp-col-12  oktober-2024  \"><article id=\"post-4705\" class=\"post-4705 post type-post status-publish format-standard has-post-thumbnail hentry category-oktober-2024\">\r\n\t<div class=\"blog-list-content\">\r\n\t\t\t\t<div class=\"post-content-image\">\r\n\t\t\t<a href=\"https:\/\/ruba-thermoplast.ch\/de\/neue-sgm\/\">\r\n\t\t\t\t\t<div class=\"blog-featured-image  tp-cst-img-full img\">\r\n\t<span class=\"thumb-wrap\">\r\n\t\t<img loading=\"lazy\" decoding=\"async\" width=\"800\" height=\"801\" src=\"https:\/\/ruba-thermoplast.ch\/wp-content\/uploads\/2024\/09\/2024_02_Neue_SGM.png\" class=\"attachment-large size-large\" alt=\"\" srcset=\"https:\/\/ruba-thermoplast.ch\/wp-content\/uploads\/2024\/09\/2024_02_Neue_SGM.png 932w, https:\/\/ruba-thermoplast.ch\/wp-content\/uploads\/2024\/09\/2024_02_Neue_SGM-300x300.png 300w, https:\/\/ruba-thermoplast.ch\/wp-content\/uploads\/2024\/09\/2024_02_Neue_SGM-150x150.png 150w, https:\/\/ruba-thermoplast.ch\/wp-content\/uploads\/2024\/09\/2024_02_Neue_SGM-768x769.png 768w, https:\/\/ruba-thermoplast.ch\/wp-content\/uploads\/2024\/09\/2024_02_Neue_SGM-12x12.png 12w, https:\/\/ruba-thermoplast.ch\/wp-content\/uploads\/2024\/09\/2024_02_Neue_SGM-700x700.png 700w\" sizes=\"(max-width: 800px) 100vw, 800px\" \/>\t<\/span>\r\n\t<\/div>\r\n\t\t\t<\/a>\r\n\t\t\t\t\t<\/div>\r\n\t\t\t\t<div class=\"post-content-bottom\">\r\n\t\t\t\t\t\t<div class=\"post-metro-content\">\r\n\t\t\t\t<h3 class=\"post-title\">\r\n\t<a href=\"https:\/\/ruba-thermoplast.ch\/de\/neue-sgm\/\" class=\"keep-all\">Vollelektrischen Spritzgussma...<\/a>\r\n<\/h3>\r\n\t\t\t\t\t\t\t\t\t<div class=\"post-hover-content\">\r\n\t\t\t\t\t\t<div class=\"entry-content\">\r\n\t<p>Neue vollelektrische Spritzgussmaschinen Wir freuen uns, Ihnen mitteilen zu k\u00f6nnen, <\/p>\r\n<\/div>\r\n\t\t\t\t\t<\/div>\r\n\t\t\t\t\t\t\t\t\t\t\t\t\t<div class=\"post-meta-info style-1\"><span class=\"meta-date\"><a href=\"https:\/\/ruba-thermoplast.ch\/de\/neue-sgm\/\"><span class=\"entry-date\">2. Oktober 2024<\/span><\/a><\/span>\r\n<\/div>\t\t\t\t\t\t\t<\/div>\r\n\t\t<\/div>\r\n\t\t\t\t\t<\/div>\r\n<\/article>\r\n<\/div><div class=\"grid-item metro-item  tp-col-lg-4 tp-col-md-6 tp-col-sm-12 tp-col-12  oktober-2024  \"><article id=\"post-4728\" class=\"post-4728 post type-post status-publish format-standard has-post-thumbnail hentry category-oktober-2024\">\r\n\t<div class=\"blog-list-content\">\r\n\t\t\t\t<div class=\"post-content-image\">\r\n\t\t\t<a href=\"https:\/\/ruba-thermoplast.ch\/de\/neuer-lernender-im-betrieb-willkommen-ludwig\/\">\r\n\t\t\t\t\t<div class=\"blog-featured-image  tp-cst-img-full img\">\r\n\t<span class=\"thumb-wrap\">\r\n\t\t<img loading=\"lazy\" decoding=\"async\" width=\"800\" height=\"798\" src=\"https:\/\/ruba-thermoplast.ch\/wp-content\/uploads\/2024\/09\/2024_02_Neuer_Lehrling.png\" class=\"attachment-large size-large\" alt=\"\" srcset=\"https:\/\/ruba-thermoplast.ch\/wp-content\/uploads\/2024\/09\/2024_02_Neuer_Lehrling.png 932w, https:\/\/ruba-thermoplast.ch\/wp-content\/uploads\/2024\/09\/2024_02_Neuer_Lehrling-300x300.png 300w, https:\/\/ruba-thermoplast.ch\/wp-content\/uploads\/2024\/09\/2024_02_Neuer_Lehrling-150x150.png 150w, https:\/\/ruba-thermoplast.ch\/wp-content\/uploads\/2024\/09\/2024_02_Neuer_Lehrling-768x766.png 768w, https:\/\/ruba-thermoplast.ch\/wp-content\/uploads\/2024\/09\/2024_02_Neuer_Lehrling-12x12.png 12w\" sizes=\"(max-width: 800px) 100vw, 800px\" \/>\t<\/span>\r\n\t<\/div>\r\n\t\t\t<\/a>\r\n\t\t\t\t\t<\/div>\r\n\t\t\t\t<div class=\"post-content-bottom\">\r\n\t\t\t\t\t\t<div class=\"post-metro-content\">\r\n\t\t\t\t<h3 class=\"post-title\">\r\n\t<a href=\"https:\/\/ruba-thermoplast.ch\/de\/neuer-lernender-im-betrieb-willkommen-ludwig\/\" class=\"keep-all\">Neuer Lernender im Betrieb: W...<\/a>\r\n<\/h3>\r\n\t\t\t\t\t\t\t\t\t<div class=\"post-hover-content\">\r\n\t\t\t\t\t\t<div class=\"entry-content\">\r\n\t<p>Neuer Lernender im Betrieb: Willkommen, Ludwig! Im August durften wir einen...<\/p>\r\n<\/div>\r\n\t\t\t\t\t<\/div>\r\n\t\t\t\t\t\t\t\t\t\t\t\t\t<div class=\"post-meta-info style-1\"><span class=\"meta-date\"><a href=\"https:\/\/ruba-thermoplast.ch\/de\/neuer-lernender-im-betrieb-willkommen-ludwig\/\"><span class=\"entry-date\">1. Oktober 2024<\/span><\/a><\/span>\r\n<\/div>\t\t\t\t\t\t\t<\/div>\r\n\t\t<\/div>\r\n\t\t\t\t\t<\/div>\r\n<\/article>\r\n<\/div><div class=\"grid-item metro-item  tp-col-lg-4 tp-col-md-6 tp-col-sm-12 tp-col-12  april-2024  \"><article id=\"post-4288\" class=\"post-4288 post type-post status-publish format-standard has-post-thumbnail hentry category-april-2024\">\r\n\t<div class=\"blog-list-content\">\r\n\t\t\t\t<div class=\"post-content-image\">\r\n\t\t\t<a href=\"https:\/\/ruba-thermoplast.ch\/de\/oktagonal-line-ab-sofort-in-unserem-sortiment\/\">\r\n\t\t\t\t\t<div class=\"blog-featured-image  tp-cst-img-full img\">\r\n\t<span class=\"thumb-wrap\">\r\n\t\t<img loading=\"lazy\" decoding=\"async\" width=\"800\" height=\"800\" src=\"https:\/\/ruba-thermoplast.ch\/wp-content\/uploads\/2024\/04\/01_Oktagonal_Line-1024x1024.jpeg\" class=\"attachment-large size-large\" alt=\"\" srcset=\"https:\/\/ruba-thermoplast.ch\/wp-content\/uploads\/2024\/04\/01_Oktagonal_Line-1024x1024.jpeg 1024w, https:\/\/ruba-thermoplast.ch\/wp-content\/uploads\/2024\/04\/01_Oktagonal_Line-300x300.jpeg 300w, https:\/\/ruba-thermoplast.ch\/wp-content\/uploads\/2024\/04\/01_Oktagonal_Line-150x150.jpeg 150w, https:\/\/ruba-thermoplast.ch\/wp-content\/uploads\/2024\/04\/01_Oktagonal_Line-768x768.jpeg 768w, https:\/\/ruba-thermoplast.ch\/wp-content\/uploads\/2024\/04\/01_Oktagonal_Line-1536x1536.jpeg 1536w, https:\/\/ruba-thermoplast.ch\/wp-content\/uploads\/2024\/04\/01_Oktagonal_Line-12x12.jpeg 12w, https:\/\/ruba-thermoplast.ch\/wp-content\/uploads\/2024\/04\/01_Oktagonal_Line-700x700.jpeg 700w, https:\/\/ruba-thermoplast.ch\/wp-content\/uploads\/2024\/04\/01_Oktagonal_Line.jpeg 1772w\" sizes=\"(max-width: 800px) 100vw, 800px\" \/>\t<\/span>\r\n\t<\/div>\r\n\t\t\t<\/a>\r\n\t\t\t\t\t<\/div>\r\n\t\t\t\t<div class=\"post-content-bottom\">\r\n\t\t\t\t\t\t<div class=\"post-metro-content\">\r\n\t\t\t\t<h3 class=\"post-title\">\r\n\t<a href=\"https:\/\/ruba-thermoplast.ch\/de\/oktagonal-line-ab-sofort-in-unserem-sortiment\/\" class=\"keep-all\">Oktagonal Line \u2013 ab sofort ...<\/a>\r\n<\/h3>\r\n\t\t\t\t\t\t\t\t\t<div class=\"post-hover-content\">\r\n\t\t\t\t\t\t<div class=\"entry-content\">\r\n\t<p>Die Klassiker \u2013\nOktagonalverschl\u00fcsse!\nAb sofort sind sie auch\nbei uns erh\u00e4ltlich! \n<\/p>\r\n<\/div>\r\n\t\t\t\t\t<\/div>\r\n\t\t\t\t\t\t\t\t\t\t\t\t\t<div class=\"post-meta-info style-1\"><span class=\"meta-date\"><a href=\"https:\/\/ruba-thermoplast.ch\/de\/oktagonal-line-ab-sofort-in-unserem-sortiment\/\"><span class=\"entry-date\">12. April 2024<\/span><\/a><\/span>\r\n<\/div>\t\t\t\t\t\t\t<\/div>\r\n\t\t<\/div>\r\n\t\t\t\t\t<\/div>\r\n<\/article>\r\n<\/div><div class=\"grid-item metro-item  tp-col-lg-4 tp-col-md-6 tp-col-sm-12 tp-col-12  april-2024  \"><article id=\"post-4292\" class=\"post-4292 post type-post status-publish format-standard has-post-thumbnail hentry category-april-2024\">\r\n\t<div class=\"blog-list-content\">\r\n\t\t\t\t<div class=\"post-content-image\">\r\n\t\t\t<a href=\"https:\/\/ruba-thermoplast.ch\/de\/pcr-verschluesse-abfall-ist-erst-abfall-wenn-man-ihn-entsorgt\/\">\r\n\t\t\t\t\t<div class=\"blog-featured-image  tp-cst-img-full img\">\r\n\t<span class=\"thumb-wrap\">\r\n\t\t<img loading=\"lazy\" decoding=\"async\" width=\"800\" height=\"800\" src=\"https:\/\/ruba-thermoplast.ch\/wp-content\/uploads\/2024\/04\/02_PCR.jpg\" class=\"attachment-large size-large\" alt=\"\" srcset=\"https:\/\/ruba-thermoplast.ch\/wp-content\/uploads\/2024\/04\/02_PCR.jpg 945w, https:\/\/ruba-thermoplast.ch\/wp-content\/uploads\/2024\/04\/02_PCR-300x300.jpg 300w, https:\/\/ruba-thermoplast.ch\/wp-content\/uploads\/2024\/04\/02_PCR-150x150.jpg 150w, https:\/\/ruba-thermoplast.ch\/wp-content\/uploads\/2024\/04\/02_PCR-768x768.jpg 768w, https:\/\/ruba-thermoplast.ch\/wp-content\/uploads\/2024\/04\/02_PCR-12x12.jpg 12w, https:\/\/ruba-thermoplast.ch\/wp-content\/uploads\/2024\/04\/02_PCR-700x700.jpg 700w\" sizes=\"(max-width: 800px) 100vw, 800px\" \/>\t<\/span>\r\n\t<\/div>\r\n\t\t\t<\/a>\r\n\t\t\t\t\t<\/div>\r\n\t\t\t\t<div class=\"post-content-bottom\">\r\n\t\t\t\t\t\t<div class=\"post-metro-content\">\r\n\t\t\t\t<h3 class=\"post-title\">\r\n\t<a href=\"https:\/\/ruba-thermoplast.ch\/de\/pcr-verschluesse-abfall-ist-erst-abfall-wenn-man-ihn-entsorgt\/\" class=\"keep-all\">PCR-Verschl\u00fcsse &#8211; Abfa...<\/a>\r\n<\/h3>\r\n\t\t\t\t\t\t\t\t\t<div class=\"post-hover-content\">\r\n\t\t\t\t\t\t<div class=\"entry-content\">\r\n\t<p>Basierend auf dem Motto \u00abDie Verschl\u00fcsse m\u00fcssen nachhaltiger werden!\u00bb haben wir...<\/p>\r\n<\/div>\r\n\t\t\t\t\t<\/div>\r\n\t\t\t\t\t\t\t\t\t\t\t\t\t<div class=\"post-meta-info style-1\"><span class=\"meta-date\"><a href=\"https:\/\/ruba-thermoplast.ch\/de\/pcr-verschluesse-abfall-ist-erst-abfall-wenn-man-ihn-entsorgt\/\"><span class=\"entry-date\">12. April 2024<\/span><\/a><\/span>\r\n<\/div>\t\t\t\t\t\t\t<\/div>\r\n\t\t<\/div>\r\n\t\t\t\t\t<\/div>\r\n<\/article>\r\n<\/div><div class=\"grid-item metro-item  tp-col-lg-4 tp-col-md-6 tp-col-sm-12 tp-col-12  april-2024  \"><article id=\"post-4296\" class=\"post-4296 post type-post status-publish format-standard has-post-thumbnail hentry category-april-2024\">\r\n\t<div class=\"blog-list-content\">\r\n\t\t\t\t<div class=\"post-content-image\">\r\n\t\t\t<a href=\"https:\/\/ruba-thermoplast.ch\/de\/ruba-produktionsteam-duerfen-wir-uns-vorstellen\/\">\r\n\t\t\t\t\t<div class=\"blog-featured-image  tp-cst-img-full img\">\r\n\t<span class=\"thumb-wrap\">\r\n\t\t<img loading=\"lazy\" decoding=\"async\" width=\"800\" height=\"800\" src=\"https:\/\/ruba-thermoplast.ch\/wp-content\/uploads\/2024\/04\/03_PO-1024x1024.jpeg\" class=\"attachment-large size-large\" alt=\"\" srcset=\"https:\/\/ruba-thermoplast.ch\/wp-content\/uploads\/2024\/04\/03_PO-1024x1024.jpeg 1024w, https:\/\/ruba-thermoplast.ch\/wp-content\/uploads\/2024\/04\/03_PO-300x300.jpeg 300w, https:\/\/ruba-thermoplast.ch\/wp-content\/uploads\/2024\/04\/03_PO-150x150.jpeg 150w, https:\/\/ruba-thermoplast.ch\/wp-content\/uploads\/2024\/04\/03_PO-768x768.jpeg 768w, https:\/\/ruba-thermoplast.ch\/wp-content\/uploads\/2024\/04\/03_PO-1536x1536.jpeg 1536w, https:\/\/ruba-thermoplast.ch\/wp-content\/uploads\/2024\/04\/03_PO-12x12.jpeg 12w, https:\/\/ruba-thermoplast.ch\/wp-content\/uploads\/2024\/04\/03_PO-700x700.jpeg 700w, https:\/\/ruba-thermoplast.ch\/wp-content\/uploads\/2024\/04\/03_PO.jpeg 1772w\" sizes=\"(max-width: 800px) 100vw, 800px\" \/>\t<\/span>\r\n\t<\/div>\r\n\t\t\t<\/a>\r\n\t\t\t\t\t<\/div>\r\n\t\t\t\t<div class=\"post-content-bottom\">\r\n\t\t\t\t\t\t<div class=\"post-metro-content\">\r\n\t\t\t\t<h3 class=\"post-title\">\r\n\t<a href=\"https:\/\/ruba-thermoplast.ch\/de\/ruba-produktionsteam-duerfen-wir-uns-vorstellen\/\" class=\"keep-all\">RUBA-Produktionsteam. D\u00fcrfen...<\/a>\r\n<\/h3>\r\n\t\t\t\t\t\t\t\t\t<div class=\"post-hover-content\">\r\n\t\t\t\t\t\t<div class=\"entry-content\">\r\n\t<p>Wer geh\u00f6rt ins Team?\nWas k\u00f6nnen Sie von uns erwarten? \nWas macht...<\/p>\r\n<\/div>\r\n\t\t\t\t\t<\/div>\r\n\t\t\t\t\t\t\t\t\t\t\t\t\t<div class=\"post-meta-info style-1\"><span class=\"meta-date\"><a href=\"https:\/\/ruba-thermoplast.ch\/de\/ruba-produktionsteam-duerfen-wir-uns-vorstellen\/\"><span class=\"entry-date\">12. April 2024<\/span><\/a><\/span>\r\n<\/div>\t\t\t\t\t\t\t<\/div>\r\n\t\t<\/div>\r\n\t\t\t\t\t<\/div>\r\n<\/article>\r\n<\/div><div class=\"grid-item metro-item  tp-col-lg-4 tp-col-md-6 tp-col-sm-12 tp-col-12  dezember-2023  \"><article id=\"post-4091\" class=\"post-4091 post type-post status-publish format-standard has-post-thumbnail hentry category-dezember-2023\">\r\n\t<div class=\"blog-list-content\">\r\n\t\t\t\t<div class=\"post-content-image\">\r\n\t\t\t<a href=\"https:\/\/ruba-thermoplast.ch\/de\/pe-verschluesse-im-fokus-der-nachhaltigkeit\/\">\r\n\t\t\t\t\t<div class=\"blog-featured-image  tp-cst-img-full img\">\r\n\t<span class=\"thumb-wrap\">\r\n\t\t<img loading=\"lazy\" decoding=\"async\" width=\"612\" height=\"613\" src=\"https:\/\/ruba-thermoplast.ch\/wp-content\/uploads\/2023\/12\/PE.jpg\" class=\"attachment-large size-large\" alt=\"\" srcset=\"https:\/\/ruba-thermoplast.ch\/wp-content\/uploads\/2023\/12\/PE.jpg 612w, https:\/\/ruba-thermoplast.ch\/wp-content\/uploads\/2023\/12\/PE-300x300.jpg 300w, https:\/\/ruba-thermoplast.ch\/wp-content\/uploads\/2023\/12\/PE-150x150.jpg 150w, https:\/\/ruba-thermoplast.ch\/wp-content\/uploads\/2023\/12\/PE-12x12.jpg 12w\" sizes=\"(max-width: 612px) 100vw, 612px\" \/>\t<\/span>\r\n\t<\/div>\r\n\t\t\t<\/a>\r\n\t\t\t\t\t<\/div>\r\n\t\t\t\t<div class=\"post-content-bottom\">\r\n\t\t\t\t\t\t<div class=\"post-metro-content\">\r\n\t\t\t\t<h3 class=\"post-title\">\r\n\t<a href=\"https:\/\/ruba-thermoplast.ch\/de\/pe-verschluesse-im-fokus-der-nachhaltigkeit\/\" class=\"keep-all\">PE Verschl\u00fcsse im Fokus der ...<\/a>\r\n<\/h3>\r\n\t\t\t\t\t\t\t\t\t<div class=\"post-hover-content\">\r\n\t\t\t\t\t\t<div class=\"entry-content\">\r\n\t<p>Die Recyclingf\u00e4higkeit, insbesondere in der Verpackungsbranche, ist heutzutage <\/p>\r\n<\/div>\r\n\t\t\t\t\t<\/div>\r\n\t\t\t\t\t\t\t\t\t\t\t\t\t<div class=\"post-meta-info style-1\"><span class=\"meta-date\"><a href=\"https:\/\/ruba-thermoplast.ch\/de\/pe-verschluesse-im-fokus-der-nachhaltigkeit\/\"><span class=\"entry-date\">13. Dezember 2023<\/span><\/a><\/span>\r\n<\/div>\t\t\t\t\t\t\t<\/div>\r\n\t\t<\/div>\r\n\t\t\t\t\t<\/div>\r\n<\/article>\r\n<\/div><div class=\"grid-item metro-item  tp-col-lg-4 tp-col-md-6 tp-col-sm-12 tp-col-12  dezember-2023  \"><article id=\"post-4097\" class=\"post-4097 post type-post status-publish format-standard has-post-thumbnail hentry category-dezember-2023\">\r\n\t<div class=\"blog-list-content\">\r\n\t\t\t\t<div class=\"post-content-image\">\r\n\t\t\t<a href=\"https:\/\/ruba-thermoplast.ch\/de\/sonnige-neuigkeiten\/\">\r\n\t\t\t\t\t<div class=\"blog-featured-image  tp-cst-img-full img\">\r\n\t<span class=\"thumb-wrap\">\r\n\t\t<img loading=\"lazy\" decoding=\"async\" width=\"800\" height=\"600\" src=\"https:\/\/ruba-thermoplast.ch\/wp-content\/uploads\/2023\/10\/IMG_2138-1024x768.jpeg\" class=\"attachment-large size-large\" alt=\"\" srcset=\"https:\/\/ruba-thermoplast.ch\/wp-content\/uploads\/2023\/10\/IMG_2138-1024x768.jpeg 1024w, https:\/\/ruba-thermoplast.ch\/wp-content\/uploads\/2023\/10\/IMG_2138-300x225.jpeg 300w, https:\/\/ruba-thermoplast.ch\/wp-content\/uploads\/2023\/10\/IMG_2138-768x576.jpeg 768w, https:\/\/ruba-thermoplast.ch\/wp-content\/uploads\/2023\/10\/IMG_2138-1536x1152.jpeg 1536w, https:\/\/ruba-thermoplast.ch\/wp-content\/uploads\/2023\/10\/IMG_2138-16x12.jpeg 16w, https:\/\/ruba-thermoplast.ch\/wp-content\/uploads\/2023\/10\/IMG_2138.jpeg 2048w\" sizes=\"(max-width: 800px) 100vw, 800px\" \/>\t<\/span>\r\n\t<\/div>\r\n\t\t\t<\/a>\r\n\t\t\t\t\t<\/div>\r\n\t\t\t\t<div class=\"post-content-bottom\">\r\n\t\t\t\t\t\t<div class=\"post-metro-content\">\r\n\t\t\t\t<h3 class=\"post-title\">\r\n\t<a href=\"https:\/\/ruba-thermoplast.ch\/de\/sonnige-neuigkeiten\/\" class=\"keep-all\">Sonnige Neuigkeiten!\u00a0<\/a>\r\n<\/h3>\r\n\t\t\t\t\t\t\t\t\t<div class=\"post-hover-content\">\r\n\t\t\t\t\t\t<div class=\"entry-content\">\r\n\t<p>In den letzten Jahren sind die Stromkosten allgemein gestiegen. Die Preise...<\/p>\r\n<\/div>\r\n\t\t\t\t\t<\/div>\r\n\t\t\t\t\t\t\t\t\t\t\t\t\t<div class=\"post-meta-info style-1\"><span class=\"meta-date\"><a href=\"https:\/\/ruba-thermoplast.ch\/de\/sonnige-neuigkeiten\/\"><span class=\"entry-date\">13. Dezember 2023<\/span><\/a><\/span>\r\n<\/div>\t\t\t\t\t\t\t<\/div>\r\n\t\t<\/div>\r\n\t\t\t\t\t<\/div>\r\n<\/article>\r\n<\/div><div class=\"grid-item metro-item  tp-col-lg-4 tp-col-md-6 tp-col-sm-12 tp-col-12  dezember-2023  \"><article id=\"post-4099\" class=\"post-4099 post type-post status-publish format-standard has-post-thumbnail hentry category-dezember-2023\">\r\n\t<div class=\"blog-list-content\">\r\n\t\t\t\t<div class=\"post-content-image\">\r\n\t\t\t<a href=\"https:\/\/ruba-thermoplast.ch\/de\/ruba-65-jahre-erfahrung\/\">\r\n\t\t\t\t\t<div class=\"blog-featured-image  tp-cst-img-full img\">\r\n\t<span class=\"thumb-wrap\">\r\n\t\t<img loading=\"lazy\" decoding=\"async\" width=\"609\" height=\"626\" src=\"https:\/\/ruba-thermoplast.ch\/wp-content\/uploads\/2023\/12\/ruba.jpg\" class=\"attachment-large size-large\" alt=\"\" srcset=\"https:\/\/ruba-thermoplast.ch\/wp-content\/uploads\/2023\/12\/ruba.jpg 609w, https:\/\/ruba-thermoplast.ch\/wp-content\/uploads\/2023\/12\/ruba-292x300.jpg 292w, https:\/\/ruba-thermoplast.ch\/wp-content\/uploads\/2023\/12\/ruba-12x12.jpg 12w\" sizes=\"(max-width: 609px) 100vw, 609px\" \/>\t<\/span>\r\n\t<\/div>\r\n\t\t\t<\/a>\r\n\t\t\t\t\t<\/div>\r\n\t\t\t\t<div class=\"post-content-bottom\">\r\n\t\t\t\t\t\t<div class=\"post-metro-content\">\r\n\t\t\t\t<h3 class=\"post-title\">\r\n\t<a href=\"https:\/\/ruba-thermoplast.ch\/de\/ruba-65-jahre-erfahrung\/\" class=\"keep-all\">RUBA &#8211; 65 Jahre Erfahru...<\/a>\r\n<\/h3>\r\n\t\t\t\t\t\t\t\t\t<div class=\"post-hover-content\">\r\n\t\t\t\t\t\t<div class=\"entry-content\">\r\n\t<p>Die Geschichte von RUBA\nbeginnt im Jahr 1958, im Keller\neines Einfamilienhauses in\n\n\n<\/p>\r\n<\/div>\r\n\t\t\t\t\t<\/div>\r\n\t\t\t\t\t\t\t\t\t\t\t\t\t<div class=\"post-meta-info style-1\"><span class=\"meta-date\"><a href=\"https:\/\/ruba-thermoplast.ch\/de\/ruba-65-jahre-erfahrung\/\"><span class=\"entry-date\">13. Dezember 2023<\/span><\/a><\/span>\r\n<\/div>\t\t\t\t\t\t\t<\/div>\r\n\t\t<\/div>\r\n\t\t\t\t\t<\/div>\r\n<\/article>\r\n<\/div><div class=\"grid-item metro-item  tp-col-lg-4 tp-col-md-6 tp-col-sm-12 tp-col-12  september-2023  \"><article id=\"post-3880\" class=\"post-3880 post type-post status-publish format-standard has-post-thumbnail hentry category-september-2023\">\r\n\t<div class=\"blog-list-content\">\r\n\t\t\t\t<div class=\"post-content-image\">\r\n\t\t\t<a href=\"https:\/\/ruba-thermoplast.ch\/de\/rubas-pir\/\">\r\n\t\t\t\t\t<div class=\"blog-featured-image  tp-cst-img-full img\">\r\n\t<span class=\"thumb-wrap\">\r\n\t\t<img loading=\"lazy\" decoding=\"async\" width=\"800\" height=\"800\" src=\"https:\/\/ruba-thermoplast.ch\/wp-content\/uploads\/2023\/09\/01_PIR.jpg\" class=\"attachment-large size-large\" alt=\"\" srcset=\"https:\/\/ruba-thermoplast.ch\/wp-content\/uploads\/2023\/09\/01_PIR.jpg 945w, https:\/\/ruba-thermoplast.ch\/wp-content\/uploads\/2023\/09\/01_PIR-300x300.jpg 300w, https:\/\/ruba-thermoplast.ch\/wp-content\/uploads\/2023\/09\/01_PIR-150x150.jpg 150w, https:\/\/ruba-thermoplast.ch\/wp-content\/uploads\/2023\/09\/01_PIR-768x768.jpg 768w, https:\/\/ruba-thermoplast.ch\/wp-content\/uploads\/2023\/09\/01_PIR-12x12.jpg 12w, https:\/\/ruba-thermoplast.ch\/wp-content\/uploads\/2023\/09\/01_PIR-700x700.jpg 700w\" sizes=\"(max-width: 800px) 100vw, 800px\" \/>\t<\/span>\r\n\t<\/div>\r\n\t\t\t<\/a>\r\n\t\t\t\t\t<\/div>\r\n\t\t\t\t<div class=\"post-content-bottom\">\r\n\t\t\t\t\t\t<div class=\"post-metro-content\">\r\n\t\t\t\t<h3 class=\"post-title\">\r\n\t<a href=\"https:\/\/ruba-thermoplast.ch\/de\/rubas-pir\/\" class=\"keep-all\">RUBA&#8217;s PIR<\/a>\r\n<\/h3>\r\n\t\t\t\t\t\t\t\t\t<div class=\"post-hover-content\">\r\n\t\t\t\t\t\t<div class=\"entry-content\">\r\n\t<p>Ab sofort k\u00f6nnen Sie bei uns Verschl\u00fcsse aus eigenem industriellem Ausschuss...<\/p>\r\n<\/div>\r\n\t\t\t\t\t<\/div>\r\n\t\t\t\t\t\t\t\t\t\t\t\t\t<div class=\"post-meta-info style-1\"><span class=\"meta-date\"><a href=\"https:\/\/ruba-thermoplast.ch\/de\/rubas-pir\/\"><span class=\"entry-date\">17. September 2023<\/span><\/a><\/span>\r\n<\/div>\t\t\t\t\t\t\t<\/div>\r\n\t\t<\/div>\r\n\t\t\t\t\t<\/div>\r\n<\/article>\r\n<\/div><div class=\"grid-item metro-item  tp-col-lg-4 tp-col-md-6 tp-col-sm-12 tp-col-12  september-2023  \"><article id=\"post-3885\" class=\"post-3885 post type-post status-publish format-standard has-post-thumbnail hentry category-september-2023\">\r\n\t<div class=\"blog-list-content\">\r\n\t\t\t\t<div class=\"post-content-image\">\r\n\t\t\t<a href=\"https:\/\/ruba-thermoplast.ch\/de\/ruba-verschluesse-in-einer-faszinierenden-steinoptik\/\">\r\n\t\t\t\t\t<div class=\"blog-featured-image  tp-cst-img-full img\">\r\n\t<span class=\"thumb-wrap\">\r\n\t\t<img loading=\"lazy\" decoding=\"async\" width=\"800\" height=\"800\" src=\"https:\/\/ruba-thermoplast.ch\/wp-content\/uploads\/2023\/09\/02_Steinoptik.jpg\" class=\"attachment-large size-large\" alt=\"\" srcset=\"https:\/\/ruba-thermoplast.ch\/wp-content\/uploads\/2023\/09\/02_Steinoptik.jpg 945w, https:\/\/ruba-thermoplast.ch\/wp-content\/uploads\/2023\/09\/02_Steinoptik-300x300.jpg 300w, https:\/\/ruba-thermoplast.ch\/wp-content\/uploads\/2023\/09\/02_Steinoptik-150x150.jpg 150w, https:\/\/ruba-thermoplast.ch\/wp-content\/uploads\/2023\/09\/02_Steinoptik-768x768.jpg 768w, https:\/\/ruba-thermoplast.ch\/wp-content\/uploads\/2023\/09\/02_Steinoptik-12x12.jpg 12w, https:\/\/ruba-thermoplast.ch\/wp-content\/uploads\/2023\/09\/02_Steinoptik-700x700.jpg 700w\" sizes=\"(max-width: 800px) 100vw, 800px\" \/>\t<\/span>\r\n\t<\/div>\r\n\t\t\t<\/a>\r\n\t\t\t\t\t<\/div>\r\n\t\t\t\t<div class=\"post-content-bottom\">\r\n\t\t\t\t\t\t<div class=\"post-metro-content\">\r\n\t\t\t\t<h3 class=\"post-title\">\r\n\t<a href=\"https:\/\/ruba-thermoplast.ch\/de\/ruba-verschluesse-in-einer-faszinierenden-steinoptik\/\" class=\"keep-all\">RUBA-Verschl\u00fcsse in einer fa...<\/a>\r\n<\/h3>\r\n\t\t\t\t\t\t\t\t\t<div class=\"post-hover-content\">\r\n\t\t\t\t\t\t<div class=\"entry-content\">\r\n\t<p>Entdecken Sie eine weitere Dekorationsm\u00f6glichkeit\nf\u00fcr Ihre Verschl\u00fcsse!\n<\/p>\r\n<\/div>\r\n\t\t\t\t\t<\/div>\r\n\t\t\t\t\t\t\t\t\t\t\t\t\t<div class=\"post-meta-info style-1\"><span class=\"meta-date\"><a href=\"https:\/\/ruba-thermoplast.ch\/de\/ruba-verschluesse-in-einer-faszinierenden-steinoptik\/\"><span class=\"entry-date\">16. September 2023<\/span><\/a><\/span>\r\n<\/div>\t\t\t\t\t\t\t<\/div>\r\n\t\t<\/div>\r\n\t\t\t\t\t<\/div>\r\n<\/article>\r\n<\/div><div class=\"grid-item metro-item  tp-col-lg-4 tp-col-md-6 tp-col-sm-12 tp-col-12  september-2023  \"><article id=\"post-3891\" class=\"post-3891 post type-post status-publish format-standard has-post-thumbnail hentry category-september-2023\">\r\n\t<div class=\"blog-list-content\">\r\n\t\t\t\t<div class=\"post-content-image\">\r\n\t\t\t<a href=\"https:\/\/ruba-thermoplast.ch\/de\/lehre-statt-leere\/\">\r\n\t\t\t\t\t<div class=\"blog-featured-image  tp-cst-img-full img\">\r\n\t<span class=\"thumb-wrap\">\r\n\t\t<img loading=\"lazy\" decoding=\"async\" width=\"800\" height=\"800\" src=\"https:\/\/ruba-thermoplast.ch\/wp-content\/uploads\/2023\/09\/03_Lehrling_-1024x1024.jpg\" class=\"attachment-large size-large\" alt=\"\" srcset=\"https:\/\/ruba-thermoplast.ch\/wp-content\/uploads\/2023\/09\/03_Lehrling_-1024x1024.jpg 1024w, https:\/\/ruba-thermoplast.ch\/wp-content\/uploads\/2023\/09\/03_Lehrling_-300x300.jpg 300w, https:\/\/ruba-thermoplast.ch\/wp-content\/uploads\/2023\/09\/03_Lehrling_-150x150.jpg 150w, https:\/\/ruba-thermoplast.ch\/wp-content\/uploads\/2023\/09\/03_Lehrling_-768x768.jpg 768w, https:\/\/ruba-thermoplast.ch\/wp-content\/uploads\/2023\/09\/03_Lehrling_-12x12.jpg 12w, https:\/\/ruba-thermoplast.ch\/wp-content\/uploads\/2023\/09\/03_Lehrling_-700x700.jpg 700w, https:\/\/ruba-thermoplast.ch\/wp-content\/uploads\/2023\/09\/03_Lehrling_.jpg 1260w\" sizes=\"(max-width: 800px) 100vw, 800px\" \/>\t<\/span>\r\n\t<\/div>\r\n\t\t\t<\/a>\r\n\t\t\t\t\t<\/div>\r\n\t\t\t\t<div class=\"post-content-bottom\">\r\n\t\t\t\t\t\t<div class=\"post-metro-content\">\r\n\t\t\t\t<h3 class=\"post-title\">\r\n\t<a href=\"https:\/\/ruba-thermoplast.ch\/de\/lehre-statt-leere\/\" class=\"keep-all\">Lehre statt Leere<\/a>\r\n<\/h3>\r\n\t\t\t\t\t\t\t\t\t<div class=\"post-hover-content\">\r\n\t\t\t\t\t\t<div class=\"entry-content\">\r\n\t<p>Warum soll gerade unser Betrieb ausbilden?\nHaben Sie sich schon mal die...<\/p>\r\n<\/div>\r\n\t\t\t\t\t<\/div>\r\n\t\t\t\t\t\t\t\t\t\t\t\t\t<div class=\"post-meta-info style-1\"><span class=\"meta-date\"><a href=\"https:\/\/ruba-thermoplast.ch\/de\/lehre-statt-leere\/\"><span class=\"entry-date\">15. September 2023<\/span><\/a><\/span>\r\n<\/div>\t\t\t\t\t\t\t<\/div>\r\n\t\t<\/div>\r\n\t\t\t\t\t<\/div>\r\n<\/article>\r\n<\/div><div class=\"grid-item metro-item  tp-col-lg-4 tp-col-md-6 tp-col-sm-12 tp-col-12  april-2023  \"><article id=\"post-3565\" class=\"post-3565 post type-post status-publish format-standard has-post-thumbnail hentry category-april-2023\">\r\n\t<div class=\"blog-list-content\">\r\n\t\t\t\t<div class=\"post-content-image\">\r\n\t\t\t<a href=\"https:\/\/ruba-thermoplast.ch\/de\/neue-tubenschulter-m15\/\">\r\n\t\t\t\t\t<div class=\"blog-featured-image  tp-cst-img-full img\">\r\n\t<span class=\"thumb-wrap\">\r\n\t\t<img loading=\"lazy\" decoding=\"async\" width=\"800\" height=\"800\" src=\"https:\/\/ruba-thermoplast.ch\/wp-content\/uploads\/2023\/04\/01.jpg\" class=\"attachment-large size-large\" alt=\"\" srcset=\"https:\/\/ruba-thermoplast.ch\/wp-content\/uploads\/2023\/04\/01.jpg 945w, https:\/\/ruba-thermoplast.ch\/wp-content\/uploads\/2023\/04\/01-300x300.jpg 300w, https:\/\/ruba-thermoplast.ch\/wp-content\/uploads\/2023\/04\/01-150x150.jpg 150w, https:\/\/ruba-thermoplast.ch\/wp-content\/uploads\/2023\/04\/01-768x768.jpg 768w, https:\/\/ruba-thermoplast.ch\/wp-content\/uploads\/2023\/04\/01-12x12.jpg 12w, https:\/\/ruba-thermoplast.ch\/wp-content\/uploads\/2023\/04\/01-700x700.jpg 700w\" sizes=\"(max-width: 800px) 100vw, 800px\" \/>\t<\/span>\r\n\t<\/div>\r\n\t\t\t<\/a>\r\n\t\t\t\t\t<\/div>\r\n\t\t\t\t<div class=\"post-content-bottom\">\r\n\t\t\t\t\t\t<div class=\"post-metro-content\">\r\n\t\t\t\t<h3 class=\"post-title\">\r\n\t<a href=\"https:\/\/ruba-thermoplast.ch\/de\/neue-tubenschulter-m15\/\" class=\"keep-all\">NEUE Tubenschulter M15 \u00abby R...<\/a>\r\n<\/h3>\r\n\t\t\t\t\t\t\t\t\t<div class=\"post-hover-content\">\r\n\t\t\t\t\t\t<div class=\"entry-content\">\r\n\t<p>Wir freuen uns, eine Erweiterung unserer Produktpalette bekannt zu geben. Ab...<\/p>\r\n<\/div>\r\n\t\t\t\t\t<\/div>\r\n\t\t\t\t\t\t\t\t\t\t\t\t\t<div class=\"post-meta-info style-1\"><span class=\"meta-date\"><a href=\"https:\/\/ruba-thermoplast.ch\/de\/neue-tubenschulter-m15\/\"><span class=\"entry-date\">4. April 2023<\/span><\/a><\/span>\r\n<\/div>\t\t\t\t\t\t\t<\/div>\r\n\t\t<\/div>\r\n\t\t\t\t\t<\/div>\r\n<\/article>\r\n<\/div><div class=\"grid-item metro-item  tp-col-lg-4 tp-col-md-6 tp-col-sm-12 tp-col-12  april-2023  \"><article id=\"post-3612\" class=\"post-3612 post type-post status-publish format-standard has-post-thumbnail hentry category-april-2023\">\r\n\t<div class=\"blog-list-content\">\r\n\t\t\t\t<div class=\"post-content-image\">\r\n\t\t\t<a href=\"https:\/\/ruba-thermoplast.ch\/de\/mit-einfacher-ubersicht\/\">\r\n\t\t\t\t\t<div class=\"blog-featured-image  tp-cst-img-full img\">\r\n\t<span class=\"thumb-wrap\">\r\n\t\t<img loading=\"lazy\" decoding=\"async\" width=\"800\" height=\"800\" src=\"https:\/\/ruba-thermoplast.ch\/wp-content\/uploads\/2023\/04\/02.jpg\" class=\"attachment-large size-large\" alt=\"\" srcset=\"https:\/\/ruba-thermoplast.ch\/wp-content\/uploads\/2023\/04\/02.jpg 1017w, https:\/\/ruba-thermoplast.ch\/wp-content\/uploads\/2023\/04\/02-300x300.jpg 300w, https:\/\/ruba-thermoplast.ch\/wp-content\/uploads\/2023\/04\/02-150x150.jpg 150w, https:\/\/ruba-thermoplast.ch\/wp-content\/uploads\/2023\/04\/02-768x768.jpg 768w, https:\/\/ruba-thermoplast.ch\/wp-content\/uploads\/2023\/04\/02-12x12.jpg 12w, https:\/\/ruba-thermoplast.ch\/wp-content\/uploads\/2023\/04\/02-700x700.jpg 700w\" sizes=\"(max-width: 800px) 100vw, 800px\" \/>\t<\/span>\r\n\t<\/div>\r\n\t\t\t<\/a>\r\n\t\t\t\t\t<\/div>\r\n\t\t\t\t<div class=\"post-content-bottom\">\r\n\t\t\t\t\t\t<div class=\"post-metro-content\">\r\n\t\t\t\t<h3 class=\"post-title\">\r\n\t<a href=\"https:\/\/ruba-thermoplast.ch\/de\/mit-einfacher-ubersicht\/\" class=\"keep-all\">Mit einfacher \u00dcbersicht rich...<\/a>\r\n<\/h3>\r\n\t\t\t\t\t\t\t\t\t<div class=\"post-hover-content\">\r\n\t\t\t\t\t\t<div class=\"entry-content\">\r\n\t<p>Die Schweiz ist nicht nur ein wichtiges Herstellerland von Uhren, K\u00e4se...<\/p>\r\n<\/div>\r\n\t\t\t\t\t<\/div>\r\n\t\t\t\t\t\t\t\t\t\t\t\t\t<div class=\"post-meta-info style-1\"><span class=\"meta-date\"><a href=\"https:\/\/ruba-thermoplast.ch\/de\/mit-einfacher-ubersicht\/\"><span class=\"entry-date\">3. April 2023<\/span><\/a><\/span>\r\n<\/div>\t\t\t\t\t\t\t<\/div>\r\n\t\t<\/div>\r\n\t\t\t\t\t<\/div>\r\n<\/article>\r\n<\/div><div class=\"grid-item metro-item  tp-col-lg-4 tp-col-md-6 tp-col-sm-12 tp-col-12  april-2023  \"><article id=\"post-3593\" class=\"post-3593 post type-post status-publish format-standard has-post-thumbnail hentry category-april-2023\">\r\n\t<div class=\"blog-list-content\">\r\n\t\t\t\t<div class=\"post-content-image\">\r\n\t\t\t<a href=\"https:\/\/ruba-thermoplast.ch\/de\/paris-nicht-nur-die-stadt-der-liebe\/\">\r\n\t\t\t\t\t<div class=\"blog-featured-image  tp-cst-img-full img\">\r\n\t<span class=\"thumb-wrap\">\r\n\t\t<img loading=\"lazy\" decoding=\"async\" width=\"800\" height=\"800\" src=\"https:\/\/ruba-thermoplast.ch\/wp-content\/uploads\/2023\/04\/03.jpg\" class=\"attachment-large size-large\" alt=\"\" srcset=\"https:\/\/ruba-thermoplast.ch\/wp-content\/uploads\/2023\/04\/03.jpg 810w, https:\/\/ruba-thermoplast.ch\/wp-content\/uploads\/2023\/04\/03-300x300.jpg 300w, https:\/\/ruba-thermoplast.ch\/wp-content\/uploads\/2023\/04\/03-150x150.jpg 150w, https:\/\/ruba-thermoplast.ch\/wp-content\/uploads\/2023\/04\/03-768x768.jpg 768w, https:\/\/ruba-thermoplast.ch\/wp-content\/uploads\/2023\/04\/03-12x12.jpg 12w, https:\/\/ruba-thermoplast.ch\/wp-content\/uploads\/2023\/04\/03-700x700.jpg 700w\" sizes=\"(max-width: 800px) 100vw, 800px\" \/>\t<\/span>\r\n\t<\/div>\r\n\t\t\t<\/a>\r\n\t\t\t\t\t<\/div>\r\n\t\t\t\t<div class=\"post-content-bottom\">\r\n\t\t\t\t\t\t<div class=\"post-metro-content\">\r\n\t\t\t\t<h3 class=\"post-title\">\r\n\t<a href=\"https:\/\/ruba-thermoplast.ch\/de\/paris-nicht-nur-die-stadt-der-liebe\/\" class=\"keep-all\">Paris \u2013 nicht nur die Stadt...<\/a>\r\n<\/h3>\r\n\t\t\t\t\t\t\t\t\t<div class=\"post-hover-content\">\r\n\t\t\t\t\t\t<div class=\"entry-content\">\r\n\t<p>Anfang Jahr waren wir zum sechsten Mal auf der PCD-Messe vertreten....<\/p>\r\n<\/div>\r\n\t\t\t\t\t<\/div>\r\n\t\t\t\t\t\t\t\t\t\t\t\t\t<div class=\"post-meta-info style-1\"><span class=\"meta-date\"><a href=\"https:\/\/ruba-thermoplast.ch\/de\/paris-nicht-nur-die-stadt-der-liebe\/\"><span class=\"entry-date\">2. April 2023<\/span><\/a><\/span>\r\n<\/div>\t\t\t\t\t\t\t<\/div>\r\n\t\t<\/div>\r\n\t\t\t\t\t<\/div>\r\n<\/article>\r\n<\/div><div class=\"grid-item metro-item  tp-col-lg-4 tp-col-md-6 tp-col-sm-12 tp-col-12  dezember-2022  \"><article id=\"post-3272\" class=\"post-3272 post type-post status-publish format-standard has-post-thumbnail hentry category-dezember-2022\">\r\n\t<div class=\"blog-list-content\">\r\n\t\t\t\t<div class=\"post-content-image\">\r\n\t\t\t<a href=\"https:\/\/ruba-thermoplast.ch\/de\/aus-alt-wird-neu\/\">\r\n\t\t\t\t\t<div class=\"blog-featured-image  tp-cst-img-full img\">\r\n\t<span class=\"thumb-wrap\">\r\n\t\t<img loading=\"lazy\" decoding=\"async\" width=\"800\" height=\"800\" src=\"https:\/\/ruba-thermoplast.ch\/wp-content\/uploads\/2022\/11\/Tubenverschl\u251c\u255dsse-1-1024x1024.jpg\" class=\"attachment-large size-large\" alt=\"\" srcset=\"https:\/\/ruba-thermoplast.ch\/wp-content\/uploads\/2022\/11\/Tubenverschl\u251c\u255dsse-1-1024x1024.jpg 1024w, https:\/\/ruba-thermoplast.ch\/wp-content\/uploads\/2022\/11\/Tubenverschl\u251c\u255dsse-1-300x300.jpg 300w, https:\/\/ruba-thermoplast.ch\/wp-content\/uploads\/2022\/11\/Tubenverschl\u251c\u255dsse-1-150x150.jpg 150w, https:\/\/ruba-thermoplast.ch\/wp-content\/uploads\/2022\/11\/Tubenverschl\u251c\u255dsse-1-768x768.jpg 768w, https:\/\/ruba-thermoplast.ch\/wp-content\/uploads\/2022\/11\/Tubenverschl\u251c\u255dsse-1-1536x1536.jpg 1536w, https:\/\/ruba-thermoplast.ch\/wp-content\/uploads\/2022\/11\/Tubenverschl\u251c\u255dsse-1-2048x2048.jpg 2048w, https:\/\/ruba-thermoplast.ch\/wp-content\/uploads\/2022\/11\/Tubenverschl\u251c\u255dsse-1-12x12.jpg 12w, https:\/\/ruba-thermoplast.ch\/wp-content\/uploads\/2022\/11\/Tubenverschl\u251c\u255dsse-1-700x700.jpg 700w\" sizes=\"(max-width: 800px) 100vw, 800px\" \/>\t<\/span>\r\n\t<\/div>\r\n\t\t\t<\/a>\r\n\t\t\t\t\t<\/div>\r\n\t\t\t\t<div class=\"post-content-bottom\">\r\n\t\t\t\t\t\t<div class=\"post-metro-content\">\r\n\t\t\t\t<h3 class=\"post-title\">\r\n\t<a href=\"https:\/\/ruba-thermoplast.ch\/de\/aus-alt-wird-neu\/\" class=\"keep-all\">Aus Alt wird Neu<\/a>\r\n<\/h3>\r\n\t\t\t\t\t\t\t\t\t<div class=\"post-hover-content\">\r\n\t\t\t\t\t\t<div class=\"entry-content\">\r\n\t<p>Aus Alt wird Neu Nach wochenlanger optischer, technischer und auch inhaltlicher...<\/p>\r\n<\/div>\r\n\t\t\t\t\t<\/div>\r\n\t\t\t\t\t\t\t\t\t\t\t\t\t<div class=\"post-meta-info style-1\"><span class=\"meta-date\"><a href=\"https:\/\/ruba-thermoplast.ch\/de\/aus-alt-wird-neu\/\"><span class=\"entry-date\">6. Dezember 2022<\/span><\/a><\/span>\r\n<\/div>\t\t\t\t\t\t\t<\/div>\r\n\t\t<\/div>\r\n\t\t\t\t\t<\/div>\r\n<\/article>\r\n<\/div><div class=\"grid-item metro-item  tp-col-lg-4 tp-col-md-6 tp-col-sm-12 tp-col-12  dezember-2022  \"><article id=\"post-3279\" class=\"post-3279 post type-post status-publish format-standard has-post-thumbnail hentry category-dezember-2022\">\r\n\t<div class=\"blog-list-content\">\r\n\t\t\t\t<div class=\"post-content-image\">\r\n\t\t\t<a href=\"https:\/\/ruba-thermoplast.ch\/de\/c02-einsparen-leicht-gemacht\/\">\r\n\t\t\t\t\t<div class=\"blog-featured-image  tp-cst-img-full img\">\r\n\t<span class=\"thumb-wrap\">\r\n\t\t<img loading=\"lazy\" decoding=\"async\" width=\"657\" height=\"667\" src=\"https:\/\/ruba-thermoplast.ch\/wp-content\/uploads\/2022\/11\/Klimatipps_CO2_AdobeStock_284824687.jpg\" class=\"attachment-large size-large\" alt=\"\" srcset=\"https:\/\/ruba-thermoplast.ch\/wp-content\/uploads\/2022\/11\/Klimatipps_CO2_AdobeStock_284824687.jpg 657w, https:\/\/ruba-thermoplast.ch\/wp-content\/uploads\/2022\/11\/Klimatipps_CO2_AdobeStock_284824687-296x300.jpg 296w, https:\/\/ruba-thermoplast.ch\/wp-content\/uploads\/2022\/11\/Klimatipps_CO2_AdobeStock_284824687-12x12.jpg 12w\" sizes=\"(max-width: 657px) 100vw, 657px\" \/>\t<\/span>\r\n\t<\/div>\r\n\t\t\t<\/a>\r\n\t\t\t\t\t<\/div>\r\n\t\t\t\t<div class=\"post-content-bottom\">\r\n\t\t\t\t\t\t<div class=\"post-metro-content\">\r\n\t\t\t\t<h3 class=\"post-title\">\r\n\t<a href=\"https:\/\/ruba-thermoplast.ch\/de\/c02-einsparen-leicht-gemacht\/\" class=\"keep-all\">C02 einsparen leicht gemacht!<\/a>\r\n<\/h3>\r\n\t\t\t\t\t\t\t\t\t<div class=\"post-hover-content\">\r\n\t\t\t\t\t\t<div class=\"entry-content\">\r\n\t<p>C02 einsparen leicht gemacht! Schon geh\u00f6rt? Borealis hat vor Kurzem ein...<\/p>\r\n<\/div>\r\n\t\t\t\t\t<\/div>\r\n\t\t\t\t\t\t\t\t\t\t\t\t\t<div class=\"post-meta-info style-1\"><span class=\"meta-date\"><a href=\"https:\/\/ruba-thermoplast.ch\/de\/c02-einsparen-leicht-gemacht\/\"><span class=\"entry-date\">5. Dezember 2022<\/span><\/a><\/span>\r\n<\/div>\t\t\t\t\t\t\t<\/div>\r\n\t\t<\/div>\r\n\t\t\t\t\t<\/div>\r\n<\/article>\r\n<\/div><div class=\"grid-item metro-item  tp-col-lg-4 tp-col-md-6 tp-col-sm-12 tp-col-12  dezember-2022  \"><article id=\"post-3286\" class=\"post-3286 post type-post status-publish format-standard has-post-thumbnail hentry category-dezember-2022\">\r\n\t<div class=\"blog-list-content\">\r\n\t\t\t\t<div class=\"post-content-image\">\r\n\t\t\t<a href=\"https:\/\/ruba-thermoplast.ch\/de\/alle-suchen-fachkraefte-wir-bilden-sie-aus-2\/\">\r\n\t\t\t\t\t<div class=\"blog-featured-image  tp-cst-img-full img\">\r\n\t<span class=\"thumb-wrap\">\r\n\t\t<img loading=\"lazy\" decoding=\"async\" width=\"800\" height=\"798\" src=\"https:\/\/ruba-thermoplast.ch\/wp-content\/uploads\/2022\/11\/Lehrl-1024x1021.jpg\" class=\"attachment-large size-large\" alt=\"\" srcset=\"https:\/\/ruba-thermoplast.ch\/wp-content\/uploads\/2022\/11\/Lehrl-1024x1021.jpg 1024w, https:\/\/ruba-thermoplast.ch\/wp-content\/uploads\/2022\/11\/Lehrl-300x300.jpg 300w, https:\/\/ruba-thermoplast.ch\/wp-content\/uploads\/2022\/11\/Lehrl-150x150.jpg 150w, https:\/\/ruba-thermoplast.ch\/wp-content\/uploads\/2022\/11\/Lehrl-768x766.jpg 768w, https:\/\/ruba-thermoplast.ch\/wp-content\/uploads\/2022\/11\/Lehrl-12x12.jpg 12w, https:\/\/ruba-thermoplast.ch\/wp-content\/uploads\/2022\/11\/Lehrl.jpg 1322w\" sizes=\"(max-width: 800px) 100vw, 800px\" \/>\t<\/span>\r\n\t<\/div>\r\n\t\t\t<\/a>\r\n\t\t\t\t\t<\/div>\r\n\t\t\t\t<div class=\"post-content-bottom\">\r\n\t\t\t\t\t\t<div class=\"post-metro-content\">\r\n\t\t\t\t<h3 class=\"post-title\">\r\n\t<a href=\"https:\/\/ruba-thermoplast.ch\/de\/alle-suchen-fachkraefte-wir-bilden-sie-aus-2\/\" class=\"keep-all\">Alle suchen Fachkr\u00e4fte &#821...<\/a>\r\n<\/h3>\r\n\t\t\t\t\t\t\t\t\t<div class=\"post-hover-content\">\r\n\t\t\t\t\t\t<div class=\"entry-content\">\r\n\t<p>Alle suchen Fachkr\u00e4fte &#8211; wir bilden sie aus! Im August starteten...<\/p>\r\n<\/div>\r\n\t\t\t\t\t<\/div>\r\n\t\t\t\t\t\t\t\t\t\t\t\t\t<div class=\"post-meta-info style-1\"><span class=\"meta-date\"><a href=\"https:\/\/ruba-thermoplast.ch\/de\/alle-suchen-fachkraefte-wir-bilden-sie-aus-2\/\"><span class=\"entry-date\">4. Dezember 2022<\/span><\/a><\/span>\r\n<\/div>\t\t\t\t\t\t\t<\/div>\r\n\t\t<\/div>\r\n\t\t\t\t\t<\/div>\r\n<\/article>\r\n<\/div><div class=\"grid-item metro-item  tp-col-lg-4 tp-col-md-6 tp-col-sm-12 tp-col-12  august-22  \"><article id=\"post-1915\" class=\"post-1915 post type-post status-publish format-standard has-post-thumbnail hentry category-august-22\">\r\n\t<div class=\"blog-list-content\">\r\n\t\t\t\t<div class=\"post-content-image\">\r\n\t\t\t<a href=\"https:\/\/ruba-thermoplast.ch\/de\/verschluesse-individuell-bedruckt\/\">\r\n\t\t\t\t\t<div class=\"blog-featured-image  tp-cst-img-full img\">\r\n\t<span class=\"thumb-wrap\">\r\n\t\t<img loading=\"lazy\" decoding=\"async\" width=\"800\" height=\"800\" src=\"https:\/\/ruba-thermoplast.ch\/wp-content\/uploads\/2022\/08\/01_02_22-1024x1024.jpg\" class=\"attachment-large size-large\" alt=\"\" srcset=\"https:\/\/ruba-thermoplast.ch\/wp-content\/uploads\/2022\/08\/01_02_22.jpg 1024w, https:\/\/ruba-thermoplast.ch\/wp-content\/uploads\/2022\/08\/01_02_22-300x300.jpg 300w, https:\/\/ruba-thermoplast.ch\/wp-content\/uploads\/2022\/08\/01_02_22-150x150.jpg 150w, https:\/\/ruba-thermoplast.ch\/wp-content\/uploads\/2022\/08\/01_02_22-768x768.jpg 768w, https:\/\/ruba-thermoplast.ch\/wp-content\/uploads\/2022\/08\/01_02_22-12x12.jpg 12w, https:\/\/ruba-thermoplast.ch\/wp-content\/uploads\/2022\/08\/01_02_22-700x700.jpg 700w\" sizes=\"(max-width: 800px) 100vw, 800px\" \/>\t<\/span>\r\n\t<\/div>\r\n\t\t\t<\/a>\r\n\t\t\t\t\t<\/div>\r\n\t\t\t\t<div class=\"post-content-bottom\">\r\n\t\t\t\t\t\t<div class=\"post-metro-content\">\r\n\t\t\t\t<h3 class=\"post-title\">\r\n\t<a href=\"https:\/\/ruba-thermoplast.ch\/de\/verschluesse-individuell-bedruckt\/\" class=\"keep-all\">Verschl\u00fcsse individuell bedr...<\/a>\r\n<\/h3>\r\n\t\t\t\t\t\t\t\t\t<div class=\"post-hover-content\">\r\n\t\t\t\t\t\t<div class=\"entry-content\">\r\n\t<p>Verschl\u00fcsse individuell bedruckt Ab sofort k\u00f6nnen Sie bei uns die Verschl\u00fcsse...<\/p>\r\n<\/div>\r\n\t\t\t\t\t<\/div>\r\n\t\t\t\t\t\t\t\t\t\t\t\t\t<div class=\"post-meta-info style-1\"><span class=\"meta-date\"><a href=\"https:\/\/ruba-thermoplast.ch\/de\/verschluesse-individuell-bedruckt\/\"><span class=\"entry-date\">23. August 2022<\/span><\/a><\/span>\r\n<\/div>\t\t\t\t\t\t\t<\/div>\r\n\t\t<\/div>\r\n\t\t\t\t\t<\/div>\r\n<\/article>\r\n<\/div><div class=\"grid-item metro-item  tp-col-lg-4 tp-col-md-6 tp-col-sm-12 tp-col-12  august-22  \"><article id=\"post-1932\" class=\"post-1932 post type-post status-publish format-standard has-post-thumbnail hentry category-august-22\">\r\n\t<div class=\"blog-list-content\">\r\n\t\t\t\t<div class=\"post-content-image\">\r\n\t\t\t<a href=\"https:\/\/ruba-thermoplast.ch\/de\/tag-der-offenen-tuer\/\">\r\n\t\t\t\t\t<div class=\"blog-featured-image  tp-cst-img-full img\">\r\n\t<span class=\"thumb-wrap\">\r\n\t\t<img loading=\"lazy\" decoding=\"async\" width=\"800\" height=\"800\" src=\"https:\/\/ruba-thermoplast.ch\/wp-content\/uploads\/2022\/08\/02_02_22-1024x1024.jpg\" class=\"attachment-large size-large\" alt=\"\" srcset=\"https:\/\/ruba-thermoplast.ch\/wp-content\/uploads\/2022\/08\/02_02_22.jpg 1024w, https:\/\/ruba-thermoplast.ch\/wp-content\/uploads\/2022\/08\/02_02_22-300x300.jpg 300w, https:\/\/ruba-thermoplast.ch\/wp-content\/uploads\/2022\/08\/02_02_22-150x150.jpg 150w, https:\/\/ruba-thermoplast.ch\/wp-content\/uploads\/2022\/08\/02_02_22-768x768.jpg 768w, https:\/\/ruba-thermoplast.ch\/wp-content\/uploads\/2022\/08\/02_02_22-12x12.jpg 12w, https:\/\/ruba-thermoplast.ch\/wp-content\/uploads\/2022\/08\/02_02_22-700x700.jpg 700w\" sizes=\"(max-width: 800px) 100vw, 800px\" \/>\t<\/span>\r\n\t<\/div>\r\n\t\t\t<\/a>\r\n\t\t\t\t\t<\/div>\r\n\t\t\t\t<div class=\"post-content-bottom\">\r\n\t\t\t\t\t\t<div class=\"post-metro-content\">\r\n\t\t\t\t<h3 class=\"post-title\">\r\n\t<a href=\"https:\/\/ruba-thermoplast.ch\/de\/tag-der-offenen-tuer\/\" class=\"keep-all\">Tag der offenen T\u00fcr<\/a>\r\n<\/h3>\r\n\t\t\t\t\t\t\t\t\t<div class=\"post-hover-content\">\r\n\t\t\t\t\t\t<div class=\"entry-content\">\r\n\t<p>Tag der offenen T\u00fcr Am Samstag, den 04.06.2022 waren die T\u00fcre...<\/p>\r\n<\/div>\r\n\t\t\t\t\t<\/div>\r\n\t\t\t\t\t\t\t\t\t\t\t\t\t<div class=\"post-meta-info style-1\"><span class=\"meta-date\"><a href=\"https:\/\/ruba-thermoplast.ch\/de\/tag-der-offenen-tuer\/\"><span class=\"entry-date\">22. August 2022<\/span><\/a><\/span>\r\n<\/div>\t\t\t\t\t\t\t<\/div>\r\n\t\t<\/div>\r\n\t\t\t\t\t<\/div>\r\n<\/article>\r\n<\/div><div class=\"grid-item metro-item  tp-col-lg-4 tp-col-md-6 tp-col-sm-12 tp-col-12  august-22  \"><article id=\"post-1943\" class=\"post-1943 post type-post status-publish format-standard has-post-thumbnail hentry category-august-22\">\r\n\t<div class=\"blog-list-content\">\r\n\t\t\t\t<div class=\"post-content-image\">\r\n\t\t\t<a href=\"https:\/\/ruba-thermoplast.ch\/de\/ruba-als-messe-aussteller\/\">\r\n\t\t\t\t\t<div class=\"blog-featured-image  tp-cst-img-full img\">\r\n\t<span class=\"thumb-wrap\">\r\n\t\t<img loading=\"lazy\" decoding=\"async\" width=\"800\" height=\"800\" src=\"https:\/\/ruba-thermoplast.ch\/wp-content\/uploads\/2022\/08\/03_02_22-1024x1024.jpg\" class=\"attachment-large size-large\" alt=\"\" srcset=\"https:\/\/ruba-thermoplast.ch\/wp-content\/uploads\/2022\/08\/03_02_22.jpg 1024w, https:\/\/ruba-thermoplast.ch\/wp-content\/uploads\/2022\/08\/03_02_22-300x300.jpg 300w, https:\/\/ruba-thermoplast.ch\/wp-content\/uploads\/2022\/08\/03_02_22-150x150.jpg 150w, https:\/\/ruba-thermoplast.ch\/wp-content\/uploads\/2022\/08\/03_02_22-768x768.jpg 768w, https:\/\/ruba-thermoplast.ch\/wp-content\/uploads\/2022\/08\/03_02_22-12x12.jpg 12w, https:\/\/ruba-thermoplast.ch\/wp-content\/uploads\/2022\/08\/03_02_22-700x700.jpg 700w\" sizes=\"(max-width: 800px) 100vw, 800px\" \/>\t<\/span>\r\n\t<\/div>\r\n\t\t\t<\/a>\r\n\t\t\t\t\t<\/div>\r\n\t\t\t\t<div class=\"post-content-bottom\">\r\n\t\t\t\t\t\t<div class=\"post-metro-content\">\r\n\t\t\t\t<h3 class=\"post-title\">\r\n\t<a href=\"https:\/\/ruba-thermoplast.ch\/de\/ruba-als-messe-aussteller\/\" class=\"keep-all\">RUBA als Messe-Aussteller<\/a>\r\n<\/h3>\r\n\t\t\t\t\t\t\t\t\t<div class=\"post-hover-content\">\r\n\t\t\t\t\t\t<div class=\"entry-content\">\r\n\t<p>RUBA als Messe-Aussteller Nach einer fast zweij\u00e4hrigen Pause konnten wir diverse...<\/p>\r\n<\/div>\r\n\t\t\t\t\t<\/div>\r\n\t\t\t\t\t\t\t\t\t\t\t\t\t<div class=\"post-meta-info style-1\"><span class=\"meta-date\"><a href=\"https:\/\/ruba-thermoplast.ch\/de\/ruba-als-messe-aussteller\/\"><span class=\"entry-date\">21. August 2022<\/span><\/a><\/span>\r\n<\/div>\t\t\t\t\t\t\t<\/div>\r\n\t\t<\/div>\r\n\t\t\t\t\t<\/div>\r\n<\/article>\r\n<\/div><div class=\"grid-item metro-item  tp-col-lg-4 tp-col-md-6 tp-col-sm-12 tp-col-12  maerz-22  \"><article id=\"post-812\" class=\"post-812 post type-post status-publish format-standard has-post-thumbnail hentry category-maerz-22\">\r\n\t<div class=\"blog-list-content\">\r\n\t\t\t\t<div class=\"post-content-image\">\r\n\t\t\t<a href=\"https:\/\/ruba-thermoplast.ch\/de\/vorstellung-unserer-auszubildenden\/\">\r\n\t\t\t\t\t<div class=\"blog-featured-image  tp-cst-img-full img\">\r\n\t<span class=\"thumb-wrap\">\r\n\t\t<img loading=\"lazy\" decoding=\"async\" width=\"800\" height=\"542\" src=\"https:\/\/ruba-thermoplast.ch\/wp-content\/uploads\/2022\/07\/WhatsApp_Image_2021-09-22_at_163111-1024x694.jpeg\" class=\"attachment-large size-large\" alt=\"\" srcset=\"https:\/\/ruba-thermoplast.ch\/wp-content\/uploads\/2022\/07\/WhatsApp_Image_2021-09-22_at_163111-1024x694.jpeg 1024w, https:\/\/ruba-thermoplast.ch\/wp-content\/uploads\/2022\/07\/WhatsApp_Image_2021-09-22_at_163111-300x203.jpeg 300w, https:\/\/ruba-thermoplast.ch\/wp-content\/uploads\/2022\/07\/WhatsApp_Image_2021-09-22_at_163111-768x521.jpeg 768w, https:\/\/ruba-thermoplast.ch\/wp-content\/uploads\/2022\/07\/WhatsApp_Image_2021-09-22_at_163111-1536x1041.jpeg 1536w, https:\/\/ruba-thermoplast.ch\/wp-content\/uploads\/2022\/07\/WhatsApp_Image_2021-09-22_at_163111.jpeg 2048w\" sizes=\"(max-width: 800px) 100vw, 800px\" \/>\t<\/span>\r\n\t<\/div>\r\n\t\t\t<\/a>\r\n\t\t\t\t\t<\/div>\r\n\t\t\t\t<div class=\"post-content-bottom\">\r\n\t\t\t\t\t\t<div class=\"post-metro-content\">\r\n\t\t\t\t<h3 class=\"post-title\">\r\n\t<a href=\"https:\/\/ruba-thermoplast.ch\/de\/vorstellung-unserer-auszubildenden\/\" class=\"keep-all\">Vorstellung unserer Auszubild...<\/a>\r\n<\/h3>\r\n\t\t\t\t\t\t\t\t\t<div class=\"post-hover-content\">\r\n\t\t\t\t\t\t<div class=\"entry-content\">\r\n\t<p>Wir freuen uns zwei neue Lehrlinge in unserem Betrieb begr\u00fcssen zu...<\/p>\r\n<\/div>\r\n\t\t\t\t\t<\/div>\r\n\t\t\t\t\t\t\t\t\t\t\t\t\t<div class=\"post-meta-info style-1\"><span class=\"meta-date\"><a href=\"https:\/\/ruba-thermoplast.ch\/de\/vorstellung-unserer-auszubildenden\/\"><span class=\"entry-date\">12. M\u00e4rz 2022<\/span><\/a><\/span>\r\n<\/div>\t\t\t\t\t\t\t<\/div>\r\n\t\t<\/div>\r\n\t\t\t\t\t<\/div>\r\n<\/article>\r\n<\/div><div class=\"grid-item metro-item  tp-col-lg-4 tp-col-md-6 tp-col-sm-12 tp-col-12  maerz-22  \"><article id=\"post-805\" class=\"post-805 post type-post status-publish format-standard has-post-thumbnail hentry category-maerz-22\">\r\n\t<div class=\"blog-list-content\">\r\n\t\t\t\t<div class=\"post-content-image\">\r\n\t\t\t<a href=\"https:\/\/ruba-thermoplast.ch\/de\/messe-einladung\/\">\r\n\t\t\t\t\t<div class=\"blog-featured-image  tp-cst-img-full img\">\r\n\t<span class=\"thumb-wrap\">\r\n\t\t<img loading=\"lazy\" decoding=\"async\" width=\"616\" height=\"350\" src=\"https:\/\/ruba-thermoplast.ch\/wp-content\/uploads\/2022\/07\/cb-2021-header-1240x350-dt_124_35_l.jpg\" class=\"attachment-large size-large\" alt=\"\" srcset=\"https:\/\/ruba-thermoplast.ch\/wp-content\/uploads\/2022\/07\/cb-2021-header-1240x350-dt_124_35_l.jpg 616w, https:\/\/ruba-thermoplast.ch\/wp-content\/uploads\/2022\/07\/cb-2021-header-1240x350-dt_124_35_l-300x170.jpg 300w\" sizes=\"(max-width: 616px) 100vw, 616px\" \/>\t<\/span>\r\n\t<\/div>\r\n\t\t\t<\/a>\r\n\t\t\t\t\t<\/div>\r\n\t\t\t\t<div class=\"post-content-bottom\">\r\n\t\t\t\t\t\t<div class=\"post-metro-content\">\r\n\t\t\t\t<h3 class=\"post-title\">\r\n\t<a href=\"https:\/\/ruba-thermoplast.ch\/de\/messe-einladung\/\" class=\"keep-all\">Messe Einladung<\/a>\r\n<\/h3>\r\n\t\t\t\t\t\t\t\t\t<div class=\"post-hover-content\">\r\n\t\t\t\t\t\t<div class=\"entry-content\">\r\n\t<p>Vom 20. bis zum 21. Oktober findet die Cosmetic Business Messe...<\/p>\r\n<\/div>\r\n\t\t\t\t\t<\/div>\r\n\t\t\t\t\t\t\t\t\t\t\t\t\t<div class=\"post-meta-info style-1\"><span class=\"meta-date\"><a href=\"https:\/\/ruba-thermoplast.ch\/de\/messe-einladung\/\"><span class=\"entry-date\">12. M\u00e4rz 2022<\/span><\/a><\/span>\r\n<\/div>\t\t\t\t\t\t\t<\/div>\r\n\t\t<\/div>\r\n\t\t\t\t\t<\/div>\r\n<\/article>\r\n<\/div><div class=\"grid-item metro-item  tp-col-lg-4 tp-col-md-6 tp-col-sm-12 tp-col-12  maerz-22  \"><article id=\"post-798\" class=\"post-798 post type-post status-publish format-standard has-post-thumbnail hentry category-maerz-22\">\r\n\t<div class=\"blog-list-content\">\r\n\t\t\t\t<div class=\"post-content-image\">\r\n\t\t\t<a href=\"https:\/\/ruba-thermoplast.ch\/de\/unser-umfangreiches-portfolio\/\">\r\n\t\t\t\t\t<div class=\"blog-featured-image  tp-cst-img-full img\">\r\n\t<span class=\"thumb-wrap\">\r\n\t\t<img loading=\"lazy\" decoding=\"async\" width=\"800\" height=\"800\" src=\"https:\/\/ruba-thermoplast.ch\/wp-content\/uploads\/2022\/03\/Newsletter02-1024x1024.jpg\" class=\"attachment-large size-large\" alt=\"\" srcset=\"https:\/\/ruba-thermoplast.ch\/wp-content\/uploads\/2022\/03\/Newsletter02-1024x1024.jpg 1024w, https:\/\/ruba-thermoplast.ch\/wp-content\/uploads\/2022\/03\/Newsletter02-300x300.jpg 300w, https:\/\/ruba-thermoplast.ch\/wp-content\/uploads\/2022\/03\/Newsletter02-150x150.jpg 150w, https:\/\/ruba-thermoplast.ch\/wp-content\/uploads\/2022\/03\/Newsletter02-768x768.jpg 768w, https:\/\/ruba-thermoplast.ch\/wp-content\/uploads\/2022\/03\/Newsletter02-12x12.jpg 12w, https:\/\/ruba-thermoplast.ch\/wp-content\/uploads\/2022\/03\/Newsletter02-700x700.jpg 700w, https:\/\/ruba-thermoplast.ch\/wp-content\/uploads\/2022\/03\/Newsletter02.jpg 1500w\" sizes=\"(max-width: 800px) 100vw, 800px\" \/>\t<\/span>\r\n\t<\/div>\r\n\t\t\t<\/a>\r\n\t\t\t\t\t<\/div>\r\n\t\t\t\t<div class=\"post-content-bottom\">\r\n\t\t\t\t\t\t<div class=\"post-metro-content\">\r\n\t\t\t\t<h3 class=\"post-title\">\r\n\t<a href=\"https:\/\/ruba-thermoplast.ch\/de\/unser-umfangreiches-portfolio\/\" class=\"keep-all\">Unser umfangreiches Portfolio<\/a>\r\n<\/h3>\r\n\t\t\t\t\t\t\t\t\t<div class=\"post-hover-content\">\r\n\t\t\t\t\t\t<div class=\"entry-content\">\r\n\t<p>Wir spezialisieren uns seit mehr als 60 Jahren auf die Herstellung...<\/p>\r\n<\/div>\r\n\t\t\t\t\t<\/div>\r\n\t\t\t\t\t\t\t\t\t\t\t\t\t<div class=\"post-meta-info style-1\"><span class=\"meta-date\"><a href=\"https:\/\/ruba-thermoplast.ch\/de\/unser-umfangreiches-portfolio\/\"><span class=\"entry-date\">12. M\u00e4rz 2022<\/span><\/a><\/span>\r\n<\/div>\t\t\t\t\t\t\t<\/div>\r\n\t\t<\/div>\r\n\t\t\t\t\t<\/div>\r\n<\/article>\r\n<\/div><div class=\"grid-item metro-item  tp-col-lg-4 tp-col-md-6 tp-col-sm-12 tp-col-12  maerz-22  \"><article id=\"post-790\" class=\"post-790 post type-post status-publish format-standard has-post-thumbnail hentry category-maerz-22\">\r\n\t<div class=\"blog-list-content\">\r\n\t\t\t\t<div class=\"post-content-image\">\r\n\t\t\t<a href=\"https:\/\/ruba-thermoplast.ch\/de\/easy-handling\/\">\r\n\t\t\t\t\t<div class=\"blog-featured-image  tp-cst-img-full img\">\r\n\t<span class=\"thumb-wrap\">\r\n\t\t<img loading=\"lazy\" decoding=\"async\" width=\"478\" height=\"268\" src=\"https:\/\/ruba-thermoplast.ch\/wp-content\/uploads\/2022\/07\/giphy.gif\" class=\"attachment-large size-large\" alt=\"\" \/>\t<\/span>\r\n\t<\/div>\r\n\t\t\t<\/a>\r\n\t\t\t\t\t<\/div>\r\n\t\t\t\t<div class=\"post-content-bottom\">\r\n\t\t\t\t\t\t<div class=\"post-metro-content\">\r\n\t\t\t\t<h3 class=\"post-title\">\r\n\t<a href=\"https:\/\/ruba-thermoplast.ch\/de\/easy-handling\/\" class=\"keep-all\">Easy Handling<\/a>\r\n<\/h3>\r\n\t\t\t\t\t\t\t\t\t<div class=\"post-hover-content\">\r\n\t\t\t\t\t\t<div class=\"entry-content\">\r\n\t<p>Schon immer war und ist unser Ziel die Kunden mit neuen...<\/p>\r\n<\/div>\r\n\t\t\t\t\t<\/div>\r\n\t\t\t\t\t\t\t\t\t\t\t\t\t<div class=\"post-meta-info style-1\"><span class=\"meta-date\"><a href=\"https:\/\/ruba-thermoplast.ch\/de\/easy-handling\/\"><span class=\"entry-date\">12. M\u00e4rz 2022<\/span><\/a><\/span>\r\n<\/div>\t\t\t\t\t\t\t<\/div>\r\n\t\t<\/div>\r\n\t\t\t\t\t<\/div>\r\n<\/article>\r\n<\/div><div class=\"grid-item metro-item  tp-col-lg-4 tp-col-md-6 tp-col-sm-12 tp-col-12  juli-21  \"><article id=\"post-835\" class=\"post-835 post type-post status-publish format-standard has-post-thumbnail hentry category-juli-21\">\r\n\t<div class=\"blog-list-content\">\r\n\t\t\t\t<div class=\"post-content-image\">\r\n\t\t\t<a href=\"https:\/\/ruba-thermoplast.ch\/de\/wir-sind-fuer-sie-da\/\">\r\n\t\t\t\t\t<div class=\"blog-featured-image  tp-cst-img-full img\">\r\n\t<span class=\"thumb-wrap\">\r\n\t\t<img loading=\"lazy\" decoding=\"async\" width=\"800\" height=\"454\" src=\"https:\/\/ruba-thermoplast.ch\/wp-content\/uploads\/2022\/07\/04_02-1024x581.jpg\" class=\"attachment-large size-large\" alt=\"\" srcset=\"https:\/\/ruba-thermoplast.ch\/wp-content\/uploads\/2022\/07\/04_02-1024x581.jpg 1024w, https:\/\/ruba-thermoplast.ch\/wp-content\/uploads\/2022\/07\/04_02-300x170.jpg 300w, https:\/\/ruba-thermoplast.ch\/wp-content\/uploads\/2022\/07\/04_02-768x436.jpg 768w, https:\/\/ruba-thermoplast.ch\/wp-content\/uploads\/2022\/07\/04_02.jpg 1280w\" sizes=\"(max-width: 800px) 100vw, 800px\" \/>\t<\/span>\r\n\t<\/div>\r\n\t\t\t<\/a>\r\n\t\t\t\t\t<\/div>\r\n\t\t\t\t<div class=\"post-content-bottom\">\r\n\t\t\t\t\t\t<div class=\"post-metro-content\">\r\n\t\t\t\t<h3 class=\"post-title\">\r\n\t<a href=\"https:\/\/ruba-thermoplast.ch\/de\/wir-sind-fuer-sie-da\/\" class=\"keep-all\">Wir sind f\u00fcr Sie da!<\/a>\r\n<\/h3>\r\n\t\t\t\t\t\t\t\t\t<div class=\"post-hover-content\">\r\n\t\t\t\t\t\t<div class=\"entry-content\">\r\n\t<p>Um unseren Kunden die Planung und den reibungslosen Ablauf der Bestellungen...<\/p>\r\n<\/div>\r\n\t\t\t\t\t<\/div>\r\n\t\t\t\t\t\t\t\t\t\t\t\t\t<div class=\"post-meta-info style-1\"><span class=\"meta-date\"><a href=\"https:\/\/ruba-thermoplast.ch\/de\/wir-sind-fuer-sie-da\/\"><span class=\"entry-date\">12. Juli 2021<\/span><\/a><\/span>\r\n<\/div>\t\t\t\t\t\t\t<\/div>\r\n\t\t<\/div>\r\n\t\t\t\t\t<\/div>\r\n<\/article>\r\n<\/div><div class=\"grid-item metro-item  tp-col-lg-4 tp-col-md-6 tp-col-sm-12 tp-col-12  juli-21  \"><article id=\"post-828\" class=\"post-828 post type-post status-publish format-standard has-post-thumbnail hentry category-juli-21\">\r\n\t<div class=\"blog-list-content\">\r\n\t\t\t\t<div class=\"post-content-image\">\r\n\t\t\t<a href=\"https:\/\/ruba-thermoplast.ch\/de\/iso-9001-14001\/\">\r\n\t\t\t\t\t<div class=\"blog-featured-image  tp-cst-img-full img\">\r\n\t<span class=\"thumb-wrap\">\r\n\t\t<img loading=\"lazy\" decoding=\"async\" width=\"800\" height=\"800\" src=\"https:\/\/ruba-thermoplast.ch\/wp-content\/uploads\/2021\/07\/ISO-1024x1024.jpg\" class=\"attachment-large size-large\" alt=\"\" srcset=\"https:\/\/ruba-thermoplast.ch\/wp-content\/uploads\/2021\/07\/ISO.jpg 1024w, https:\/\/ruba-thermoplast.ch\/wp-content\/uploads\/2021\/07\/ISO-300x300.jpg 300w, https:\/\/ruba-thermoplast.ch\/wp-content\/uploads\/2021\/07\/ISO-150x150.jpg 150w, https:\/\/ruba-thermoplast.ch\/wp-content\/uploads\/2021\/07\/ISO-768x768.jpg 768w, https:\/\/ruba-thermoplast.ch\/wp-content\/uploads\/2021\/07\/ISO-12x12.jpg 12w, https:\/\/ruba-thermoplast.ch\/wp-content\/uploads\/2021\/07\/ISO-700x700.jpg 700w\" sizes=\"(max-width: 800px) 100vw, 800px\" \/>\t<\/span>\r\n\t<\/div>\r\n\t\t\t<\/a>\r\n\t\t\t\t\t<\/div>\r\n\t\t\t\t<div class=\"post-content-bottom\">\r\n\t\t\t\t\t\t<div class=\"post-metro-content\">\r\n\t\t\t\t<h3 class=\"post-title\">\r\n\t<a href=\"https:\/\/ruba-thermoplast.ch\/de\/iso-9001-14001\/\" class=\"keep-all\">ISO 9001\/14001<\/a>\r\n<\/h3>\r\n\t\t\t\t\t\t\t\t\t<div class=\"post-hover-content\">\r\n\t\t\t\t\t\t<div class=\"entry-content\">\r\n\t<p>Im Juni 2021 wurde das externe Audit f\u00fcr die Verl\u00e4ngerung der...<\/p>\r\n<\/div>\r\n\t\t\t\t\t<\/div>\r\n\t\t\t\t\t\t\t\t\t\t\t\t\t<div class=\"post-meta-info style-1\"><span class=\"meta-date\"><a href=\"https:\/\/ruba-thermoplast.ch\/de\/iso-9001-14001\/\"><span class=\"entry-date\">12. Juli 2021<\/span><\/a><\/span>\r\n<\/div>\t\t\t\t\t\t\t<\/div>\r\n\t\t<\/div>\r\n\t\t\t\t\t<\/div>\r\n<\/article>\r\n<\/div><div class=\"grid-item metro-item  tp-col-lg-4 tp-col-md-6 tp-col-sm-12 tp-col-12  juli-21  \"><article id=\"post-820\" class=\"post-820 post type-post status-publish format-standard has-post-thumbnail hentry category-juli-21\">\r\n\t<div class=\"blog-list-content\">\r\n\t\t\t\t<div class=\"post-content-image\">\r\n\t\t\t<a href=\"https:\/\/ruba-thermoplast.ch\/de\/investitionen-in-den-werkzeugbau\/\">\r\n\t\t\t\t\t<div class=\"blog-featured-image  tp-cst-img-full img\">\r\n\t<span class=\"thumb-wrap\">\r\n\t\t<img loading=\"lazy\" decoding=\"async\" width=\"800\" height=\"450\" src=\"https:\/\/ruba-thermoplast.ch\/wp-content\/uploads\/2022\/07\/inest.jpg\" class=\"attachment-large size-large\" alt=\"\" srcset=\"https:\/\/ruba-thermoplast.ch\/wp-content\/uploads\/2022\/07\/inest.jpg 900w, https:\/\/ruba-thermoplast.ch\/wp-content\/uploads\/2022\/07\/inest-300x169.jpg 300w, https:\/\/ruba-thermoplast.ch\/wp-content\/uploads\/2022\/07\/inest-768x432.jpg 768w\" sizes=\"(max-width: 800px) 100vw, 800px\" \/>\t<\/span>\r\n\t<\/div>\r\n\t\t\t<\/a>\r\n\t\t\t\t\t<\/div>\r\n\t\t\t\t<div class=\"post-content-bottom\">\r\n\t\t\t\t\t\t<div class=\"post-metro-content\">\r\n\t\t\t\t<h3 class=\"post-title\">\r\n\t<a href=\"https:\/\/ruba-thermoplast.ch\/de\/investitionen-in-den-werkzeugbau\/\" class=\"keep-all\">Investitionen in den Werkzeug...<\/a>\r\n<\/h3>\r\n\t\t\t\t\t\t\t\t\t<div class=\"post-hover-content\">\r\n\t\t\t\t\t\t<div class=\"entry-content\">\r\n\t<p>Wir verbinden Ihre und unsere St\u00e4rken. Profitieren Sie von mehr als...<\/p>\r\n<\/div>\r\n\t\t\t\t\t<\/div>\r\n\t\t\t\t\t\t\t\t\t\t\t\t\t<div class=\"post-meta-info style-1\"><span class=\"meta-date\"><a href=\"https:\/\/ruba-thermoplast.ch\/de\/investitionen-in-den-werkzeugbau\/\"><span class=\"entry-date\">12. Juli 2021<\/span><\/a><\/span>\r\n<\/div>\t\t\t\t\t\t\t<\/div>\r\n\t\t<\/div>\r\n\t\t\t\t\t<\/div>\r\n<\/article>\r\n<\/div><div class=\"grid-item metro-item  tp-col-lg-4 tp-col-md-6 tp-col-sm-12 tp-col-12  juli-21  \"><article id=\"post-436\" class=\"post-436 post type-post status-publish format-standard has-post-thumbnail hentry category-juli-21\">\r\n\t<div class=\"blog-list-content\">\r\n\t\t\t\t<div class=\"post-content-image\">\r\n\t\t\t<a href=\"https:\/\/ruba-thermoplast.ch\/de\/neu-wir-erweitern-unser-portfolio\/\">\r\n\t\t\t\t\t<div class=\"blog-featured-image  tp-cst-img-full img\">\r\n\t<span class=\"thumb-wrap\">\r\n\t\t<img loading=\"lazy\" decoding=\"async\" width=\"800\" height=\"454\" src=\"https:\/\/ruba-thermoplast.ch\/wp-content\/uploads\/2022\/06\/01_02-1024x581.jpg\" class=\"attachment-large size-large\" alt=\"\" srcset=\"https:\/\/ruba-thermoplast.ch\/wp-content\/uploads\/2022\/06\/01_02-1024x581.jpg 1024w, https:\/\/ruba-thermoplast.ch\/wp-content\/uploads\/2022\/06\/01_02-300x170.jpg 300w, https:\/\/ruba-thermoplast.ch\/wp-content\/uploads\/2022\/06\/01_02-768x436.jpg 768w, https:\/\/ruba-thermoplast.ch\/wp-content\/uploads\/2022\/06\/01_02-1536x872.jpg 1536w, https:\/\/ruba-thermoplast.ch\/wp-content\/uploads\/2022\/06\/01_02-2048x1162.jpg 2048w, https:\/\/ruba-thermoplast.ch\/wp-content\/uploads\/2022\/06\/01_02-scaled-640x363.jpg 640w\" sizes=\"(max-width: 800px) 100vw, 800px\" \/>\t<\/span>\r\n\t<\/div>\r\n\t\t\t<\/a>\r\n\t\t\t\t\t<\/div>\r\n\t\t\t\t<div class=\"post-content-bottom\">\r\n\t\t\t\t\t\t<div class=\"post-metro-content\">\r\n\t\t\t\t<h3 class=\"post-title\">\r\n\t<a href=\"https:\/\/ruba-thermoplast.ch\/de\/neu-wir-erweitern-unser-portfolio\/\" class=\"keep-all\">NEU! Wir erweitern unser Port...<\/a>\r\n<\/h3>\r\n\t\t\t\t\t\t\t\t\t<div class=\"post-hover-content\">\r\n\t\t\t\t\t\t<div class=\"entry-content\">\r\n\t<p>M\u00f6chten Sie zu den Ersten geh\u00f6ren, die unsere neuen super-transparenten Verschl\u00fcsse...<\/p>\r\n<\/div>\r\n\t\t\t\t\t<\/div>\r\n\t\t\t\t\t\t\t\t\t\t\t\t\t<div class=\"post-meta-info style-1\"><span class=\"meta-date\"><a href=\"https:\/\/ruba-thermoplast.ch\/de\/neu-wir-erweitern-unser-portfolio\/\"><span class=\"entry-date\">3. Juli 2021<\/span><\/a><\/span>\r\n<\/div>\t\t\t\t\t\t\t<\/div>\r\n\t\t<\/div>\r\n\t\t\t\t\t<\/div>\r\n<\/article>\r\n<\/div><div class=\"grid-item metro-item  tp-col-lg-4 tp-col-md-6 tp-col-sm-12 tp-col-12  februar-21  \"><article id=\"post-447\" class=\"post-447 post type-post status-publish format-standard has-post-thumbnail hentry category-februar-21\">\r\n\t<div class=\"blog-list-content\">\r\n\t\t\t\t<div class=\"post-content-image\">\r\n\t\t\t<a href=\"https:\/\/ruba-thermoplast.ch\/de\/so-wird-das-neue-jahr-2021\/\">\r\n\t\t\t\t\t<div class=\"blog-featured-image  tp-cst-img-full img\">\r\n\t<span class=\"thumb-wrap\">\r\n\t\t<img loading=\"lazy\" decoding=\"async\" width=\"800\" height=\"450\" src=\"https:\/\/ruba-thermoplast.ch\/wp-content\/uploads\/2022\/06\/01_HP-1024x576.jpg\" class=\"attachment-large size-large\" alt=\"\" srcset=\"https:\/\/ruba-thermoplast.ch\/wp-content\/uploads\/2022\/06\/01_HP-1024x576.jpg 1024w, https:\/\/ruba-thermoplast.ch\/wp-content\/uploads\/2022\/06\/01_HP-300x169.jpg 300w, https:\/\/ruba-thermoplast.ch\/wp-content\/uploads\/2022\/06\/01_HP-768x432.jpg 768w, https:\/\/ruba-thermoplast.ch\/wp-content\/uploads\/2022\/06\/01_HP-640x360-640x360.jpg 640w, https:\/\/ruba-thermoplast.ch\/wp-content\/uploads\/2022\/06\/01_HP.jpg 1292w\" sizes=\"(max-width: 800px) 100vw, 800px\" \/>\t<\/span>\r\n\t<\/div>\r\n\t\t\t<\/a>\r\n\t\t\t\t\t<\/div>\r\n\t\t\t\t<div class=\"post-content-bottom\">\r\n\t\t\t\t\t\t<div class=\"post-metro-content\">\r\n\t\t\t\t<h3 class=\"post-title\">\r\n\t<a href=\"https:\/\/ruba-thermoplast.ch\/de\/so-wird-das-neue-jahr-2021\/\" class=\"keep-all\">So wird das neue Jahr 2021<\/a>\r\n<\/h3>\r\n\t\t\t\t\t\t\t\t\t<div class=\"post-hover-content\">\r\n\t\t\t\t\t\t<div class=\"entry-content\">\r\n\t<p>M\u00f6chten Sie zu den Ersten geh\u00f6ren, die unsere neuen super-transparenten Verschl\u00fcsse...<\/p>\r\n<\/div>\r\n\t\t\t\t\t<\/div>\r\n\t\t\t\t\t\t\t\t\t\t\t\t\t<div class=\"post-meta-info style-1\"><span class=\"meta-date\"><a href=\"https:\/\/ruba-thermoplast.ch\/de\/so-wird-das-neue-jahr-2021\/\"><span class=\"entry-date\">19. Februar 2021<\/span><\/a><\/span>\r\n<\/div>\t\t\t\t\t\t\t<\/div>\r\n\t\t<\/div>\r\n\t\t\t\t\t<\/div>\r\n<\/article>\r\n<\/div><div class=\"grid-item metro-item  tp-col-lg-4 tp-col-md-6 tp-col-sm-12 tp-col-12  februar-21  \"><article id=\"post-1154\" class=\"post-1154 post type-post status-publish format-standard has-post-thumbnail hentry category-februar-21\">\r\n\t<div class=\"blog-list-content\">\r\n\t\t\t\t<div class=\"post-content-image\">\r\n\t\t\t<a href=\"https:\/\/ruba-thermoplast.ch\/de\/unsere-mitarbeiter-das-herz-des-unternehmens\/\">\r\n\t\t\t\t\t<div class=\"blog-featured-image  tp-cst-img-full img\">\r\n\t<span class=\"thumb-wrap\">\r\n\t\t<img loading=\"lazy\" decoding=\"async\" width=\"800\" height=\"450\" src=\"https:\/\/ruba-thermoplast.ch\/wp-content\/uploads\/2022\/08\/04_HP.jpg\" class=\"attachment-large size-large\" alt=\"\" srcset=\"https:\/\/ruba-thermoplast.ch\/wp-content\/uploads\/2022\/08\/04_HP.jpg 800w, https:\/\/ruba-thermoplast.ch\/wp-content\/uploads\/2022\/08\/04_HP-300x169.jpg 300w, https:\/\/ruba-thermoplast.ch\/wp-content\/uploads\/2022\/08\/04_HP-768x432.jpg 768w\" sizes=\"(max-width: 800px) 100vw, 800px\" \/>\t<\/span>\r\n\t<\/div>\r\n\t\t\t<\/a>\r\n\t\t\t\t\t<\/div>\r\n\t\t\t\t<div class=\"post-content-bottom\">\r\n\t\t\t\t\t\t<div class=\"post-metro-content\">\r\n\t\t\t\t<h3 class=\"post-title\">\r\n\t<a href=\"https:\/\/ruba-thermoplast.ch\/de\/unsere-mitarbeiter-das-herz-des-unternehmens\/\" class=\"keep-all\">Unsere Mitarbeiter &#8211; da...<\/a>\r\n<\/h3>\r\n\t\t\t\t\t\t\t\t\t<div class=\"post-hover-content\">\r\n\t\t\t\t\t\t<div class=\"entry-content\">\r\n\t<p>Unser Team besteht aus 20 Mitarbeitern. Mehr als sechs verschiedene Nationalit\u00e4ten...<\/p>\r\n<\/div>\r\n\t\t\t\t\t<\/div>\r\n\t\t\t\t\t\t\t\t\t\t\t\t\t<div class=\"post-meta-info style-1\"><span class=\"meta-date\"><a href=\"https:\/\/ruba-thermoplast.ch\/de\/unsere-mitarbeiter-das-herz-des-unternehmens\/\"><span class=\"entry-date\">5. Februar 2021<\/span><\/a><\/span>\r\n<\/div>\t\t\t\t\t\t\t<\/div>\r\n\t\t<\/div>\r\n\t\t\t\t\t<\/div>\r\n<\/article>\r\n<\/div><div class=\"grid-item metro-item  tp-col-lg-4 tp-col-md-6 tp-col-sm-12 tp-col-12  februar-21  \"><article id=\"post-1103\" class=\"post-1103 post type-post status-publish format-standard has-post-thumbnail hentry category-februar-21\">\r\n\t<div class=\"blog-list-content\">\r\n\t\t\t\t<div class=\"post-content-image\">\r\n\t\t\t<a href=\"https:\/\/ruba-thermoplast.ch\/de\/eine-zukunft-ohne-carbon-black-schwarze-verschluesse-ohne-russ\/\">\r\n\t\t\t\t\t<div class=\"blog-featured-image  tp-cst-img-full img\">\r\n\t<span class=\"thumb-wrap\">\r\n\t\t<img loading=\"lazy\" decoding=\"async\" width=\"800\" height=\"450\" src=\"https:\/\/ruba-thermoplast.ch\/wp-content\/uploads\/2022\/08\/03_HP.jpg\" class=\"attachment-large size-large\" alt=\"\" srcset=\"https:\/\/ruba-thermoplast.ch\/wp-content\/uploads\/2022\/08\/03_HP.jpg 900w, https:\/\/ruba-thermoplast.ch\/wp-content\/uploads\/2022\/08\/03_HP-300x169.jpg 300w, https:\/\/ruba-thermoplast.ch\/wp-content\/uploads\/2022\/08\/03_HP-768x432.jpg 768w\" sizes=\"(max-width: 800px) 100vw, 800px\" \/>\t<\/span>\r\n\t<\/div>\r\n\t\t\t<\/a>\r\n\t\t\t\t\t<\/div>\r\n\t\t\t\t<div class=\"post-content-bottom\">\r\n\t\t\t\t\t\t<div class=\"post-metro-content\">\r\n\t\t\t\t<h3 class=\"post-title\">\r\n\t<a href=\"https:\/\/ruba-thermoplast.ch\/de\/eine-zukunft-ohne-carbon-black-schwarze-verschluesse-ohne-russ\/\" class=\"keep-all\">Eine Zukunft ohne Carbon blac...<\/a>\r\n<\/h3>\r\n\t\t\t\t\t\t\t\t\t<div class=\"post-hover-content\">\r\n\t\t\t\t\t\t<div class=\"entry-content\">\r\n\t<p>Recycling ist uns weiterhin wichtig. Es gibt bereits gen\u00fcgend PCR-Materialien, die...<\/p>\r\n<\/div>\r\n\t\t\t\t\t<\/div>\r\n\t\t\t\t\t\t\t\t\t\t\t\t\t<div class=\"post-meta-info style-1\"><span class=\"meta-date\"><a href=\"https:\/\/ruba-thermoplast.ch\/de\/eine-zukunft-ohne-carbon-black-schwarze-verschluesse-ohne-russ\/\"><span class=\"entry-date\">4. Februar 2021<\/span><\/a><\/span>\r\n<\/div>\t\t\t\t\t\t\t<\/div>\r\n\t\t<\/div>\r\n\t\t\t\t\t<\/div>\r\n<\/article>\r\n<\/div><div class=\"grid-item metro-item  tp-col-lg-4 tp-col-md-6 tp-col-sm-12 tp-col-12  februar-21  \"><article id=\"post-1095\" class=\"post-1095 post type-post status-publish format-standard has-post-thumbnail hentry category-februar-21\">\r\n\t<div class=\"blog-list-content\">\r\n\t\t\t\t<div class=\"post-content-image\">\r\n\t\t\t<a href=\"https:\/\/ruba-thermoplast.ch\/de\/einsparpotenziale-bei-unseren-verschluessen\/\">\r\n\t\t\t\t\t<div class=\"blog-featured-image  tp-cst-img-full img\">\r\n\t<span class=\"thumb-wrap\">\r\n\t\t<img loading=\"lazy\" decoding=\"async\" width=\"800\" height=\"450\" src=\"https:\/\/ruba-thermoplast.ch\/wp-content\/uploads\/2022\/08\/02_HP.jpg\" class=\"attachment-large size-large\" alt=\"\" srcset=\"https:\/\/ruba-thermoplast.ch\/wp-content\/uploads\/2022\/08\/02_HP.jpg 900w, https:\/\/ruba-thermoplast.ch\/wp-content\/uploads\/2022\/08\/02_HP-300x169.jpg 300w, https:\/\/ruba-thermoplast.ch\/wp-content\/uploads\/2022\/08\/02_HP-768x432.jpg 768w\" sizes=\"(max-width: 800px) 100vw, 800px\" \/>\t<\/span>\r\n\t<\/div>\r\n\t\t\t<\/a>\r\n\t\t\t\t\t<\/div>\r\n\t\t\t\t<div class=\"post-content-bottom\">\r\n\t\t\t\t\t\t<div class=\"post-metro-content\">\r\n\t\t\t\t<h3 class=\"post-title\">\r\n\t<a href=\"https:\/\/ruba-thermoplast.ch\/de\/einsparpotenziale-bei-unseren-verschluessen\/\" class=\"keep-all\">Einsparpotenziale bei unseren...<\/a>\r\n<\/h3>\r\n\t\t\t\t\t\t\t\t\t<div class=\"post-hover-content\">\r\n\t\t\t\t\t\t<div class=\"entry-content\">\r\n\t<p>Die Nachhaltigkeit einer Verpackung ist mittlerweile eine der wichtigsten Aspekte geworden....<\/p>\r\n<\/div>\r\n\t\t\t\t\t<\/div>\r\n\t\t\t\t\t\t\t\t\t\t\t\t\t<div class=\"post-meta-info style-1\"><span class=\"meta-date\"><a href=\"https:\/\/ruba-thermoplast.ch\/de\/einsparpotenziale-bei-unseren-verschluessen\/\"><span class=\"entry-date\">3. Februar 2021<\/span><\/a><\/span>\r\n<\/div>\t\t\t\t\t\t\t<\/div>\r\n\t\t<\/div>\r\n\t\t\t\t\t<\/div>\r\n<\/article>\r\n<\/div><div class=\"grid-item metro-item  tp-col-lg-4 tp-col-md-6 tp-col-sm-12 tp-col-12  september-20  \"><article id=\"post-1203\" class=\"post-1203 post type-post status-publish format-standard has-post-thumbnail hentry category-september-20\">\r\n\t<div class=\"blog-list-content\">\r\n\t\t\t\t<div class=\"post-content-image\">\r\n\t\t\t<a href=\"https:\/\/ruba-thermoplast.ch\/de\/30-jahre-firmentreue\/\">\r\n\t\t\t\t\t<div class=\"blog-featured-image  tp-cst-img-full img\">\r\n\t<span class=\"thumb-wrap\">\r\n\t\t<img loading=\"lazy\" decoding=\"async\" width=\"800\" height=\"372\" src=\"https:\/\/ruba-thermoplast.ch\/wp-content\/uploads\/2022\/08\/4_SB.jpg\" class=\"attachment-large size-large\" alt=\"\" srcset=\"https:\/\/ruba-thermoplast.ch\/wp-content\/uploads\/2022\/08\/4_SB.jpg 900w, https:\/\/ruba-thermoplast.ch\/wp-content\/uploads\/2022\/08\/4_SB-300x140.jpg 300w, https:\/\/ruba-thermoplast.ch\/wp-content\/uploads\/2022\/08\/4_SB-768x358.jpg 768w\" sizes=\"(max-width: 800px) 100vw, 800px\" \/>\t<\/span>\r\n\t<\/div>\r\n\t\t\t<\/a>\r\n\t\t\t\t\t<\/div>\r\n\t\t\t\t<div class=\"post-content-bottom\">\r\n\t\t\t\t\t\t<div class=\"post-metro-content\">\r\n\t\t\t\t<h3 class=\"post-title\">\r\n\t<a href=\"https:\/\/ruba-thermoplast.ch\/de\/30-jahre-firmentreue\/\" class=\"keep-all\">30 Jahre Firmentreue<\/a>\r\n<\/h3>\r\n\t\t\t\t\t\t\t\t\t<div class=\"post-hover-content\">\r\n\t\t\t\t\t\t<div class=\"entry-content\">\r\n\t<p>Im September 2020 feierte Herr Serge Blauel sein 30-j\u00e4hriges Dienstjubil\u00e4um. Herr...<\/p>\r\n<\/div>\r\n\t\t\t\t\t<\/div>\r\n\t\t\t\t\t\t\t\t\t\t\t\t\t<div class=\"post-meta-info style-1\"><span class=\"meta-date\"><a href=\"https:\/\/ruba-thermoplast.ch\/de\/30-jahre-firmentreue\/\"><span class=\"entry-date\">3. September 2020<\/span><\/a><\/span>\r\n<\/div>\t\t\t\t\t\t\t<\/div>\r\n\t\t<\/div>\r\n\t\t\t\t\t<\/div>\r\n<\/article>\r\n<\/div><div class=\"grid-item metro-item  tp-col-lg-4 tp-col-md-6 tp-col-sm-12 tp-col-12  september-20  \"><article id=\"post-1196\" class=\"post-1196 post type-post status-publish format-standard has-post-thumbnail hentry category-september-20\">\r\n\t<div class=\"blog-list-content\">\r\n\t\t\t\t<div class=\"post-content-image\">\r\n\t\t\t<a href=\"https:\/\/ruba-thermoplast.ch\/de\/covid-19-wir-schuetzen-uns\/\">\r\n\t\t\t\t\t<div class=\"blog-featured-image  tp-cst-img-full img\">\r\n\t<span class=\"thumb-wrap\">\r\n\t\t<img loading=\"lazy\" decoding=\"async\" width=\"800\" height=\"411\" src=\"https:\/\/ruba-thermoplast.ch\/wp-content\/uploads\/2022\/08\/EK.jpg\" class=\"attachment-large size-large\" alt=\"\" srcset=\"https:\/\/ruba-thermoplast.ch\/wp-content\/uploads\/2022\/08\/EK.jpg 900w, https:\/\/ruba-thermoplast.ch\/wp-content\/uploads\/2022\/08\/EK-300x154.jpg 300w, https:\/\/ruba-thermoplast.ch\/wp-content\/uploads\/2022\/08\/EK-768x394.jpg 768w\" sizes=\"(max-width: 800px) 100vw, 800px\" \/>\t<\/span>\r\n\t<\/div>\r\n\t\t\t<\/a>\r\n\t\t\t\t\t<\/div>\r\n\t\t\t\t<div class=\"post-content-bottom\">\r\n\t\t\t\t\t\t<div class=\"post-metro-content\">\r\n\t\t\t\t<h3 class=\"post-title\">\r\n\t<a href=\"https:\/\/ruba-thermoplast.ch\/de\/covid-19-wir-schuetzen-uns\/\" class=\"keep-all\">Covid-19 | Wir sch\u00fctzen uns!<\/a>\r\n<\/h3>\r\n\t\t\t\t\t\t\t\t\t<div class=\"post-hover-content\">\r\n\t\t\t\t\t\t<div class=\"entry-content\">\r\n\t<p>In unserem Betrieb gibt es bisher keine best\u00e4tigten F\u00e4lle. Dank unseren...<\/p>\r\n<\/div>\r\n\t\t\t\t\t<\/div>\r\n\t\t\t\t\t\t\t\t\t\t\t\t\t<div class=\"post-meta-info style-1\"><span class=\"meta-date\"><a href=\"https:\/\/ruba-thermoplast.ch\/de\/covid-19-wir-schuetzen-uns\/\"><span class=\"entry-date\">3. September 2020<\/span><\/a><\/span>\r\n<\/div>\t\t\t\t\t\t\t<\/div>\r\n\t\t<\/div>\r\n\t\t\t\t\t<\/div>\r\n<\/article>\r\n<\/div><div class=\"grid-item metro-item  tp-col-lg-4 tp-col-md-6 tp-col-sm-12 tp-col-12  september-20  \"><article id=\"post-1189\" class=\"post-1189 post type-post status-publish format-standard has-post-thumbnail hentry category-september-20\">\r\n\t<div class=\"blog-list-content\">\r\n\t\t\t\t<div class=\"post-content-image\">\r\n\t\t\t<a href=\"https:\/\/ruba-thermoplast.ch\/de\/ruba-verschluss-mit-einer-echten-holzkappe\/\">\r\n\t\t\t\t\t<div class=\"blog-featured-image  tp-cst-img-full img\">\r\n\t<span class=\"thumb-wrap\">\r\n\t\t<img loading=\"lazy\" decoding=\"async\" width=\"800\" height=\"346\" src=\"https:\/\/ruba-thermoplast.ch\/wp-content\/uploads\/2022\/08\/wood.jpg\" class=\"attachment-large size-large\" alt=\"\" srcset=\"https:\/\/ruba-thermoplast.ch\/wp-content\/uploads\/2022\/08\/wood.jpg 900w, https:\/\/ruba-thermoplast.ch\/wp-content\/uploads\/2022\/08\/wood-300x130.jpg 300w, https:\/\/ruba-thermoplast.ch\/wp-content\/uploads\/2022\/08\/wood-768x332.jpg 768w\" sizes=\"(max-width: 800px) 100vw, 800px\" \/>\t<\/span>\r\n\t<\/div>\r\n\t\t\t<\/a>\r\n\t\t\t\t\t<\/div>\r\n\t\t\t\t<div class=\"post-content-bottom\">\r\n\t\t\t\t\t\t<div class=\"post-metro-content\">\r\n\t\t\t\t<h3 class=\"post-title\">\r\n\t<a href=\"https:\/\/ruba-thermoplast.ch\/de\/ruba-verschluss-mit-einer-echten-holzkappe\/\" class=\"keep-all\">RUBA Verschluss mit einer ech...<\/a>\r\n<\/h3>\r\n\t\t\t\t\t\t\t\t\t<div class=\"post-hover-content\">\r\n\t\t\t\t\t\t<div class=\"entry-content\">\r\n\t<p>Als Erweiterung unseres Sortiments bieten wir eine ganz spezielle Kombination aus...<\/p>\r\n<\/div>\r\n\t\t\t\t\t<\/div>\r\n\t\t\t\t\t\t\t\t\t\t\t\t\t<div class=\"post-meta-info style-1\"><span class=\"meta-date\"><a href=\"https:\/\/ruba-thermoplast.ch\/de\/ruba-verschluss-mit-einer-echten-holzkappe\/\"><span class=\"entry-date\">3. September 2020<\/span><\/a><\/span>\r\n<\/div>\t\t\t\t\t\t\t<\/div>\r\n\t\t<\/div>\r\n\t\t\t\t\t<\/div>\r\n<\/article>\r\n<\/div><div class=\"grid-item metro-item  tp-col-lg-4 tp-col-md-6 tp-col-sm-12 tp-col-12  september-20  \"><article id=\"post-1181\" class=\"post-1181 post type-post status-publish format-standard has-post-thumbnail hentry category-september-20\">\r\n\t<div class=\"blog-list-content\">\r\n\t\t\t\t<div class=\"post-content-image\">\r\n\t\t\t<a href=\"https:\/\/ruba-thermoplast.ch\/de\/neue-universal-linie-fuer-hdpe-pet-und-pcr\/\">\r\n\t\t\t\t\t<div class=\"blog-featured-image  tp-cst-img-full img\">\r\n\t<span class=\"thumb-wrap\">\r\n\t\t<img loading=\"lazy\" decoding=\"async\" width=\"800\" height=\"373\" src=\"https:\/\/ruba-thermoplast.ch\/wp-content\/uploads\/2022\/08\/1_Uniline.jpg\" class=\"attachment-large size-large\" alt=\"\" srcset=\"https:\/\/ruba-thermoplast.ch\/wp-content\/uploads\/2022\/08\/1_Uniline.jpg 900w, https:\/\/ruba-thermoplast.ch\/wp-content\/uploads\/2022\/08\/1_Uniline-300x140.jpg 300w, https:\/\/ruba-thermoplast.ch\/wp-content\/uploads\/2022\/08\/1_Uniline-768x358.jpg 768w\" sizes=\"(max-width: 800px) 100vw, 800px\" \/>\t<\/span>\r\n\t<\/div>\r\n\t\t\t<\/a>\r\n\t\t\t\t\t<\/div>\r\n\t\t\t\t<div class=\"post-content-bottom\">\r\n\t\t\t\t\t\t<div class=\"post-metro-content\">\r\n\t\t\t\t<h3 class=\"post-title\">\r\n\t<a href=\"https:\/\/ruba-thermoplast.ch\/de\/neue-universal-linie-fuer-hdpe-pet-und-pcr\/\" class=\"keep-all\">Neue Universal Linie f\u00fcr HDP...<\/a>\r\n<\/h3>\r\n\t\t\t\t\t\t\t\t\t<div class=\"post-hover-content\">\r\n\t\t\t\t\t\t<div class=\"entry-content\">\r\n\t<p>Wir sollten nicht auf Kosten kommender Generationen leben. Je weniger wir...<\/p>\r\n<\/div>\r\n\t\t\t\t\t<\/div>\r\n\t\t\t\t\t\t\t\t\t\t\t\t\t<div class=\"post-meta-info style-1\"><span class=\"meta-date\"><a href=\"https:\/\/ruba-thermoplast.ch\/de\/neue-universal-linie-fuer-hdpe-pet-und-pcr\/\"><span class=\"entry-date\">3. September 2020<\/span><\/a><\/span>\r\n<\/div>\t\t\t\t\t\t\t<\/div>\r\n\t\t<\/div>\r\n\t\t\t\t\t<\/div>\r\n<\/article>\r\n<\/div><div class=\"grid-item metro-item  tp-col-lg-4 tp-col-md-6 tp-col-sm-12 tp-col-12  juli-20  \"><article id=\"post-1210\" class=\"post-1210 post type-post status-publish format-standard has-post-thumbnail hentry category-juli-20\">\r\n\t<div class=\"blog-list-content\">\r\n\t\t\t\t<div class=\"post-content-image\">\r\n\t\t\t<a href=\"https:\/\/ruba-thermoplast.ch\/de\/nachfolgeregelung-aenderung-in-der-geschaeftsleitung\/\">\r\n\t\t\t\t\t<div class=\"blog-featured-image  tp-cst-img-full img\">\r\n\t<span class=\"thumb-wrap\">\r\n\t\t<img loading=\"lazy\" decoding=\"async\" width=\"800\" height=\"373\" src=\"https:\/\/ruba-thermoplast.ch\/wp-content\/uploads\/2022\/08\/JB_SR_1.jpg\" class=\"attachment-large size-large\" alt=\"\" srcset=\"https:\/\/ruba-thermoplast.ch\/wp-content\/uploads\/2022\/08\/JB_SR_1.jpg 900w, https:\/\/ruba-thermoplast.ch\/wp-content\/uploads\/2022\/08\/JB_SR_1-300x140.jpg 300w, https:\/\/ruba-thermoplast.ch\/wp-content\/uploads\/2022\/08\/JB_SR_1-768x358.jpg 768w\" sizes=\"(max-width: 800px) 100vw, 800px\" \/>\t<\/span>\r\n\t<\/div>\r\n\t\t\t<\/a>\r\n\t\t\t\t\t<\/div>\r\n\t\t\t\t<div class=\"post-content-bottom\">\r\n\t\t\t\t\t\t<div class=\"post-metro-content\">\r\n\t\t\t\t<h3 class=\"post-title\">\r\n\t<a href=\"https:\/\/ruba-thermoplast.ch\/de\/nachfolgeregelung-aenderung-in-der-geschaeftsleitung\/\" class=\"keep-all\">Nachfolgeregelung &#038; \u00c4nd...<\/a>\r\n<\/h3>\r\n\t\t\t\t\t\t\t\t\t<div class=\"post-hover-content\">\r\n\t\t\t\t\t\t<div class=\"entry-content\">\r\n\t<p>Nach \u00fcber 17-j\u00e4hriger T\u00e4tigkeit als Gesch\u00e4ftsleiter wird Herr Jost Baumgartner die...<\/p>\r\n<\/div>\r\n\t\t\t\t\t<\/div>\r\n\t\t\t\t\t\t\t\t\t\t\t\t\t<div class=\"post-meta-info style-1\"><span class=\"meta-date\"><a href=\"https:\/\/ruba-thermoplast.ch\/de\/nachfolgeregelung-aenderung-in-der-geschaeftsleitung\/\"><span class=\"entry-date\">3. Juli 2020<\/span><\/a><\/span>\r\n<\/div>\t\t\t\t\t\t\t<\/div>\r\n\t\t<\/div>\r\n\t\t\t\t\t<\/div>\r\n<\/article>\r\n<\/div><div class=\"grid-item metro-item  tp-col-lg-4 tp-col-md-6 tp-col-sm-12 tp-col-12  mai-20  \"><article id=\"post-1220\" class=\"post-1220 post type-post status-publish format-standard has-post-thumbnail hentry category-mai-20\">\r\n\t<div class=\"blog-list-content\">\r\n\t\t\t\t<div class=\"post-content-image\">\r\n\t\t\t<a href=\"https:\/\/ruba-thermoplast.ch\/de\/was-gibts-neues\/\">\r\n\t\t\t\t\t<div class=\"blog-featured-image  tp-cst-img-full img\">\r\n\t<span class=\"thumb-wrap\">\r\n\t\t<img loading=\"lazy\" decoding=\"async\" width=\"800\" height=\"213\" src=\"https:\/\/ruba-thermoplast.ch\/wp-content\/uploads\/2022\/08\/A.jpg\" class=\"attachment-large size-large\" alt=\"\" srcset=\"https:\/\/ruba-thermoplast.ch\/wp-content\/uploads\/2022\/08\/A.jpg 900w, https:\/\/ruba-thermoplast.ch\/wp-content\/uploads\/2022\/08\/A-300x80.jpg 300w, https:\/\/ruba-thermoplast.ch\/wp-content\/uploads\/2022\/08\/A-768x205.jpg 768w\" sizes=\"(max-width: 800px) 100vw, 800px\" \/>\t<\/span>\r\n\t<\/div>\r\n\t\t\t<\/a>\r\n\t\t\t\t\t<\/div>\r\n\t\t\t\t<div class=\"post-content-bottom\">\r\n\t\t\t\t\t\t<div class=\"post-metro-content\">\r\n\t\t\t\t<h3 class=\"post-title\">\r\n\t<a href=\"https:\/\/ruba-thermoplast.ch\/de\/was-gibts-neues\/\" class=\"keep-all\">Was gibt\u2019s Neues?<\/a>\r\n<\/h3>\r\n\t\t\t\t\t\t\t\t\t<div class=\"post-hover-content\">\r\n\t\t\t\t\t\t<div class=\"entry-content\">\r\n\t<p>Die Bed\u00fcrfnisse, W\u00fcnsche und Vorschl\u00e4ge unserer Kunden treiben uns immer wieder...<\/p>\r\n<\/div>\r\n\t\t\t\t\t<\/div>\r\n\t\t\t\t\t\t\t\t\t\t\t\t\t<div class=\"post-meta-info style-1\"><span class=\"meta-date\"><a href=\"https:\/\/ruba-thermoplast.ch\/de\/was-gibts-neues\/\"><span class=\"entry-date\">3. Mai 2020<\/span><\/a><\/span>\r\n<\/div>\t\t\t\t\t\t\t<\/div>\r\n\t\t<\/div>\r\n\t\t\t\t\t<\/div>\r\n<\/article>\r\n<\/div><div class=\"grid-item metro-item  tp-col-lg-4 tp-col-md-6 tp-col-sm-12 tp-col-12  dezember-19  \"><article id=\"post-1238\" class=\"post-1238 post type-post status-publish format-standard has-post-thumbnail hentry category-dezember-19\">\r\n\t<div class=\"blog-list-content\">\r\n\t\t\t\t<div class=\"post-content-image\">\r\n\t\t\t<a href=\"https:\/\/ruba-thermoplast.ch\/de\/neuer-ecoline-verschluss-fuer-ihre-50mm-tuben\/\">\r\n\t\t\t\t\t<div class=\"blog-featured-image  tp-cst-img-full img\">\r\n\t<span class=\"thumb-wrap\">\r\n\t\t<img loading=\"lazy\" decoding=\"async\" width=\"800\" height=\"213\" src=\"https:\/\/ruba-thermoplast.ch\/wp-content\/uploads\/2022\/08\/H_2922E9_1_-_Kopie.jpg\" class=\"attachment-large size-large\" alt=\"\" srcset=\"https:\/\/ruba-thermoplast.ch\/wp-content\/uploads\/2022\/08\/H_2922E9_1_-_Kopie.jpg 900w, https:\/\/ruba-thermoplast.ch\/wp-content\/uploads\/2022\/08\/H_2922E9_1_-_Kopie-300x80.jpg 300w, https:\/\/ruba-thermoplast.ch\/wp-content\/uploads\/2022\/08\/H_2922E9_1_-_Kopie-768x205.jpg 768w\" sizes=\"(max-width: 800px) 100vw, 800px\" \/>\t<\/span>\r\n\t<\/div>\r\n\t\t\t<\/a>\r\n\t\t\t\t\t<\/div>\r\n\t\t\t\t<div class=\"post-content-bottom\">\r\n\t\t\t\t\t\t<div class=\"post-metro-content\">\r\n\t\t\t\t<h3 class=\"post-title\">\r\n\t<a href=\"https:\/\/ruba-thermoplast.ch\/de\/neuer-ecoline-verschluss-fuer-ihre-50mm-tuben\/\" class=\"keep-all\">Neuer Ecoline Verschluss f\u00fcr...<\/a>\r\n<\/h3>\r\n\t\t\t\t\t\t\t\t\t<div class=\"post-hover-content\">\r\n\t\t\t\t\t\t<div class=\"entry-content\">\r\n\t<p>Hiermit stellen wir Ihnen unser neuartiges Produkt aus der Serie Ecoline...<\/p>\r\n<\/div>\r\n\t\t\t\t\t<\/div>\r\n\t\t\t\t\t\t\t\t\t\t\t\t\t<div class=\"post-meta-info style-1\"><span class=\"meta-date\"><a href=\"https:\/\/ruba-thermoplast.ch\/de\/neuer-ecoline-verschluss-fuer-ihre-50mm-tuben\/\"><span class=\"entry-date\">3. Dezember 2019<\/span><\/a><\/span>\r\n<\/div>\t\t\t\t\t\t\t<\/div>\r\n\t\t<\/div>\r\n\t\t\t\t\t<\/div>\r\n<\/article>\r\n<\/div><div class=\"grid-item metro-item  tp-col-lg-4 tp-col-md-6 tp-col-sm-12 tp-col-12  oktober-19  \"><article id=\"post-1253\" class=\"post-1253 post type-post status-publish format-standard has-post-thumbnail hentry category-oktober-19\">\r\n\t<div class=\"blog-list-content\">\r\n\t\t\t\t<div class=\"post-content-image\">\r\n\t\t\t<a href=\"https:\/\/ruba-thermoplast.ch\/de\/neuer-verschluss-o19mm-mit-m09-gewinde\/\">\r\n\t\t\t\t\t<div class=\"blog-featured-image  tp-cst-img-full img\">\r\n\t<span class=\"thumb-wrap\">\r\n\t\t<img loading=\"lazy\" decoding=\"async\" width=\"800\" height=\"213\" src=\"https:\/\/ruba-thermoplast.ch\/wp-content\/uploads\/2022\/08\/1.jpg\" class=\"attachment-large size-large\" alt=\"\" srcset=\"https:\/\/ruba-thermoplast.ch\/wp-content\/uploads\/2022\/08\/1.jpg 900w, https:\/\/ruba-thermoplast.ch\/wp-content\/uploads\/2022\/08\/1-300x80.jpg 300w, https:\/\/ruba-thermoplast.ch\/wp-content\/uploads\/2022\/08\/1-768x205.jpg 768w\" sizes=\"(max-width: 800px) 100vw, 800px\" \/>\t<\/span>\r\n\t<\/div>\r\n\t\t\t<\/a>\r\n\t\t\t\t\t<\/div>\r\n\t\t\t\t<div class=\"post-content-bottom\">\r\n\t\t\t\t\t\t<div class=\"post-metro-content\">\r\n\t\t\t\t<h3 class=\"post-title\">\r\n\t<a href=\"https:\/\/ruba-thermoplast.ch\/de\/neuer-verschluss-o19mm-mit-m09-gewinde\/\" class=\"keep-all\">Neuer Verschluss \u00d819mm mit M...<\/a>\r\n<\/h3>\r\n\t\t\t\t\t\t\t\t\t<div class=\"post-hover-content\">\r\n\t\t\t\t\t\t<div class=\"entry-content\">\r\n\t<p>Als Erg\u00e4nzung zu unserem bereits bestehenden Sortiment haben wir einen neuen...<\/p>\r\n<\/div>\r\n\t\t\t\t\t<\/div>\r\n\t\t\t\t\t\t\t\t\t\t\t\t\t<div class=\"post-meta-info style-1\"><span class=\"meta-date\"><a href=\"https:\/\/ruba-thermoplast.ch\/de\/neuer-verschluss-o19mm-mit-m09-gewinde\/\"><span class=\"entry-date\">3. Oktober 2019<\/span><\/a><\/span>\r\n<\/div>\t\t\t\t\t\t\t<\/div>\r\n\t\t<\/div>\r\n\t\t\t\t\t<\/div>\r\n<\/article>\r\n<\/div><div class=\"grid-item metro-item  tp-col-lg-4 tp-col-md-6 tp-col-sm-12 tp-col-12  maerz-22  \"><article id=\"post-697\" class=\"post-697 post type-post status-publish format-standard has-post-thumbnail hentry category-maerz-22\">\r\n\t<div class=\"blog-list-content\">\r\n\t\t\t\t<div class=\"post-content-image\">\r\n\t\t\t<a href=\"https:\/\/ruba-thermoplast.ch\/de\/ruba-leitbild\/\">\r\n\t\t\t\t\t<div class=\"blog-featured-image  tp-cst-img-full img\">\r\n\t<span class=\"thumb-wrap\">\r\n\t\t<img loading=\"lazy\" decoding=\"async\" width=\"640\" height=\"480\" src=\"https:\/\/ruba-thermoplast.ch\/wp-content\/uploads\/2022\/07\/Halle-2.jpg\" class=\"attachment-large size-large\" alt=\"\" srcset=\"https:\/\/ruba-thermoplast.ch\/wp-content\/uploads\/2022\/07\/Halle-2.jpg 640w, https:\/\/ruba-thermoplast.ch\/wp-content\/uploads\/2022\/07\/Halle-2-300x225.jpg 300w\" sizes=\"(max-width: 640px) 100vw, 640px\" \/>\t<\/span>\r\n\t<\/div>\r\n\t\t\t<\/a>\r\n\t\t\t\t\t<\/div>\r\n\t\t\t\t<div class=\"post-content-bottom\">\r\n\t\t\t\t\t\t<div class=\"post-metro-content\">\r\n\t\t\t\t<h3 class=\"post-title\">\r\n\t<a href=\"https:\/\/ruba-thermoplast.ch\/de\/ruba-leitbild\/\" class=\"keep-all\">RUBA Leitbild<\/a>\r\n<\/h3>\r\n\t\t\t\t\t\t\t\t\t<div class=\"post-hover-content\">\r\n\t\t\t\t\t\t<div class=\"entry-content\">\r\n\t<p>RUBA Leitbild Unsere Strategie ist ein einheitlicher Auftritt, ein hervorragender Zusammenhalt...<\/p>\r\n<\/div>\r\n\t\t\t\t\t<\/div>\r\n\t\t\t\t\t\t\t\t\t\t\t\t\t<div class=\"post-meta-info style-1\"><span class=\"meta-date\"><a href=\"https:\/\/ruba-thermoplast.ch\/de\/ruba-leitbild\/\"><span class=\"entry-date\">1. M\u00e4rz 2017<\/span><\/a><\/span>\r\n<\/div>\t\t\t\t\t\t\t<\/div>\r\n\t\t<\/div>\r\n\t\t\t\t\t<\/div>\r\n<\/article>\r\n<\/div><\/div><\/div>\t\t\t\t<\/div>\n\t\t\t\t<\/div>\n\t\t\t\t\t<\/div>\n\t\t<\/div>\n\t\t\t\t\t<\/div>\n\t\t<\/section>\n\t\t\t\t<\/div>\n\t\t","protected":false},"excerpt":{"rendered":"<p>April 2023 April 2024 August 22 Dezember 19 Dezember 2022 Dezember 2023 Dezember 2024 Februar 21 Juli 20 Juli 21 Mai 20 M\u00e4rz 22 Oktober 19 Oktober 2024 September 20 September 2023 Neue 24-Spritzugussform Delux&#8230; Neue 24-fach Kavit\u00e4ten Spritzgussform f\u00fcr Deluxe Verschl\u00fcsse \u00d835mm 11. Dezember 2024 Portfolio erweitern, ohne Bud&#8230; Vier neue Verschl\u00fcsse aus der [&hellip;]<\/p>\n","protected":false},"author":1,"featured_media":0,"parent":0,"menu_order":0,"comment_status":"closed","ping_status":"closed","template":"elementor_header_footer","meta":{"footnotes":""},"class_list":["post-463","page","type-page","status-publish","hentry"],"_links":{"self":[{"href":"https:\/\/ruba-thermoplast.ch\/de\/wp-json\/wp\/v2\/pages\/463","targetHints":{"allow":["GET"]}}],"collection":[{"href":"https:\/\/ruba-thermoplast.ch\/de\/wp-json\/wp\/v2\/pages"}],"about":[{"href":"https:\/\/ruba-thermoplast.ch\/de\/wp-json\/wp\/v2\/types\/page"}],"author":[{"embeddable":true,"href":"https:\/\/ruba-thermoplast.ch\/de\/wp-json\/wp\/v2\/users\/1"}],"replies":[{"embeddable":true,"href":"https:\/\/ruba-thermoplast.ch\/de\/wp-json\/wp\/v2\/comments?post=463"}],"version-history":[{"count":3,"href":"https:\/\/ruba-thermoplast.ch\/de\/wp-json\/wp\/v2\/pages\/463\/revisions"}],"predecessor-version":[{"id":5341,"href":"https:\/\/ruba-thermoplast.ch\/de\/wp-json\/wp\/v2\/pages\/463\/revisions\/5341"}],"wp:attachment":[{"href":"https:\/\/ruba-thermoplast.ch\/de\/wp-json\/wp\/v2\/media?parent=463"}],"curies":[{"name":"wp","href":"https:\/\/api.w.org\/{rel}","templated":true}]}}