{"id":463,"date":"2022-06-03T11:13:32","date_gmt":"2022-06-03T11:13:32","guid":{"rendered":"https:\/\/ruba-thermoplast.ch\/?page_id=463"},"modified":"2025-04-07T12:32:29","modified_gmt":"2025-04-07T10:32:29","slug":"newsletter3","status":"publish","type":"page","link":"https:\/\/ruba-thermoplast.ch\/fr\/newsletter3\/","title":{"rendered":"Newsletter"},"content":{"rendered":"<div data-elementor-type=\"wp-page\" data-elementor-id=\"463\" class=\"elementor elementor-463\" data-elementor-post-type=\"page\">\n\t\t\t\t\t\t<section class=\"elementor-section elementor-top-section elementor-element elementor-element-67d1a473 elementor-section-full_width elementor-section-height-min-height elementor-section-height-default elementor-section-items-middle\" data-id=\"67d1a473\" data-element_type=\"section\" data-settings=\"{&quot;background_background&quot;:&quot;video&quot;,&quot;background_video_link&quot;:&quot;https:\\\/\\\/ruba-thermoplast.ch\\\/wp-content\\\/uploads\\\/2022\\\/05\\\/main.mp4&quot;,&quot;background_play_on_mobile&quot;:&quot;yes&quot;,&quot;jet_parallax_layout_list&quot;:[]}\">\n\t\t\t\t\t\t\t\t<div class=\"elementor-background-video-container\">\n\t\t\t\t\t\t\t\t\t\t\t\t\t<video class=\"elementor-background-video-hosted\" autoplay muted playsinline loop><\/video>\n\t\t\t\t\t\t\t\t\t\t\t<\/div>\n\t\t\t\t\t\t\t\t\t<div class=\"elementor-background-overlay\"><\/div>\n\t\t\t\t\t\t\t<div class=\"elementor-container elementor-column-gap-default\">\n\t\t\t\t\t<div class=\"elementor-column elementor-col-100 elementor-top-column elementor-element elementor-element-4daf57e2\" data-id=\"4daf57e2\" data-element_type=\"column\">\n\t\t\t<div class=\"elementor-widget-wrap elementor-element-populated\">\n\t\t\t\t\t\t<div class=\"elementor-element elementor-element-3ca6d43f elementor-widget elementor-widget-heading\" data-id=\"3ca6d43f\" data-element_type=\"widget\" data-widget_type=\"heading.default\">\n\t\t\t\t<div class=\"elementor-widget-container\">\n\t\t\t\t\t<h2 class=\"elementor-heading-title elementor-size-default\">Newsletter<\/h2>\t\t\t\t<\/div>\n\t\t\t\t<\/div>\n\t\t\t\t\t<\/div>\n\t\t<\/div>\n\t\t\t\t\t<\/div>\n\t\t<\/section>\n\t\t\t\t<section class=\"elementor-section elementor-top-section elementor-element elementor-element-1a3e2494 elementor-section-boxed elementor-section-height-default elementor-section-height-default\" data-id=\"1a3e2494\" data-element_type=\"section\" data-settings=\"{&quot;background_background&quot;:&quot;classic&quot;,&quot;jet_parallax_layout_list&quot;:[]}\">\n\t\t\t\t\t\t<div class=\"elementor-container elementor-column-gap-default\">\n\t\t\t\t\t<div class=\"elementor-column elementor-col-100 elementor-top-column elementor-element elementor-element-5115d9b\" data-id=\"5115d9b\" data-element_type=\"column\">\n\t\t\t<div class=\"elementor-widget-wrap elementor-element-populated\">\n\t\t\t\t\t\t<div class=\"elementor-element elementor-element-bae7415 elementor-widget elementor-widget-tp-blog-listout\" data-id=\"bae7415\" data-element_type=\"widget\" data-widget_type=\"tp-blog-listout.default\">\n\t\t\t\t<div class=\"elementor-widget-container\">\n\t\t\t\t\t<div id=\"pt-plus-blog-post-list\" class=\"blog-list post69f1c20ddd1bd  list-isotope  blog-style-2 hover-image-style-1 pt-plus-filter-post-category  layout-style-1\"  data-layout-type=\"fitRows\"   data-id=\"post69f1c20ddd1bd\" data-style=\"style-2\"   dir= \"data-enable-isotope=\"1\"\" filter-type = \"normal\"><div class=\"post-filter-data style-1 text-left\"><ul class=\"category-filters style-1 hover-style-4\"><li><a href=\"#\" class=\"filter-category-list\" data-filter=\".april-2023\"><span data-hover=\"April 2023\">Avril 2023<\/span><\/a><\/li><li><a href=\"#\" class=\"filter-category-list\" data-filter=\".april-2024\"><span data-hover=\"April 2024\">Avril 2024<\/span><\/a><\/li><li><a href=\"#\" class=\"filter-category-list\" data-filter=\".april-2025\"><span data-hover=\"April 2025\">April 2025<\/span><\/a><\/li><li><a href=\"#\" class=\"filter-category-list\" data-filter=\".august-22\"><span data-hover=\"August 22\">ao\u00fbt 22<\/span><\/a><\/li><li><a href=\"#\" class=\"filter-category-list\" data-filter=\".dezember-19\"><span data-hover=\"Dezember 19\">d\u00e9cembre 19<\/span><\/a><\/li><li><a href=\"#\" class=\"filter-category-list\" data-filter=\".dezember-2022\"><span data-hover=\"Dezember 2022\">D\u00e9cembre 2022<\/span><\/a><\/li><li><a href=\"#\" class=\"filter-category-list\" data-filter=\".dezember-2023\"><span data-hover=\"Dezember 2023\">D\u00e9cembre 2024<\/span><\/a><\/li><li><a href=\"#\" class=\"filter-category-list\" data-filter=\".dezember-2024\"><span data-hover=\"Dezember 2024\">D\u00e9cembre 2024<\/span><\/a><\/li><li><a href=\"#\" class=\"filter-category-list\" data-filter=\".februar-21\"><span data-hover=\"Februar 21\">f\u00e9vrier 21<\/span><\/a><\/li><li><a href=\"#\" class=\"filter-category-list\" data-filter=\".januar-2026\"><span data-hover=\"Januar 2026\">Januar 2026<\/span><\/a><\/li><li><a href=\"#\" class=\"filter-category-list\" data-filter=\".juli-20\"><span data-hover=\"Juli 20\">Juillet 20<\/span><\/a><\/li><li><a href=\"#\" class=\"filter-category-list\" data-filter=\".juli-21\"><span data-hover=\"Juli 21\">Juillet 21<\/span><\/a><\/li><li><a href=\"#\" class=\"filter-category-list\" data-filter=\".juni2025\"><span data-hover=\"Juni2025\">Juni2025<\/span><\/a><\/li><li><a href=\"#\" class=\"filter-category-list\" data-filter=\".mai-20\"><span data-hover=\"Mai 20\">mai 20<\/span><\/a><\/li><li><a href=\"#\" class=\"filter-category-list\" data-filter=\".maerz-22\"><span data-hover=\"M\u00e4rz 22\">mars 22<\/span><\/a><\/li><li><a href=\"#\" class=\"filter-category-list\" data-filter=\".oktober-19\"><span data-hover=\"Oktober 19\">octobre 19<\/span><\/a><\/li><li><a href=\"#\" class=\"filter-category-list\" data-filter=\".oktober-2024\"><span data-hover=\"Oktober 2024\">Oktober 2024<\/span><\/a><\/li><li><a href=\"#\" class=\"filter-category-list\" data-filter=\".oktober-2025\"><span data-hover=\"Oktober 2025\">Oktober 2025<\/span><\/a><\/li><li><a href=\"#\" class=\"filter-category-list\" data-filter=\".september-20\"><span data-hover=\"September 20\">septembre 20<\/span><\/a><\/li><li><a href=\"#\" class=\"filter-category-list\" data-filter=\".september-2023\"><span data-hover=\"September 2023\">Septembre 2023<\/span><\/a><\/li><\/ul><\/div><div id=\"post69f1c20ddd1bd\" class=\"tp-row post-inner-loop post69f1c20ddd1bd text-center   tp-listing-preloader\" data-extparam= '{\"loading-opt\":\"skeleton\",\"URL-para\":\"\"}'   data-wooattr= '\"REJRd3hzZ0ZzYndYblE3NHFidFRQMDBXZlZQUHdFa2tDaVdNVUpwMTlFWmNCdkExb2hCWU5SYVEvc1RTNFFMcWZyOUJ1ck9RZU14K2xGSEo0eFNHc1RvSEpsY0VrZFB5NWxTZUNENWlVL3Z6ZHZuTTdrZ0FaT1pNcXJpaUlKbm5Ja2lsWldBdmdzOXZFODh2TUl3UkxWcU1iZGZVamhkOTRMY0ZnSWIvN09aWHBmenRFMjVpTHdoZmkzNnBDRmxOTTkyZTlDc2VvNnpqcVNWY3JRYVE2VExxQU1vSktxRjhldUZ4YjFMaXVucTE2WWtORkFsSmszcXczWkErVmozdjZvMEV5WXZVWVk5ZFJtb2h0bnRwSlpTOGtXa0ZubFZjdDVLeFJFemMvUkhDR08vdndOelBWdXoxRFpuSDZsK0NGTTBPRjJNbDVUOU9tdjlibGNGbGlrWkNKdXVydThGWFBRL05CeW0vTVQ4ek5tc3dvV2FCQkdWQXczNlk2UVVUbDYyNWR5MmtiQlpLUG9vTTZSL3dtUHEwOUVEQUovK1hEakRBdVJ6Ny9oRzg2N0FOdFN1YXNrQittcm5nQ2RjZXNqOG5oQ1RmL2VEcVRrVjExQ0RVYnAydTQzdy9rT1lNdkJVSGoxRTJjL2c4Tko1UkhDUlpGYk0yVWltMkI2dGIvVVlKVytqVERNSmxnTENxc1Y3cmhFeVhJSVJ1TlNTNnprRmNLVUpKa1B1cE1WNEFZcE5MaW02YVVRYkdHNU4xTlRLOHpWZktVRzVqQVRISFBqVG56MnZrUWtmUEdoWVJkUVVTYkl0dU96NmM0djZqcnBUeEptSmpLMjQxMVhrZFN0VGV0cE9lbFdiRWJ0MVQwUG1ET3V2ZW9UcUFaYjgxNk5hSlhWbTZpeVVQUGdBZnVlcjJQWlhFQzNqRFh5Qk5MTHJRS1lnczB3NE1Uc2pjUUxMbENzTm54TGQ5KzdERXBjc0t0dTlXaFRaZldseHMxTFlsd1IxQVBjeGdEZlovZTFKeno1eVZPYWNWby81NHRrMHRwbHIxbzh3enlyRmlwUDUwV3VyTDhlb0x6ZjVrbWdwTEZONEJFOERMVzZtODhSK1cyKzd2Z1dmOXZXOGdGYzB4M2EyMVltaGNDck5tT3hybnlZKzJUZnpqWFNXNkxDYWhJOWxyUVk5NFlUK2hDQVBxd1Q1RUpkN2kvdlEydThSaGtvQ01CWHBzWGdjdEZFUEZtSUhiaW5JVU16Q3MzeG5Md2NuMVdKdFB3cVZ2YlVMOU9iUGM0RkYvVHdoS0ZjQXNLS1ZLZzZ0U05QVGFVV2ROUU53OWZjc05kZldLQjBSbnJWcDk0KzVSY0twTEZtZEl2UXR1THJYL1RtSVpKZDhPbU1XcHQwZE1KZHduV2w2V0svYkNxK3VCZmExMlVRRDRUbVhMUkRZeGdZUE1iU0Z5b3duQ3I5Z2xUa2JDTjNSalRnY1h2cnFnVjc4QkVwczlkd2Q3bFB0SmxDd0wyU2hwRWJWajFLaCtoeUdISjA1cnk4QmF5alIvZU1xSVRMRFFhRXlWdi80c1RrZHpxclB2TDlwZ3dBTFoweE84Q1pyVURPWCtyQms4Sy96WHZ6UU13dm8zbUs1c1lXc1ltV05LbVVhRzRrM2sxVU82cW1HanpQeXQydGVCRWtsTTM0Q2FSTW1tUUpNWFNnWHJJYVJqd0RyM0JuRHgwdmR0RUlqL2JPKzA5TUc0RlVQb3BZamFzWlBKT0ZCcW9LbnJFK2hHOVZXUmRDV0lJSFFGYnZ6ZHRYTnVLOHhaSFNFYkR4RlhkdW1qTHRsVEMzcG9UMUVRTGhPa1o2WCtTQXZsQk42c2FBditGNjN2aElNZGtmaEZ4Njh2a2plV3h0RHJacnI3ZHdZenFuOHhpc2VSclR3ajdFMVFFbmY1VnBSMnBXUnA2a0RuVUtEOUpHNWZGTEpqV0o2ZFFNQWxvN0VTWjFxSWJ4dnZXUEhEVk0rOWpYb2FPbWlvSTh3d3FIRDdsQ1R6bExNa2xybHJXRFNQZ2VucGpxZ1VkQ0E4ZDRCaEFMNGpXVFAxUDJvQTVxZFlIdHZNSk9VS0dCYTJxV08yK0M5ZXY1aUQyM3ZnQ2NmellXdnFQWE8yYm1oUlV1d3lKK3Z1UEVrZ1ZmREpFUjAzY09YVWwwVXNXTnFrNXVacFZTd21XMVNZOWQzc29PRE5IbTBGSDNFL1pURWIzcDNPM2FKTG13PT0=\"' ><div class=\"grid-item metro-item  tp-col-lg-4 tp-col-md-6 tp-col-sm-12 tp-col-12  januar-2026\"><article id=\"post-6400\" class=\"post-6400 post type-post status-publish format-standard has-post-thumbnail hentry category-januar-2026\">\r\n\t<div class=\"blog-list-content\">\r\n\t\t\t\t<div class=\"post-content-image\">\r\n\t\t\t<a href=\"https:\/\/ruba-thermoplast.ch\/fr\/praezision-neu-gedacht-unsere-neue-kanuelen-tubenschulter\/\">\r\n\t\t\t\t\t<div class=\"blog-featured-image  tp-cst-img-full img\">\r\n\t<span class=\"thumb-wrap\">\r\n\t\t<img fetchpriority=\"high\" decoding=\"async\" width=\"800\" height=\"800\" src=\"https:\/\/ruba-thermoplast.ch\/wp-content\/uploads\/2026\/01\/1-1024x1024.png\" class=\"attachment-large size-large\" alt=\"\" srcset=\"https:\/\/ruba-thermoplast.ch\/wp-content\/uploads\/2026\/01\/1-1024x1024.png 1024w, https:\/\/ruba-thermoplast.ch\/wp-content\/uploads\/2026\/01\/1-300x300.png 300w, https:\/\/ruba-thermoplast.ch\/wp-content\/uploads\/2026\/01\/1-150x150.png 150w, https:\/\/ruba-thermoplast.ch\/wp-content\/uploads\/2026\/01\/1-768x768.png 768w, https:\/\/ruba-thermoplast.ch\/wp-content\/uploads\/2026\/01\/1-1536x1536.png 1536w, https:\/\/ruba-thermoplast.ch\/wp-content\/uploads\/2026\/01\/1-2048x2048.png 2048w, https:\/\/ruba-thermoplast.ch\/wp-content\/uploads\/2026\/01\/1-12x12.png 12w, https:\/\/ruba-thermoplast.ch\/wp-content\/uploads\/2026\/01\/1-700x700.png 700w\" sizes=\"(max-width: 800px) 100vw, 800px\" \/>\t<\/span>\r\n\t<\/div>\r\n\t\t\t<\/a>\r\n\t\t\t\t\t<\/div>\r\n\t\t\t\t<div class=\"post-content-bottom\">\r\n\t\t\t\t\t\t<div class=\"post-metro-content\">\r\n\t\t\t\t<h3 class=\"post-title\">\r\n\t<a href=\"https:\/\/ruba-thermoplast.ch\/fr\/praezision-neu-gedacht-unsere-neue-kanuelen-tubenschulter\/\" class=\"keep-all\">Pr\u00e4zision neu gedacht: unser...<\/a>\r\n<\/h3>\r\n\t\t\t\t\t\t\t\t\t<div class=\"post-hover-content\">\r\n\t\t\t\t\t\t<div class=\"entry-content\">\r\n\t<p>La pr\u00e9cision revisit\u00e9e: Les \u00e9paules de tube M11 sont disponibles d\u00e8s maintenant.<\/p>\r\n<\/div>\r\n\t\t\t\t\t<\/div>\r\n\t\t\t\t\t\t\t\t\t\t\t\t\t<div class=\"post-meta-info style-1\"><span class=\"meta-date\"><a href=\"https:\/\/ruba-thermoplast.ch\/fr\/praezision-neu-gedacht-unsere-neue-kanuelen-tubenschulter\/\"><span class=\"entry-date\">26. janvier 2026<\/span><\/a><\/span>\r\n<\/div>\t\t\t\t\t\t\t<\/div>\r\n\t\t<\/div>\r\n\t\t\t\t\t<\/div>\r\n<\/article>\r\n<\/div><div class=\"grid-item metro-item  tp-col-lg-4 tp-col-md-6 tp-col-sm-12 tp-col-12  januar-2026\"><article id=\"post-6425\" class=\"post-6425 post type-post status-publish format-standard has-post-thumbnail hentry category-januar-2026\">\r\n\t<div class=\"blog-list-content\">\r\n\t\t\t\t<div class=\"post-content-image\">\r\n\t\t\t<a href=\"https:\/\/ruba-thermoplast.ch\/fr\/meilensteine-veraenderungen-und-neue-kapitel\/\">\r\n\t\t\t\t\t<div class=\"blog-featured-image  tp-cst-img-full img\">\r\n\t<span class=\"thumb-wrap\">\r\n\t\t<img decoding=\"async\" width=\"800\" height=\"800\" src=\"https:\/\/ruba-thermoplast.ch\/wp-content\/uploads\/2026\/01\/3-1024x1024.png\" class=\"attachment-large size-large\" alt=\"\" srcset=\"https:\/\/ruba-thermoplast.ch\/wp-content\/uploads\/2026\/01\/3-1024x1024.png 1024w, https:\/\/ruba-thermoplast.ch\/wp-content\/uploads\/2026\/01\/3-300x300.png 300w, https:\/\/ruba-thermoplast.ch\/wp-content\/uploads\/2026\/01\/3-150x150.png 150w, https:\/\/ruba-thermoplast.ch\/wp-content\/uploads\/2026\/01\/3-768x768.png 768w, https:\/\/ruba-thermoplast.ch\/wp-content\/uploads\/2026\/01\/3-1536x1536.png 1536w, https:\/\/ruba-thermoplast.ch\/wp-content\/uploads\/2026\/01\/3-2048x2048.png 2048w, https:\/\/ruba-thermoplast.ch\/wp-content\/uploads\/2026\/01\/3-12x12.png 12w, https:\/\/ruba-thermoplast.ch\/wp-content\/uploads\/2026\/01\/3-700x700.png 700w\" sizes=\"(max-width: 800px) 100vw, 800px\" \/>\t<\/span>\r\n\t<\/div>\r\n\t\t\t<\/a>\r\n\t\t\t\t\t<\/div>\r\n\t\t\t\t<div class=\"post-content-bottom\">\r\n\t\t\t\t\t\t<div class=\"post-metro-content\">\r\n\t\t\t\t<h3 class=\"post-title\">\r\n\t<a href=\"https:\/\/ruba-thermoplast.ch\/fr\/meilensteine-veraenderungen-und-neue-kapitel\/\" class=\"keep-all\">Meilensteine, Ver\u00e4nderungen ...<\/a>\r\n<\/h3>\r\n\t\t\t\t\t\t\t\t\t<div class=\"post-hover-content\">\r\n\t\t\t\t\t\t<div class=\"entry-content\">\r\n\t<p>\u00c9tapes cl\u00e9s, changements et nouvelle tranche de vie. M  Freivogel prend sa retraite.<\/p>\r\n<\/div>\r\n\t\t\t\t\t<\/div>\r\n\t\t\t\t\t\t\t\t\t\t\t\t\t<div class=\"post-meta-info style-1\"><span class=\"meta-date\"><a href=\"https:\/\/ruba-thermoplast.ch\/fr\/meilensteine-veraenderungen-und-neue-kapitel\/\"><span class=\"entry-date\">26. janvier 2026<\/span><\/a><\/span>\r\n<\/div>\t\t\t\t\t\t\t<\/div>\r\n\t\t<\/div>\r\n\t\t\t\t\t<\/div>\r\n<\/article>\r\n<\/div><div class=\"grid-item metro-item  tp-col-lg-4 tp-col-md-6 tp-col-sm-12 tp-col-12  januar-2026\"><article id=\"post-6418\" class=\"post-6418 post type-post status-publish format-standard has-post-thumbnail hentry category-januar-2026\">\r\n\t<div class=\"blog-list-content\">\r\n\t\t\t\t<div class=\"post-content-image\">\r\n\t\t\t<a href=\"https:\/\/ruba-thermoplast.ch\/fr\/pcd-paris-2026-wir-freuen-uns-auf-ihren-besuch\/\">\r\n\t\t\t\t\t<div class=\"blog-featured-image  tp-cst-img-full img\">\r\n\t<span class=\"thumb-wrap\">\r\n\t\t<img decoding=\"async\" width=\"800\" height=\"800\" src=\"https:\/\/ruba-thermoplast.ch\/wp-content\/uploads\/2026\/01\/2-1024x1024.png\" class=\"attachment-large size-large\" alt=\"\" srcset=\"https:\/\/ruba-thermoplast.ch\/wp-content\/uploads\/2026\/01\/2-1024x1024.png 1024w, https:\/\/ruba-thermoplast.ch\/wp-content\/uploads\/2026\/01\/2-300x300.png 300w, https:\/\/ruba-thermoplast.ch\/wp-content\/uploads\/2026\/01\/2-150x150.png 150w, https:\/\/ruba-thermoplast.ch\/wp-content\/uploads\/2026\/01\/2-768x768.png 768w, https:\/\/ruba-thermoplast.ch\/wp-content\/uploads\/2026\/01\/2-1536x1536.png 1536w, https:\/\/ruba-thermoplast.ch\/wp-content\/uploads\/2026\/01\/2-2048x2048.png 2048w, https:\/\/ruba-thermoplast.ch\/wp-content\/uploads\/2026\/01\/2-12x12.png 12w, https:\/\/ruba-thermoplast.ch\/wp-content\/uploads\/2026\/01\/2-700x700.png 700w\" sizes=\"(max-width: 800px) 100vw, 800px\" \/>\t<\/span>\r\n\t<\/div>\r\n\t\t\t<\/a>\r\n\t\t\t\t\t<\/div>\r\n\t\t\t\t<div class=\"post-content-bottom\">\r\n\t\t\t\t\t\t<div class=\"post-metro-content\">\r\n\t\t\t\t<h3 class=\"post-title\">\r\n\t<a href=\"https:\/\/ruba-thermoplast.ch\/fr\/pcd-paris-2026-wir-freuen-uns-auf-ihren-besuch\/\" class=\"keep-all\">PCD Paris 2026 \u2013 wir freuen...<\/a>\r\n<\/h3>\r\n\t\t\t\t\t\t\t\t\t<div class=\"post-hover-content\">\r\n\t\t\t\t\t\t<div class=\"entry-content\">\r\n\t<p>PCD Paris 2026 \u2013 nous nous r\u00e9jouissons de votre visite.<\/p>\r\n<\/div>\r\n\t\t\t\t\t<\/div>\r\n\t\t\t\t\t\t\t\t\t\t\t\t\t<div class=\"post-meta-info style-1\"><span class=\"meta-date\"><a href=\"https:\/\/ruba-thermoplast.ch\/fr\/pcd-paris-2026-wir-freuen-uns-auf-ihren-besuch\/\"><span class=\"entry-date\">26. janvier 2026<\/span><\/a><\/span>\r\n<\/div>\t\t\t\t\t\t\t<\/div>\r\n\t\t<\/div>\r\n\t\t\t\t\t<\/div>\r\n<\/article>\r\n<\/div><div class=\"grid-item metro-item  tp-col-lg-4 tp-col-md-6 tp-col-sm-12 tp-col-12  oktober-2025\"><article id=\"post-6113\" class=\"post-6113 post type-post status-publish format-standard has-post-thumbnail hentry category-oktober-2025\">\r\n\t<div class=\"blog-list-content\">\r\n\t\t\t\t<div class=\"post-content-image\">\r\n\t\t\t<a href=\"https:\/\/ruba-thermoplast.ch\/fr\/jeder-fuenfte-schraubverschluss-durch-solarstrom\/\">\r\n\t\t\t\t\t<div class=\"blog-featured-image  tp-cst-img-full img\">\r\n\t<span class=\"thumb-wrap\">\r\n\t\t<img loading=\"lazy\" decoding=\"async\" width=\"800\" height=\"800\" src=\"https:\/\/ruba-thermoplast.ch\/wp-content\/uploads\/2025\/09\/01_03_2025.jpg\" class=\"attachment-large size-large\" alt=\"\" srcset=\"https:\/\/ruba-thermoplast.ch\/wp-content\/uploads\/2025\/09\/01_03_2025.jpg 945w, https:\/\/ruba-thermoplast.ch\/wp-content\/uploads\/2025\/09\/01_03_2025-300x300.jpg 300w, https:\/\/ruba-thermoplast.ch\/wp-content\/uploads\/2025\/09\/01_03_2025-150x150.jpg 150w, https:\/\/ruba-thermoplast.ch\/wp-content\/uploads\/2025\/09\/01_03_2025-768x768.jpg 768w, https:\/\/ruba-thermoplast.ch\/wp-content\/uploads\/2025\/09\/01_03_2025-12x12.jpg 12w, https:\/\/ruba-thermoplast.ch\/wp-content\/uploads\/2025\/09\/01_03_2025-700x700.jpg 700w\" sizes=\"(max-width: 800px) 100vw, 800px\" \/>\t<\/span>\r\n\t<\/div>\r\n\t\t\t<\/a>\r\n\t\t\t\t\t<\/div>\r\n\t\t\t\t<div class=\"post-content-bottom\">\r\n\t\t\t\t\t\t<div class=\"post-metro-content\">\r\n\t\t\t\t<h3 class=\"post-title\">\r\n\t<a href=\"https:\/\/ruba-thermoplast.ch\/fr\/jeder-fuenfte-schraubverschluss-durch-solarstrom\/\" class=\"keep-all\">Jeder f\u00fcnfte Schraubverschlu...<\/a>\r\n<\/h3>\r\n\t\t\t\t\t\t\t\t\t<div class=\"post-hover-content\">\r\n\t\t\t\t\t\t<div class=\"entry-content\">\r\n\t<p>Nous rendons notre processus de production encore plus \u00e9cologique.<\/p>\r\n<\/div>\r\n\t\t\t\t\t<\/div>\r\n\t\t\t\t\t\t\t\t\t\t\t\t\t<div class=\"post-meta-info style-1\"><span class=\"meta-date\"><a href=\"https:\/\/ruba-thermoplast.ch\/fr\/jeder-fuenfte-schraubverschluss-durch-solarstrom\/\"><span class=\"entry-date\">1. septembre 2025<\/span><\/a><\/span>\r\n<\/div>\t\t\t\t\t\t\t<\/div>\r\n\t\t<\/div>\r\n\t\t\t\t\t<\/div>\r\n<\/article>\r\n<\/div><div class=\"grid-item metro-item  tp-col-lg-4 tp-col-md-6 tp-col-sm-12 tp-col-12  oktober-2025\"><article id=\"post-5902\" class=\"post-5902 post type-post status-publish format-standard has-post-thumbnail hentry category-oktober-2025\">\r\n\t<div class=\"blog-list-content\">\r\n\t\t\t\t<div class=\"post-content-image\">\r\n\t\t\t<a href=\"https:\/\/ruba-thermoplast.ch\/fr\/tauchen-sie-ein-ruba-thermoplast-360\/\">\r\n\t\t\t\t\t<div class=\"blog-featured-image  tp-cst-img-full img\">\r\n\t<span class=\"thumb-wrap\">\r\n\t\t<img loading=\"lazy\" decoding=\"async\" width=\"800\" height=\"800\" src=\"https:\/\/ruba-thermoplast.ch\/wp-content\/uploads\/2025\/09\/02_03_2025-1024x1024.png\" class=\"attachment-large size-large\" alt=\"\" srcset=\"https:\/\/ruba-thermoplast.ch\/wp-content\/uploads\/2025\/09\/02_03_2025-1024x1024.png 1024w, https:\/\/ruba-thermoplast.ch\/wp-content\/uploads\/2025\/09\/02_03_2025-300x300.png 300w, https:\/\/ruba-thermoplast.ch\/wp-content\/uploads\/2025\/09\/02_03_2025-150x150.png 150w, https:\/\/ruba-thermoplast.ch\/wp-content\/uploads\/2025\/09\/02_03_2025-768x768.png 768w\" sizes=\"(max-width: 800px) 100vw, 800px\" \/>\t<\/span>\r\n\t<\/div>\r\n\t\t\t<\/a>\r\n\t\t\t\t\t<\/div>\r\n\t\t\t\t<div class=\"post-content-bottom\">\r\n\t\t\t\t\t\t<div class=\"post-metro-content\">\r\n\t\t\t\t<h3 class=\"post-title\">\r\n\t<a href=\"https:\/\/ruba-thermoplast.ch\/fr\/tauchen-sie-ein-ruba-thermoplast-360\/\" class=\"keep-all\">Tauchen Sie ein: RUBA Thermop...<\/a>\r\n<\/h3>\r\n\t\t\t\t\t\t\t\t\t<div class=\"post-hover-content\">\r\n\t\t\t\t\t\t<div class=\"entry-content\">\r\n\t<p>Regardez, cliquez, \u00e9merveillez-vous \u2013 votre visite virtuelle dans les coulisses !<\/p>\r\n<\/div>\r\n\t\t\t\t\t<\/div>\r\n\t\t\t\t\t\t\t\t\t\t\t\t\t<div class=\"post-meta-info style-1\"><span class=\"meta-date\"><a href=\"https:\/\/ruba-thermoplast.ch\/fr\/tauchen-sie-ein-ruba-thermoplast-360\/\"><span class=\"entry-date\">1. septembre 2025<\/span><\/a><\/span>\r\n<\/div>\t\t\t\t\t\t\t<\/div>\r\n\t\t<\/div>\r\n\t\t\t\t\t<\/div>\r\n<\/article>\r\n<\/div><div class=\"grid-item metro-item  tp-col-lg-4 tp-col-md-6 tp-col-sm-12 tp-col-12  oktober-2025\"><article id=\"post-5947\" class=\"post-5947 post type-post status-publish format-standard has-post-thumbnail hentry category-oktober-2025\">\r\n\t<div class=\"blog-list-content\">\r\n\t\t\t\t<div class=\"post-content-image\">\r\n\t\t\t<a href=\"https:\/\/ruba-thermoplast.ch\/fr\/lehrlinge\/\">\r\n\t\t\t\t\t<div class=\"blog-featured-image  tp-cst-img-full img\">\r\n\t<span class=\"thumb-wrap\">\r\n\t\t<img loading=\"lazy\" decoding=\"async\" width=\"800\" height=\"800\" src=\"https:\/\/ruba-thermoplast.ch\/wp-content\/uploads\/2025\/09\/03_03_2025-1024x1024.png\" class=\"attachment-large size-large\" alt=\"\" srcset=\"https:\/\/ruba-thermoplast.ch\/wp-content\/uploads\/2025\/09\/03_03_2025-1024x1024.png 1024w, https:\/\/ruba-thermoplast.ch\/wp-content\/uploads\/2025\/09\/03_03_2025-300x300.png 300w, https:\/\/ruba-thermoplast.ch\/wp-content\/uploads\/2025\/09\/03_03_2025-150x150.png 150w, https:\/\/ruba-thermoplast.ch\/wp-content\/uploads\/2025\/09\/03_03_2025-768x768.png 768w, https:\/\/ruba-thermoplast.ch\/wp-content\/uploads\/2025\/09\/03_03_2025-1536x1536.png 1536w, https:\/\/ruba-thermoplast.ch\/wp-content\/uploads\/2025\/09\/03_03_2025-12x12.png 12w, https:\/\/ruba-thermoplast.ch\/wp-content\/uploads\/2025\/09\/03_03_2025-700x700.png 700w, https:\/\/ruba-thermoplast.ch\/wp-content\/uploads\/2025\/09\/03_03_2025.png 2000w\" sizes=\"(max-width: 800px) 100vw, 800px\" \/>\t<\/span>\r\n\t<\/div>\r\n\t\t\t<\/a>\r\n\t\t\t\t\t<\/div>\r\n\t\t\t\t<div class=\"post-content-bottom\">\r\n\t\t\t\t\t\t<div class=\"post-metro-content\">\r\n\t\t\t\t<h3 class=\"post-title\">\r\n\t<a href=\"https:\/\/ruba-thermoplast.ch\/fr\/lehrlinge\/\" class=\"keep-all\">Zukunft gestalten durch Ausbi...<\/a>\r\n<\/h3>\r\n\t\t\t\t\t\t\t\t\t<div class=\"post-hover-content\">\r\n\t\t\t\t\t\t<div class=\"entry-content\">\r\n\t<p>Loredana et Finn : cr\u00e9atifs, pleins de fra\u00eecheur et d'id\u00e9es ! \n\n<\/p>\r\n<\/div>\r\n\t\t\t\t\t<\/div>\r\n\t\t\t\t\t\t\t\t\t\t\t\t\t<div class=\"post-meta-info style-1\"><span class=\"meta-date\"><a href=\"https:\/\/ruba-thermoplast.ch\/fr\/lehrlinge\/\"><span class=\"entry-date\">1. septembre 2025<\/span><\/a><\/span>\r\n<\/div>\t\t\t\t\t\t\t<\/div>\r\n\t\t<\/div>\r\n\t\t\t\t\t<\/div>\r\n<\/article>\r\n<\/div><div class=\"grid-item metro-item  tp-col-lg-4 tp-col-md-6 tp-col-sm-12 tp-col-12  juni2025\"><article id=\"post-5410\" class=\"post-5410 post type-post status-publish format-standard has-post-thumbnail hentry category-juni2025\">\r\n\t<div class=\"blog-list-content\">\r\n\t\t\t\t<div class=\"post-content-image\">\r\n\t\t\t<a href=\"https:\/\/ruba-thermoplast.ch\/fr\/printed-by-ruba-small-details-big-impact\/\">\r\n\t\t\t\t\t<div class=\"blog-featured-image  tp-cst-img-full img\">\r\n\t<span class=\"thumb-wrap\">\r\n\t\t<img loading=\"lazy\" decoding=\"async\" width=\"800\" height=\"800\" src=\"https:\/\/ruba-thermoplast.ch\/wp-content\/uploads\/2025\/05\/Folie1.jpg\" class=\"attachment-large size-large\" alt=\"Printed by RUBA - small details \u2013 big impact\" srcset=\"https:\/\/ruba-thermoplast.ch\/wp-content\/uploads\/2025\/05\/Folie1.jpg 945w, https:\/\/ruba-thermoplast.ch\/wp-content\/uploads\/2025\/05\/Folie1-300x300.jpg 300w, https:\/\/ruba-thermoplast.ch\/wp-content\/uploads\/2025\/05\/Folie1-150x150.jpg 150w, https:\/\/ruba-thermoplast.ch\/wp-content\/uploads\/2025\/05\/Folie1-768x768.jpg 768w, https:\/\/ruba-thermoplast.ch\/wp-content\/uploads\/2025\/05\/Folie1-12x12.jpg 12w, https:\/\/ruba-thermoplast.ch\/wp-content\/uploads\/2025\/05\/Folie1-700x700.jpg 700w\" sizes=\"(max-width: 800px) 100vw, 800px\" \/>\t<\/span>\r\n\t<\/div>\r\n\t\t\t<\/a>\r\n\t\t\t\t\t<\/div>\r\n\t\t\t\t<div class=\"post-content-bottom\">\r\n\t\t\t\t\t\t<div class=\"post-metro-content\">\r\n\t\t\t\t<h3 class=\"post-title\">\r\n\t<a href=\"https:\/\/ruba-thermoplast.ch\/fr\/printed-by-ruba-small-details-big-impact\/\" class=\"keep-all\">Printed by RUBA &#8211; small...<\/a>\r\n<\/h3>\r\n\t\t\t\t\t\t\t\t\t<div class=\"post-hover-content\">\r\n\t\t\t\t\t\t<div class=\"entry-content\">\r\n\t<p>Nous imprimons  bouchons avec votre logo ou celui de votre client en une ou deux couleurs!<\/p>\r\n<\/div>\r\n\t\t\t\t\t<\/div>\r\n\t\t\t\t\t\t\t\t\t\t\t\t\t<div class=\"post-meta-info style-1\"><span class=\"meta-date\"><a href=\"https:\/\/ruba-thermoplast.ch\/fr\/printed-by-ruba-small-details-big-impact\/\"><span class=\"entry-date\">6. juin 2025<\/span><\/a><\/span>\r\n<\/div>\t\t\t\t\t\t\t<\/div>\r\n\t\t<\/div>\r\n\t\t\t\t\t<\/div>\r\n<\/article>\r\n<\/div><div class=\"grid-item metro-item  tp-col-lg-4 tp-col-md-6 tp-col-sm-12 tp-col-12  juni2025\"><article id=\"post-5441\" class=\"post-5441 post type-post status-publish format-standard has-post-thumbnail hentry category-juni2025\">\r\n\t<div class=\"blog-list-content\">\r\n\t\t\t\t<div class=\"post-content-image\">\r\n\t\t\t<a href=\"https:\/\/ruba-thermoplast.ch\/fr\/unsere-artikel-im-ueberblick-alles-was-sie-wissen-muessen\/\">\r\n\t\t\t\t\t<div class=\"blog-featured-image  tp-cst-img-full img\">\r\n\t<span class=\"thumb-wrap\">\r\n\t\t<img loading=\"lazy\" decoding=\"async\" width=\"800\" height=\"800\" src=\"https:\/\/ruba-thermoplast.ch\/wp-content\/uploads\/2025\/05\/Folie2.jpg\" class=\"attachment-large size-large\" alt=\"\" srcset=\"https:\/\/ruba-thermoplast.ch\/wp-content\/uploads\/2025\/05\/Folie2.jpg 945w, https:\/\/ruba-thermoplast.ch\/wp-content\/uploads\/2025\/05\/Folie2-300x300.jpg 300w, https:\/\/ruba-thermoplast.ch\/wp-content\/uploads\/2025\/05\/Folie2-150x150.jpg 150w, https:\/\/ruba-thermoplast.ch\/wp-content\/uploads\/2025\/05\/Folie2-768x768.jpg 768w, https:\/\/ruba-thermoplast.ch\/wp-content\/uploads\/2025\/05\/Folie2-12x12.jpg 12w, https:\/\/ruba-thermoplast.ch\/wp-content\/uploads\/2025\/05\/Folie2-700x700.jpg 700w\" sizes=\"(max-width: 800px) 100vw, 800px\" \/>\t<\/span>\r\n\t<\/div>\r\n\t\t\t<\/a>\r\n\t\t\t\t\t<\/div>\r\n\t\t\t\t<div class=\"post-content-bottom\">\r\n\t\t\t\t\t\t<div class=\"post-metro-content\">\r\n\t\t\t\t<h3 class=\"post-title\">\r\n\t<a href=\"https:\/\/ruba-thermoplast.ch\/fr\/unsere-artikel-im-ueberblick-alles-was-sie-wissen-muessen\/\" class=\"keep-all\">Unsere Artikel im \u00dcberblick:...<\/a>\r\n<\/h3>\r\n\t\t\t\t\t\t\t\t\t<div class=\"post-hover-content\">\r\n\t\t\t\t\t\t<div class=\"entry-content\">\r\n\t<p>T\u00e9l\u00e9chargez le d\u00e9pliant \net d\u00e9couvrez encore plus de\nsur nos produits!\n<\/p>\r\n<\/div>\r\n\t\t\t\t\t<\/div>\r\n\t\t\t\t\t\t\t\t\t\t\t\t\t<div class=\"post-meta-info style-1\"><span class=\"meta-date\"><a href=\"https:\/\/ruba-thermoplast.ch\/fr\/unsere-artikel-im-ueberblick-alles-was-sie-wissen-muessen\/\"><span class=\"entry-date\">5. juin 2025<\/span><\/a><\/span>\r\n<\/div>\t\t\t\t\t\t\t<\/div>\r\n\t\t<\/div>\r\n\t\t\t\t\t<\/div>\r\n<\/article>\r\n<\/div><div class=\"grid-item metro-item  tp-col-lg-4 tp-col-md-6 tp-col-sm-12 tp-col-12  juni2025\"><article id=\"post-5472\" class=\"post-5472 post type-post status-publish format-standard has-post-thumbnail hentry category-juni2025\">\r\n\t<div class=\"blog-list-content\">\r\n\t\t\t\t<div class=\"post-content-image\">\r\n\t\t\t<a href=\"https:\/\/ruba-thermoplast.ch\/fr\/eelke-stoll-unser-produktionsleiter\/\">\r\n\t\t\t\t\t<div class=\"blog-featured-image  tp-cst-img-full img\">\r\n\t<span class=\"thumb-wrap\">\r\n\t\t<img loading=\"lazy\" decoding=\"async\" width=\"800\" height=\"800\" src=\"https:\/\/ruba-thermoplast.ch\/wp-content\/uploads\/2025\/06\/Folie-ES.jpg\" class=\"attachment-large size-large\" alt=\"Unser Produktionsleiter, Herr Eelke Stoll, feiert sein 15-j\u00e4hriges irmenjubil\u00e4um.\" srcset=\"https:\/\/ruba-thermoplast.ch\/wp-content\/uploads\/2025\/06\/Folie-ES.jpg 945w, https:\/\/ruba-thermoplast.ch\/wp-content\/uploads\/2025\/06\/Folie-ES-300x300.jpg 300w, https:\/\/ruba-thermoplast.ch\/wp-content\/uploads\/2025\/06\/Folie-ES-150x150.jpg 150w, https:\/\/ruba-thermoplast.ch\/wp-content\/uploads\/2025\/06\/Folie-ES-768x768.jpg 768w, https:\/\/ruba-thermoplast.ch\/wp-content\/uploads\/2025\/06\/Folie-ES-12x12.jpg 12w, https:\/\/ruba-thermoplast.ch\/wp-content\/uploads\/2025\/06\/Folie-ES-700x700.jpg 700w\" sizes=\"(max-width: 800px) 100vw, 800px\" \/>\t<\/span>\r\n\t<\/div>\r\n\t\t\t<\/a>\r\n\t\t\t\t\t<\/div>\r\n\t\t\t\t<div class=\"post-content-bottom\">\r\n\t\t\t\t\t\t<div class=\"post-metro-content\">\r\n\t\t\t\t<h3 class=\"post-title\">\r\n\t<a href=\"https:\/\/ruba-thermoplast.ch\/fr\/eelke-stoll-unser-produktionsleiter\/\" class=\"keep-all\">Eelke Stoll, unser Produktion...<\/a>\r\n<\/h3>\r\n\t\t\t\t\t\t\t\t\t<div class=\"post-hover-content\">\r\n\t\t\t\t\t\t<div class=\"entry-content\">\r\n\t<p>Monsieur Eelke Stoll, notre chef de production, f\u00eate ses 15 ans d'activit\u00e9.<\/p>\r\n<\/div>\r\n\t\t\t\t\t<\/div>\r\n\t\t\t\t\t\t\t\t\t\t\t\t\t<div class=\"post-meta-info style-1\"><span class=\"meta-date\"><a href=\"https:\/\/ruba-thermoplast.ch\/fr\/eelke-stoll-unser-produktionsleiter\/\"><span class=\"entry-date\">4. juin 2025<\/span><\/a><\/span>\r\n<\/div>\t\t\t\t\t\t\t<\/div>\r\n\t\t<\/div>\r\n\t\t\t\t\t<\/div>\r\n<\/article>\r\n<\/div><div class=\"grid-item metro-item  tp-col-lg-4 tp-col-md-6 tp-col-sm-12 tp-col-12  april-2025\"><article id=\"post-5268\" class=\"post-5268 post type-post status-publish format-standard has-post-thumbnail hentry category-april-2025\">\r\n\t<div class=\"blog-list-content\">\r\n\t\t\t\t<div class=\"post-content-image\">\r\n\t\t\t<a href=\"https:\/\/ruba-thermoplast.ch\/fr\/neuer-schraubverschluss-fuer-lipbalm-tuben\/\">\r\n\t\t\t\t\t<div class=\"blog-featured-image  tp-cst-img-full img\">\r\n\t<span class=\"thumb-wrap\">\r\n\t\t<img loading=\"lazy\" decoding=\"async\" width=\"800\" height=\"800\" src=\"https:\/\/ruba-thermoplast.ch\/wp-content\/uploads\/2025\/04\/Folie1.jpg\" class=\"attachment-large size-large\" alt=\"L-181562\" srcset=\"https:\/\/ruba-thermoplast.ch\/wp-content\/uploads\/2025\/04\/Folie1.jpg 945w, https:\/\/ruba-thermoplast.ch\/wp-content\/uploads\/2025\/04\/Folie1-300x300.jpg 300w, https:\/\/ruba-thermoplast.ch\/wp-content\/uploads\/2025\/04\/Folie1-150x150.jpg 150w, https:\/\/ruba-thermoplast.ch\/wp-content\/uploads\/2025\/04\/Folie1-768x768.jpg 768w, https:\/\/ruba-thermoplast.ch\/wp-content\/uploads\/2025\/04\/Folie1-12x12.jpg 12w, https:\/\/ruba-thermoplast.ch\/wp-content\/uploads\/2025\/04\/Folie1-700x700.jpg 700w\" sizes=\"(max-width: 800px) 100vw, 800px\" \/>\t<\/span>\r\n\t<\/div>\r\n\t\t\t<\/a>\r\n\t\t\t\t\t<\/div>\r\n\t\t\t\t<div class=\"post-content-bottom\">\r\n\t\t\t\t\t\t<div class=\"post-metro-content\">\r\n\t\t\t\t<h3 class=\"post-title\">\r\n\t<a href=\"https:\/\/ruba-thermoplast.ch\/fr\/neuer-schraubverschluss-fuer-lipbalm-tuben\/\" class=\"keep-all\">Neuer Schraubverschluss f\u00fcr ...<\/a>\r\n<\/h3>\r\n\t\t\t\t\t\t\t\t\t<div class=\"post-hover-content\">\r\n\t\t\t\t\t\t<div class=\"entry-content\">\r\n\t<p>Le nouveau bouchon \u00e0 vis pour tubes de Lipbalm \u00d819mm est disponible.<\/p>\r\n<\/div>\r\n\t\t\t\t\t<\/div>\r\n\t\t\t\t\t\t\t\t\t\t\t\t\t<div class=\"post-meta-info style-1\"><span class=\"meta-date\"><a href=\"https:\/\/ruba-thermoplast.ch\/fr\/neuer-schraubverschluss-fuer-lipbalm-tuben\/\"><span class=\"entry-date\">4. avril 2025<\/span><\/a><\/span>\r\n<\/div>\t\t\t\t\t\t\t<\/div>\r\n\t\t<\/div>\r\n\t\t\t\t\t<\/div>\r\n<\/article>\r\n<\/div><div class=\"grid-item metro-item  tp-col-lg-4 tp-col-md-6 tp-col-sm-12 tp-col-12  april-2025\"><article id=\"post-5276\" class=\"post-5276 post type-post status-publish format-standard has-post-thumbnail hentry category-april-2025\">\r\n\t<div class=\"blog-list-content\">\r\n\t\t\t\t<div class=\"post-content-image\">\r\n\t\t\t<a href=\"https:\/\/ruba-thermoplast.ch\/fr\/recyclass-recycled-plastics-traceability\/\">\r\n\t\t\t\t\t<div class=\"blog-featured-image  tp-cst-img-full img\">\r\n\t<span class=\"thumb-wrap\">\r\n\t\t<img loading=\"lazy\" decoding=\"async\" width=\"800\" height=\"800\" src=\"https:\/\/ruba-thermoplast.ch\/wp-content\/uploads\/2025\/04\/Folie2.jpg\" class=\"attachment-large size-large\" alt=\"\" srcset=\"https:\/\/ruba-thermoplast.ch\/wp-content\/uploads\/2025\/04\/Folie2.jpg 945w, https:\/\/ruba-thermoplast.ch\/wp-content\/uploads\/2025\/04\/Folie2-300x300.jpg 300w, https:\/\/ruba-thermoplast.ch\/wp-content\/uploads\/2025\/04\/Folie2-150x150.jpg 150w, https:\/\/ruba-thermoplast.ch\/wp-content\/uploads\/2025\/04\/Folie2-768x768.jpg 768w, https:\/\/ruba-thermoplast.ch\/wp-content\/uploads\/2025\/04\/Folie2-12x12.jpg 12w, https:\/\/ruba-thermoplast.ch\/wp-content\/uploads\/2025\/04\/Folie2-700x700.jpg 700w\" sizes=\"(max-width: 800px) 100vw, 800px\" \/>\t<\/span>\r\n\t<\/div>\r\n\t\t\t<\/a>\r\n\t\t\t\t\t<\/div>\r\n\t\t\t\t<div class=\"post-content-bottom\">\r\n\t\t\t\t\t\t<div class=\"post-metro-content\">\r\n\t\t\t\t<h3 class=\"post-title\">\r\n\t<a href=\"https:\/\/ruba-thermoplast.ch\/fr\/recyclass-recycled-plastics-traceability\/\" class=\"keep-all\">RecyClass &#8211; Recycled Pl...<\/a>\r\n<\/h3>\r\n\t\t\t\t\t\t\t\t\t<div class=\"post-hover-content\">\r\n\t\t\t\t\t\t<div class=\"entry-content\">\r\n\t<p>Nous sommes officiellement certifi\u00e9s depuis le 13.03.2025! <\/p>\r\n<\/div>\r\n\t\t\t\t\t<\/div>\r\n\t\t\t\t\t\t\t\t\t\t\t\t\t<div class=\"post-meta-info style-1\"><span class=\"meta-date\"><a href=\"https:\/\/ruba-thermoplast.ch\/fr\/recyclass-recycled-plastics-traceability\/\"><span class=\"entry-date\">4. avril 2025<\/span><\/a><\/span>\r\n<\/div>\t\t\t\t\t\t\t<\/div>\r\n\t\t<\/div>\r\n\t\t\t\t\t<\/div>\r\n<\/article>\r\n<\/div><div class=\"grid-item metro-item  tp-col-lg-4 tp-col-md-6 tp-col-sm-12 tp-col-12  april-2025\"><article id=\"post-5289\" class=\"post-5289 post type-post status-publish format-standard has-post-thumbnail hentry category-april-2025\">\r\n\t<div class=\"blog-list-content\">\r\n\t\t\t\t<div class=\"post-content-image\">\r\n\t\t\t<a href=\"https:\/\/ruba-thermoplast.ch\/fr\/herzlichen-glueckwunsch-zum-15-jaehrigen-jubilaeum\/\">\r\n\t\t\t\t\t<div class=\"blog-featured-image  tp-cst-img-full img\">\r\n\t<span class=\"thumb-wrap\">\r\n\t\t<img loading=\"lazy\" decoding=\"async\" width=\"800\" height=\"800\" src=\"https:\/\/ruba-thermoplast.ch\/wp-content\/uploads\/2025\/04\/Folie3.jpg\" class=\"attachment-large size-large\" alt=\"3. Herzlichen Gl\u00fcckwunsch zum 15-j\u00e4hrigen Jubil\u00e4um\" srcset=\"https:\/\/ruba-thermoplast.ch\/wp-content\/uploads\/2025\/04\/Folie3.jpg 945w, https:\/\/ruba-thermoplast.ch\/wp-content\/uploads\/2025\/04\/Folie3-300x300.jpg 300w, https:\/\/ruba-thermoplast.ch\/wp-content\/uploads\/2025\/04\/Folie3-150x150.jpg 150w, https:\/\/ruba-thermoplast.ch\/wp-content\/uploads\/2025\/04\/Folie3-768x768.jpg 768w, https:\/\/ruba-thermoplast.ch\/wp-content\/uploads\/2025\/04\/Folie3-12x12.jpg 12w, https:\/\/ruba-thermoplast.ch\/wp-content\/uploads\/2025\/04\/Folie3-700x700.jpg 700w\" sizes=\"(max-width: 800px) 100vw, 800px\" \/>\t<\/span>\r\n\t<\/div>\r\n\t\t\t<\/a>\r\n\t\t\t\t\t<\/div>\r\n\t\t\t\t<div class=\"post-content-bottom\">\r\n\t\t\t\t\t\t<div class=\"post-metro-content\">\r\n\t\t\t\t<h3 class=\"post-title\">\r\n\t<a href=\"https:\/\/ruba-thermoplast.ch\/fr\/herzlichen-glueckwunsch-zum-15-jaehrigen-jubilaeum\/\" class=\"keep-all\">Herzlichen Gl\u00fcckwunsch zum 1...<\/a>\r\n<\/h3>\r\n\t\t\t\t\t\t\t\t\t<div class=\"post-hover-content\">\r\n\t\t\t\t\t\t<div class=\"entry-content\">\r\n\t<p>Notre pr\u00e9cieuse employ\u00e9e, Mme Miroslava Spisiak, a f\u00eat\u00e9 son anniversaire. <\/p>\r\n<\/div>\r\n\t\t\t\t\t<\/div>\r\n\t\t\t\t\t\t\t\t\t\t\t\t\t<div class=\"post-meta-info style-1\"><span class=\"meta-date\"><a href=\"https:\/\/ruba-thermoplast.ch\/fr\/herzlichen-glueckwunsch-zum-15-jaehrigen-jubilaeum\/\"><span class=\"entry-date\">4. avril 2025<\/span><\/a><\/span>\r\n<\/div>\t\t\t\t\t\t\t<\/div>\r\n\t\t<\/div>\r\n\t\t\t\t\t<\/div>\r\n<\/article>\r\n<\/div><div class=\"grid-item metro-item  tp-col-lg-4 tp-col-md-6 tp-col-sm-12 tp-col-12  dezember-2024\"><article id=\"post-4809\" class=\"post-4809 post type-post status-publish format-standard has-post-thumbnail hentry category-dezember-2024\">\r\n\t<div class=\"blog-list-content\">\r\n\t\t\t\t<div class=\"post-content-image\">\r\n\t\t\t<a href=\"https:\/\/ruba-thermoplast.ch\/fr\/neue-24-spritzugussform-deluxe-o35mm\/\">\r\n\t\t\t\t\t<div class=\"blog-featured-image  tp-cst-img-full img\">\r\n\t<span class=\"thumb-wrap\">\r\n\t\t<img loading=\"lazy\" decoding=\"async\" width=\"756\" height=\"756\" src=\"https:\/\/ruba-thermoplast.ch\/wp-content\/uploads\/2024\/12\/2024_03_1.jpg\" class=\"attachment-large size-large\" alt=\"\" srcset=\"https:\/\/ruba-thermoplast.ch\/wp-content\/uploads\/2024\/12\/2024_03_1.jpg 756w, https:\/\/ruba-thermoplast.ch\/wp-content\/uploads\/2024\/12\/2024_03_1-300x300.jpg 300w, https:\/\/ruba-thermoplast.ch\/wp-content\/uploads\/2024\/12\/2024_03_1-150x150.jpg 150w, https:\/\/ruba-thermoplast.ch\/wp-content\/uploads\/2024\/12\/2024_03_1-12x12.jpg 12w, https:\/\/ruba-thermoplast.ch\/wp-content\/uploads\/2024\/12\/2024_03_1-700x700.jpg 700w\" sizes=\"(max-width: 756px) 100vw, 756px\" \/>\t<\/span>\r\n\t<\/div>\r\n\t\t\t<\/a>\r\n\t\t\t\t\t<\/div>\r\n\t\t\t\t<div class=\"post-content-bottom\">\r\n\t\t\t\t\t\t<div class=\"post-metro-content\">\r\n\t\t\t\t<h3 class=\"post-title\">\r\n\t<a href=\"https:\/\/ruba-thermoplast.ch\/fr\/neue-24-spritzugussform-deluxe-o35mm\/\" class=\"keep-all\">Neue 24-Spritzugussform Delux...<\/a>\r\n<\/h3>\r\n\t\t\t\t\t\t\t\t\t<div class=\"post-hover-content\">\r\n\t\t\t\t\t\t<div class=\"entry-content\">\r\n\t<p>Un nouveau moule d\u2019injection\npour Softline Deluxe et Hardline Deluxe...<\/p>\r\n<\/div>\r\n\t\t\t\t\t<\/div>\r\n\t\t\t\t\t\t\t\t\t\t\t\t\t<div class=\"post-meta-info style-1\"><span class=\"meta-date\"><a href=\"https:\/\/ruba-thermoplast.ch\/fr\/neue-24-spritzugussform-deluxe-o35mm\/\"><span class=\"entry-date\">11. d\u00e9cembre 2024<\/span><\/a><\/span>\r\n<\/div>\t\t\t\t\t\t\t<\/div>\r\n\t\t<\/div>\r\n\t\t\t\t\t<\/div>\r\n<\/article>\r\n<\/div><div class=\"grid-item metro-item  tp-col-lg-4 tp-col-md-6 tp-col-sm-12 tp-col-12  dezember-2024\"><article id=\"post-4827\" class=\"post-4827 post type-post status-publish format-standard has-post-thumbnail hentry category-dezember-2024\">\r\n\t<div class=\"blog-list-content\">\r\n\t\t\t\t<div class=\"post-content-image\">\r\n\t\t\t<a href=\"https:\/\/ruba-thermoplast.ch\/fr\/portfolio-erweitern-ohne-budgets-anzutasten\/\">\r\n\t\t\t\t\t<div class=\"blog-featured-image  tp-cst-img-full img\">\r\n\t<span class=\"thumb-wrap\">\r\n\t\t<img loading=\"lazy\" decoding=\"async\" width=\"756\" height=\"756\" src=\"https:\/\/ruba-thermoplast.ch\/wp-content\/uploads\/2024\/12\/2024_03_2.jpg\" class=\"attachment-large size-large\" alt=\"\" srcset=\"https:\/\/ruba-thermoplast.ch\/wp-content\/uploads\/2024\/12\/2024_03_2.jpg 756w, https:\/\/ruba-thermoplast.ch\/wp-content\/uploads\/2024\/12\/2024_03_2-300x300.jpg 300w, https:\/\/ruba-thermoplast.ch\/wp-content\/uploads\/2024\/12\/2024_03_2-150x150.jpg 150w, https:\/\/ruba-thermoplast.ch\/wp-content\/uploads\/2024\/12\/2024_03_2-12x12.jpg 12w, https:\/\/ruba-thermoplast.ch\/wp-content\/uploads\/2024\/12\/2024_03_2-700x700.jpg 700w\" sizes=\"(max-width: 756px) 100vw, 756px\" \/>\t<\/span>\r\n\t<\/div>\r\n\t\t\t<\/a>\r\n\t\t\t\t\t<\/div>\r\n\t\t\t\t<div class=\"post-content-bottom\">\r\n\t\t\t\t\t\t<div class=\"post-metro-content\">\r\n\t\t\t\t<h3 class=\"post-title\">\r\n\t<a href=\"https:\/\/ruba-thermoplast.ch\/fr\/portfolio-erweitern-ohne-budgets-anzutasten\/\" class=\"keep-all\">Portfolio erweitern, ohne Bud...<\/a>\r\n<\/h3>\r\n\t\t\t\t\t\t\t\t\t<div class=\"post-hover-content\">\r\n\t\t\t\t\t\t<div class=\"entry-content\">\r\n\t<p>Nous vous pr\u00e9sentons quatre\nnouveaux bouchons de la ligne\nDeluxe et Deluxe odo...<\/p>\r\n<\/div>\r\n\t\t\t\t\t<\/div>\r\n\t\t\t\t\t\t\t\t\t\t\t\t\t<div class=\"post-meta-info style-1\"><span class=\"meta-date\"><a href=\"https:\/\/ruba-thermoplast.ch\/fr\/portfolio-erweitern-ohne-budgets-anzutasten\/\"><span class=\"entry-date\">10. d\u00e9cembre 2024<\/span><\/a><\/span>\r\n<\/div>\t\t\t\t\t\t\t<\/div>\r\n\t\t<\/div>\r\n\t\t\t\t\t<\/div>\r\n<\/article>\r\n<\/div><div class=\"grid-item metro-item  tp-col-lg-4 tp-col-md-6 tp-col-sm-12 tp-col-12  dezember-2024\"><article id=\"post-4843\" class=\"post-4843 post type-post status-publish format-standard has-post-thumbnail hentry category-dezember-2024\">\r\n\t<div class=\"blog-list-content\">\r\n\t\t\t\t<div class=\"post-content-image\">\r\n\t\t\t<a href=\"https:\/\/ruba-thermoplast.ch\/fr\/die-naechste-pcd-messe-in-paris-steht-vor-der-tuer\/\">\r\n\t\t\t\t\t<div class=\"blog-featured-image  tp-cst-img-full img\">\r\n\t<span class=\"thumb-wrap\">\r\n\t\t<img loading=\"lazy\" decoding=\"async\" width=\"756\" height=\"756\" src=\"https:\/\/ruba-thermoplast.ch\/wp-content\/uploads\/2024\/12\/2024_03_3.jpg\" class=\"attachment-large size-large\" alt=\"\" srcset=\"https:\/\/ruba-thermoplast.ch\/wp-content\/uploads\/2024\/12\/2024_03_3.jpg 756w, https:\/\/ruba-thermoplast.ch\/wp-content\/uploads\/2024\/12\/2024_03_3-300x300.jpg 300w, https:\/\/ruba-thermoplast.ch\/wp-content\/uploads\/2024\/12\/2024_03_3-150x150.jpg 150w, https:\/\/ruba-thermoplast.ch\/wp-content\/uploads\/2024\/12\/2024_03_3-12x12.jpg 12w, https:\/\/ruba-thermoplast.ch\/wp-content\/uploads\/2024\/12\/2024_03_3-700x700.jpg 700w\" sizes=\"(max-width: 756px) 100vw, 756px\" \/>\t<\/span>\r\n\t<\/div>\r\n\t\t\t<\/a>\r\n\t\t\t\t\t<\/div>\r\n\t\t\t\t<div class=\"post-content-bottom\">\r\n\t\t\t\t\t\t<div class=\"post-metro-content\">\r\n\t\t\t\t<h3 class=\"post-title\">\r\n\t<a href=\"https:\/\/ruba-thermoplast.ch\/fr\/die-naechste-pcd-messe-in-paris-steht-vor-der-tuer\/\" class=\"keep-all\">Die n\u00e4chste PCD Messe in Par...<\/a>\r\n<\/h3>\r\n\t\t\t\t\t\t\t\t\t<div class=\"post-hover-content\">\r\n\t\t\t\t\t\t<div class=\"entry-content\">\r\n\t<p>Le prochain salon PCD \u00e0 Paris\nest imminent. \nCommandez des billets gratuits...<\/p>\r\n<\/div>\r\n\t\t\t\t\t<\/div>\r\n\t\t\t\t\t\t\t\t\t\t\t\t\t<div class=\"post-meta-info style-1\"><span class=\"meta-date\"><a href=\"https:\/\/ruba-thermoplast.ch\/fr\/die-naechste-pcd-messe-in-paris-steht-vor-der-tuer\/\"><span class=\"entry-date\">9. d\u00e9cembre 2024<\/span><\/a><\/span>\r\n<\/div>\t\t\t\t\t\t\t<\/div>\r\n\t\t<\/div>\r\n\t\t\t\t\t<\/div>\r\n<\/article>\r\n<\/div><div class=\"grid-item metro-item  tp-col-lg-4 tp-col-md-6 tp-col-sm-12 tp-col-12  oktober-2024\"><article id=\"post-4593\" class=\"post-4593 post type-post status-publish format-standard has-post-thumbnail hentry category-oktober-2024\">\r\n\t<div class=\"blog-list-content\">\r\n\t\t\t\t<div class=\"post-content-image\">\r\n\t\t\t<a href=\"https:\/\/ruba-thermoplast.ch\/fr\/verschluesse-fuer-ihre-lippenbalsam-tuben\/\">\r\n\t\t\t\t\t<div class=\"blog-featured-image  tp-cst-img-full img\">\r\n\t<span class=\"thumb-wrap\">\r\n\t\t<img loading=\"lazy\" decoding=\"async\" width=\"800\" height=\"802\" src=\"https:\/\/ruba-thermoplast.ch\/wp-content\/uploads\/2024\/09\/2024_02_Lip_Balm.png\" class=\"attachment-large size-large\" alt=\"\" srcset=\"https:\/\/ruba-thermoplast.ch\/wp-content\/uploads\/2024\/09\/2024_02_Lip_Balm.png 928w, https:\/\/ruba-thermoplast.ch\/wp-content\/uploads\/2024\/09\/2024_02_Lip_Balm-300x300.png 300w, https:\/\/ruba-thermoplast.ch\/wp-content\/uploads\/2024\/09\/2024_02_Lip_Balm-150x150.png 150w, https:\/\/ruba-thermoplast.ch\/wp-content\/uploads\/2024\/09\/2024_02_Lip_Balm-768x770.png 768w, https:\/\/ruba-thermoplast.ch\/wp-content\/uploads\/2024\/09\/2024_02_Lip_Balm-12x12.png 12w\" sizes=\"(max-width: 800px) 100vw, 800px\" \/>\t<\/span>\r\n\t<\/div>\r\n\t\t\t<\/a>\r\n\t\t\t\t\t<\/div>\r\n\t\t\t\t<div class=\"post-content-bottom\">\r\n\t\t\t\t\t\t<div class=\"post-metro-content\">\r\n\t\t\t\t<h3 class=\"post-title\">\r\n\t<a href=\"https:\/\/ruba-thermoplast.ch\/fr\/verschluesse-fuer-ihre-lippenbalsam-tuben\/\" class=\"keep-all\">Verschl\u00fcsse f\u00fcr Ihre Lippen...<\/a>\r\n<\/h3>\r\n\t\t\t\t\t\t\t\t\t<div class=\"post-hover-content\">\r\n\t\t\t\t\t\t<div class=\"entry-content\">\r\n\t<p>RUBA-bouchons pour vos tubes lip-balm! Connaissez-vous nos bouchons pour tubes<\/p>\r\n<\/div>\r\n\t\t\t\t\t<\/div>\r\n\t\t\t\t\t\t\t\t\t\t\t\t\t<div class=\"post-meta-info style-1\"><span class=\"meta-date\"><a href=\"https:\/\/ruba-thermoplast.ch\/fr\/verschluesse-fuer-ihre-lippenbalsam-tuben\/\"><span class=\"entry-date\">3. octobre 2024<\/span><\/a><\/span>\r\n<\/div>\t\t\t\t\t\t\t<\/div>\r\n\t\t<\/div>\r\n\t\t\t\t\t<\/div>\r\n<\/article>\r\n<\/div><div class=\"grid-item metro-item  tp-col-lg-4 tp-col-md-6 tp-col-sm-12 tp-col-12  oktober-2024\"><article id=\"post-4705\" class=\"post-4705 post type-post status-publish format-standard has-post-thumbnail hentry category-oktober-2024\">\r\n\t<div class=\"blog-list-content\">\r\n\t\t\t\t<div class=\"post-content-image\">\r\n\t\t\t<a href=\"https:\/\/ruba-thermoplast.ch\/fr\/neue-sgm\/\">\r\n\t\t\t\t\t<div class=\"blog-featured-image  tp-cst-img-full img\">\r\n\t<span class=\"thumb-wrap\">\r\n\t\t<img loading=\"lazy\" decoding=\"async\" width=\"800\" height=\"801\" src=\"https:\/\/ruba-thermoplast.ch\/wp-content\/uploads\/2024\/09\/2024_02_Neue_SGM.png\" class=\"attachment-large size-large\" alt=\"\" srcset=\"https:\/\/ruba-thermoplast.ch\/wp-content\/uploads\/2024\/09\/2024_02_Neue_SGM.png 932w, https:\/\/ruba-thermoplast.ch\/wp-content\/uploads\/2024\/09\/2024_02_Neue_SGM-300x300.png 300w, https:\/\/ruba-thermoplast.ch\/wp-content\/uploads\/2024\/09\/2024_02_Neue_SGM-150x150.png 150w, https:\/\/ruba-thermoplast.ch\/wp-content\/uploads\/2024\/09\/2024_02_Neue_SGM-768x769.png 768w, https:\/\/ruba-thermoplast.ch\/wp-content\/uploads\/2024\/09\/2024_02_Neue_SGM-12x12.png 12w, https:\/\/ruba-thermoplast.ch\/wp-content\/uploads\/2024\/09\/2024_02_Neue_SGM-700x700.png 700w\" sizes=\"(max-width: 800px) 100vw, 800px\" \/>\t<\/span>\r\n\t<\/div>\r\n\t\t\t<\/a>\r\n\t\t\t\t\t<\/div>\r\n\t\t\t\t<div class=\"post-content-bottom\">\r\n\t\t\t\t\t\t<div class=\"post-metro-content\">\r\n\t\t\t\t<h3 class=\"post-title\">\r\n\t<a href=\"https:\/\/ruba-thermoplast.ch\/fr\/neue-sgm\/\" class=\"keep-all\">Vollelektrischen Spritzgussma...<\/a>\r\n<\/h3>\r\n\t\t\t\t\t\t\t\t\t<div class=\"post-hover-content\">\r\n\t\t\t\t\t\t<div class=\"entry-content\">\r\n\t<p>Nouvelles presses \u00e0 injecter \u00e9lectrique, nous sommes heureux d\u2019annoncer <\/p>\r\n<\/div>\r\n\t\t\t\t\t<\/div>\r\n\t\t\t\t\t\t\t\t\t\t\t\t\t<div class=\"post-meta-info style-1\"><span class=\"meta-date\"><a href=\"https:\/\/ruba-thermoplast.ch\/fr\/neue-sgm\/\"><span class=\"entry-date\">2. octobre 2024<\/span><\/a><\/span>\r\n<\/div>\t\t\t\t\t\t\t<\/div>\r\n\t\t<\/div>\r\n\t\t\t\t\t<\/div>\r\n<\/article>\r\n<\/div><div class=\"grid-item metro-item  tp-col-lg-4 tp-col-md-6 tp-col-sm-12 tp-col-12  oktober-2024\"><article id=\"post-4728\" class=\"post-4728 post type-post status-publish format-standard has-post-thumbnail hentry category-oktober-2024\">\r\n\t<div class=\"blog-list-content\">\r\n\t\t\t\t<div class=\"post-content-image\">\r\n\t\t\t<a href=\"https:\/\/ruba-thermoplast.ch\/fr\/neuer-lernender-im-betrieb-willkommen-ludwig\/\">\r\n\t\t\t\t\t<div class=\"blog-featured-image  tp-cst-img-full img\">\r\n\t<span class=\"thumb-wrap\">\r\n\t\t<img loading=\"lazy\" decoding=\"async\" width=\"800\" height=\"798\" src=\"https:\/\/ruba-thermoplast.ch\/wp-content\/uploads\/2024\/09\/2024_02_Neuer_Lehrling.png\" class=\"attachment-large size-large\" alt=\"\" srcset=\"https:\/\/ruba-thermoplast.ch\/wp-content\/uploads\/2024\/09\/2024_02_Neuer_Lehrling.png 932w, https:\/\/ruba-thermoplast.ch\/wp-content\/uploads\/2024\/09\/2024_02_Neuer_Lehrling-300x300.png 300w, https:\/\/ruba-thermoplast.ch\/wp-content\/uploads\/2024\/09\/2024_02_Neuer_Lehrling-150x150.png 150w, https:\/\/ruba-thermoplast.ch\/wp-content\/uploads\/2024\/09\/2024_02_Neuer_Lehrling-768x766.png 768w, https:\/\/ruba-thermoplast.ch\/wp-content\/uploads\/2024\/09\/2024_02_Neuer_Lehrling-12x12.png 12w\" sizes=\"(max-width: 800px) 100vw, 800px\" \/>\t<\/span>\r\n\t<\/div>\r\n\t\t\t<\/a>\r\n\t\t\t\t\t<\/div>\r\n\t\t\t\t<div class=\"post-content-bottom\">\r\n\t\t\t\t\t\t<div class=\"post-metro-content\">\r\n\t\t\t\t<h3 class=\"post-title\">\r\n\t<a href=\"https:\/\/ruba-thermoplast.ch\/fr\/neuer-lernender-im-betrieb-willkommen-ludwig\/\" class=\"keep-all\">Neuer Lernender im Betrieb: W...<\/a>\r\n<\/h3>\r\n\t\t\t\t\t\t\t\t\t<div class=\"post-hover-content\">\r\n\t\t\t\t\t\t<div class=\"entry-content\">\r\n\t<p>Nouvel apprenti dans l\u2019entreprise: \nBienvenue Ludwig!<\/p>\r\n<\/div>\r\n\t\t\t\t\t<\/div>\r\n\t\t\t\t\t\t\t\t\t\t\t\t\t<div class=\"post-meta-info style-1\"><span class=\"meta-date\"><a href=\"https:\/\/ruba-thermoplast.ch\/fr\/neuer-lernender-im-betrieb-willkommen-ludwig\/\"><span class=\"entry-date\">1. octobre 2024<\/span><\/a><\/span>\r\n<\/div>\t\t\t\t\t\t\t<\/div>\r\n\t\t<\/div>\r\n\t\t\t\t\t<\/div>\r\n<\/article>\r\n<\/div><div class=\"grid-item metro-item  tp-col-lg-4 tp-col-md-6 tp-col-sm-12 tp-col-12  april-2024\"><article id=\"post-4288\" class=\"post-4288 post type-post status-publish format-standard has-post-thumbnail hentry category-april-2024\">\r\n\t<div class=\"blog-list-content\">\r\n\t\t\t\t<div class=\"post-content-image\">\r\n\t\t\t<a href=\"https:\/\/ruba-thermoplast.ch\/fr\/oktagonal-line-ab-sofort-in-unserem-sortiment\/\">\r\n\t\t\t\t\t<div class=\"blog-featured-image  tp-cst-img-full img\">\r\n\t<span class=\"thumb-wrap\">\r\n\t\t<img loading=\"lazy\" decoding=\"async\" width=\"800\" height=\"800\" src=\"https:\/\/ruba-thermoplast.ch\/wp-content\/uploads\/2024\/04\/01_Oktagonal_Line-1024x1024.jpeg\" class=\"attachment-large size-large\" alt=\"\" srcset=\"https:\/\/ruba-thermoplast.ch\/wp-content\/uploads\/2024\/04\/01_Oktagonal_Line-1024x1024.jpeg 1024w, https:\/\/ruba-thermoplast.ch\/wp-content\/uploads\/2024\/04\/01_Oktagonal_Line-300x300.jpeg 300w, https:\/\/ruba-thermoplast.ch\/wp-content\/uploads\/2024\/04\/01_Oktagonal_Line-150x150.jpeg 150w, https:\/\/ruba-thermoplast.ch\/wp-content\/uploads\/2024\/04\/01_Oktagonal_Line-768x768.jpeg 768w, https:\/\/ruba-thermoplast.ch\/wp-content\/uploads\/2024\/04\/01_Oktagonal_Line-1536x1536.jpeg 1536w, https:\/\/ruba-thermoplast.ch\/wp-content\/uploads\/2024\/04\/01_Oktagonal_Line-12x12.jpeg 12w, https:\/\/ruba-thermoplast.ch\/wp-content\/uploads\/2024\/04\/01_Oktagonal_Line-700x700.jpeg 700w, https:\/\/ruba-thermoplast.ch\/wp-content\/uploads\/2024\/04\/01_Oktagonal_Line.jpeg 1772w\" sizes=\"(max-width: 800px) 100vw, 800px\" \/>\t<\/span>\r\n\t<\/div>\r\n\t\t\t<\/a>\r\n\t\t\t\t\t<\/div>\r\n\t\t\t\t<div class=\"post-content-bottom\">\r\n\t\t\t\t\t\t<div class=\"post-metro-content\">\r\n\t\t\t\t<h3 class=\"post-title\">\r\n\t<a href=\"https:\/\/ruba-thermoplast.ch\/fr\/oktagonal-line-ab-sofort-in-unserem-sortiment\/\" class=\"keep-all\">Oktagonal Line \u2013 ab sofort ...<\/a>\r\n<\/h3>\r\n\t\t\t\t\t\t\t\t\t<div class=\"post-hover-content\">\r\n\t\t\t\t\t\t<div class=\"entry-content\">\r\n\t<p>Ligne Octogonale - D\u00e9sormais disponible dans notre assortiment! \n<\/p>\r\n<\/div>\r\n\t\t\t\t\t<\/div>\r\n\t\t\t\t\t\t\t\t\t\t\t\t\t<div class=\"post-meta-info style-1\"><span class=\"meta-date\"><a href=\"https:\/\/ruba-thermoplast.ch\/fr\/oktagonal-line-ab-sofort-in-unserem-sortiment\/\"><span class=\"entry-date\">12. avril 2024<\/span><\/a><\/span>\r\n<\/div>\t\t\t\t\t\t\t<\/div>\r\n\t\t<\/div>\r\n\t\t\t\t\t<\/div>\r\n<\/article>\r\n<\/div><div class=\"grid-item metro-item  tp-col-lg-4 tp-col-md-6 tp-col-sm-12 tp-col-12  april-2024\"><article id=\"post-4292\" class=\"post-4292 post type-post status-publish format-standard has-post-thumbnail hentry category-april-2024\">\r\n\t<div class=\"blog-list-content\">\r\n\t\t\t\t<div class=\"post-content-image\">\r\n\t\t\t<a href=\"https:\/\/ruba-thermoplast.ch\/fr\/pcr-verschluesse-abfall-ist-erst-abfall-wenn-man-ihn-entsorgt\/\">\r\n\t\t\t\t\t<div class=\"blog-featured-image  tp-cst-img-full img\">\r\n\t<span class=\"thumb-wrap\">\r\n\t\t<img loading=\"lazy\" decoding=\"async\" width=\"800\" height=\"800\" src=\"https:\/\/ruba-thermoplast.ch\/wp-content\/uploads\/2024\/04\/02_PCR.jpg\" class=\"attachment-large size-large\" alt=\"\" srcset=\"https:\/\/ruba-thermoplast.ch\/wp-content\/uploads\/2024\/04\/02_PCR.jpg 945w, https:\/\/ruba-thermoplast.ch\/wp-content\/uploads\/2024\/04\/02_PCR-300x300.jpg 300w, https:\/\/ruba-thermoplast.ch\/wp-content\/uploads\/2024\/04\/02_PCR-150x150.jpg 150w, https:\/\/ruba-thermoplast.ch\/wp-content\/uploads\/2024\/04\/02_PCR-768x768.jpg 768w, https:\/\/ruba-thermoplast.ch\/wp-content\/uploads\/2024\/04\/02_PCR-12x12.jpg 12w, https:\/\/ruba-thermoplast.ch\/wp-content\/uploads\/2024\/04\/02_PCR-700x700.jpg 700w\" sizes=\"(max-width: 800px) 100vw, 800px\" \/>\t<\/span>\r\n\t<\/div>\r\n\t\t\t<\/a>\r\n\t\t\t\t\t<\/div>\r\n\t\t\t\t<div class=\"post-content-bottom\">\r\n\t\t\t\t\t\t<div class=\"post-metro-content\">\r\n\t\t\t\t<h3 class=\"post-title\">\r\n\t<a href=\"https:\/\/ruba-thermoplast.ch\/fr\/pcr-verschluesse-abfall-ist-erst-abfall-wenn-man-ihn-entsorgt\/\" class=\"keep-all\">PCR-Verschl\u00fcsse &#8211; Abfa...<\/a>\r\n<\/h3>\r\n\t\t\t\t\t\t\t\t\t<div class=\"post-hover-content\">\r\n\t\t\t\t\t\t<div class=\"entry-content\">\r\n\t<p>Bouchons PCR - Les d\u00e9chets ne sont des d\u00e9chets que lorsqu'on les \u00e9limine!<\/p>\r\n<\/div>\r\n\t\t\t\t\t<\/div>\r\n\t\t\t\t\t\t\t\t\t\t\t\t\t<div class=\"post-meta-info style-1\"><span class=\"meta-date\"><a href=\"https:\/\/ruba-thermoplast.ch\/fr\/pcr-verschluesse-abfall-ist-erst-abfall-wenn-man-ihn-entsorgt\/\"><span class=\"entry-date\">12. avril 2024<\/span><\/a><\/span>\r\n<\/div>\t\t\t\t\t\t\t<\/div>\r\n\t\t<\/div>\r\n\t\t\t\t\t<\/div>\r\n<\/article>\r\n<\/div><div class=\"grid-item metro-item  tp-col-lg-4 tp-col-md-6 tp-col-sm-12 tp-col-12  april-2024\"><article id=\"post-4296\" class=\"post-4296 post type-post status-publish format-standard has-post-thumbnail hentry category-april-2024\">\r\n\t<div class=\"blog-list-content\">\r\n\t\t\t\t<div class=\"post-content-image\">\r\n\t\t\t<a href=\"https:\/\/ruba-thermoplast.ch\/fr\/ruba-produktionsteam-duerfen-wir-uns-vorstellen\/\">\r\n\t\t\t\t\t<div class=\"blog-featured-image  tp-cst-img-full img\">\r\n\t<span class=\"thumb-wrap\">\r\n\t\t<img loading=\"lazy\" decoding=\"async\" width=\"800\" height=\"800\" src=\"https:\/\/ruba-thermoplast.ch\/wp-content\/uploads\/2024\/04\/03_PO-1024x1024.jpeg\" class=\"attachment-large size-large\" alt=\"\" srcset=\"https:\/\/ruba-thermoplast.ch\/wp-content\/uploads\/2024\/04\/03_PO-1024x1024.jpeg 1024w, https:\/\/ruba-thermoplast.ch\/wp-content\/uploads\/2024\/04\/03_PO-300x300.jpeg 300w, https:\/\/ruba-thermoplast.ch\/wp-content\/uploads\/2024\/04\/03_PO-150x150.jpeg 150w, https:\/\/ruba-thermoplast.ch\/wp-content\/uploads\/2024\/04\/03_PO-768x768.jpeg 768w, https:\/\/ruba-thermoplast.ch\/wp-content\/uploads\/2024\/04\/03_PO-1536x1536.jpeg 1536w, https:\/\/ruba-thermoplast.ch\/wp-content\/uploads\/2024\/04\/03_PO-12x12.jpeg 12w, https:\/\/ruba-thermoplast.ch\/wp-content\/uploads\/2024\/04\/03_PO-700x700.jpeg 700w, https:\/\/ruba-thermoplast.ch\/wp-content\/uploads\/2024\/04\/03_PO.jpeg 1772w\" sizes=\"(max-width: 800px) 100vw, 800px\" \/>\t<\/span>\r\n\t<\/div>\r\n\t\t\t<\/a>\r\n\t\t\t\t\t<\/div>\r\n\t\t\t\t<div class=\"post-content-bottom\">\r\n\t\t\t\t\t\t<div class=\"post-metro-content\">\r\n\t\t\t\t<h3 class=\"post-title\">\r\n\t<a href=\"https:\/\/ruba-thermoplast.ch\/fr\/ruba-produktionsteam-duerfen-wir-uns-vorstellen\/\" class=\"keep-all\">RUBA-Produktionsteam. D\u00fcrfen...<\/a>\r\n<\/h3>\r\n\t\t\t\t\t\t\t\t\t<div class=\"post-hover-content\">\r\n\t\t\t\t\t\t<div class=\"entry-content\">\r\n\t<p>Qui fait partie de l'\u00e9quipe de production?\nQue pouvez-vous attendre de nous?<\/p>\r\n<\/div>\r\n\t\t\t\t\t<\/div>\r\n\t\t\t\t\t\t\t\t\t\t\t\t\t<div class=\"post-meta-info style-1\"><span class=\"meta-date\"><a href=\"https:\/\/ruba-thermoplast.ch\/fr\/ruba-produktionsteam-duerfen-wir-uns-vorstellen\/\"><span class=\"entry-date\">12. avril 2024<\/span><\/a><\/span>\r\n<\/div>\t\t\t\t\t\t\t<\/div>\r\n\t\t<\/div>\r\n\t\t\t\t\t<\/div>\r\n<\/article>\r\n<\/div><div class=\"grid-item metro-item  tp-col-lg-4 tp-col-md-6 tp-col-sm-12 tp-col-12  dezember-2023\"><article id=\"post-4091\" class=\"post-4091 post type-post status-publish format-standard has-post-thumbnail hentry category-dezember-2023\">\r\n\t<div class=\"blog-list-content\">\r\n\t\t\t\t<div class=\"post-content-image\">\r\n\t\t\t<a href=\"https:\/\/ruba-thermoplast.ch\/fr\/pe-verschluesse-im-fokus-der-nachhaltigkeit\/\">\r\n\t\t\t\t\t<div class=\"blog-featured-image  tp-cst-img-full img\">\r\n\t<span class=\"thumb-wrap\">\r\n\t\t<img loading=\"lazy\" decoding=\"async\" width=\"612\" height=\"613\" src=\"https:\/\/ruba-thermoplast.ch\/wp-content\/uploads\/2023\/12\/PE.jpg\" class=\"attachment-large size-large\" alt=\"\" srcset=\"https:\/\/ruba-thermoplast.ch\/wp-content\/uploads\/2023\/12\/PE.jpg 612w, https:\/\/ruba-thermoplast.ch\/wp-content\/uploads\/2023\/12\/PE-300x300.jpg 300w, https:\/\/ruba-thermoplast.ch\/wp-content\/uploads\/2023\/12\/PE-150x150.jpg 150w, https:\/\/ruba-thermoplast.ch\/wp-content\/uploads\/2023\/12\/PE-12x12.jpg 12w\" sizes=\"(max-width: 612px) 100vw, 612px\" \/>\t<\/span>\r\n\t<\/div>\r\n\t\t\t<\/a>\r\n\t\t\t\t\t<\/div>\r\n\t\t\t\t<div class=\"post-content-bottom\">\r\n\t\t\t\t\t\t<div class=\"post-metro-content\">\r\n\t\t\t\t<h3 class=\"post-title\">\r\n\t<a href=\"https:\/\/ruba-thermoplast.ch\/fr\/pe-verschluesse-im-fokus-der-nachhaltigkeit\/\" class=\"keep-all\">PE Verschl\u00fcsse im Fokus der ...<\/a>\r\n<\/h3>\r\n\t\t\t\t\t\t\t\t\t<div class=\"post-hover-content\">\r\n\t\t\t\t\t\t<div class=\"entry-content\">\r\n\t<p>La recyclabilit\u00e9, notamment dans l\u2019industrie de l\u2019emballage, est aujourd\u2019hui incontournable. <\/p>\r\n<\/div>\r\n\t\t\t\t\t<\/div>\r\n\t\t\t\t\t\t\t\t\t\t\t\t\t<div class=\"post-meta-info style-1\"><span class=\"meta-date\"><a href=\"https:\/\/ruba-thermoplast.ch\/fr\/pe-verschluesse-im-fokus-der-nachhaltigkeit\/\"><span class=\"entry-date\">13. d\u00e9cembre 2023<\/span><\/a><\/span>\r\n<\/div>\t\t\t\t\t\t\t<\/div>\r\n\t\t<\/div>\r\n\t\t\t\t\t<\/div>\r\n<\/article>\r\n<\/div><div class=\"grid-item metro-item  tp-col-lg-4 tp-col-md-6 tp-col-sm-12 tp-col-12  dezember-2023\"><article id=\"post-4097\" class=\"post-4097 post type-post status-publish format-standard has-post-thumbnail hentry category-dezember-2023\">\r\n\t<div class=\"blog-list-content\">\r\n\t\t\t\t<div class=\"post-content-image\">\r\n\t\t\t<a href=\"https:\/\/ruba-thermoplast.ch\/fr\/sonnige-neuigkeiten\/\">\r\n\t\t\t\t\t<div class=\"blog-featured-image  tp-cst-img-full img\">\r\n\t<span class=\"thumb-wrap\">\r\n\t\t<img loading=\"lazy\" decoding=\"async\" width=\"800\" height=\"600\" src=\"https:\/\/ruba-thermoplast.ch\/wp-content\/uploads\/2023\/10\/IMG_2138-1024x768.jpeg\" class=\"attachment-large size-large\" alt=\"\" srcset=\"https:\/\/ruba-thermoplast.ch\/wp-content\/uploads\/2023\/10\/IMG_2138-1024x768.jpeg 1024w, https:\/\/ruba-thermoplast.ch\/wp-content\/uploads\/2023\/10\/IMG_2138-300x225.jpeg 300w, https:\/\/ruba-thermoplast.ch\/wp-content\/uploads\/2023\/10\/IMG_2138-768x576.jpeg 768w, https:\/\/ruba-thermoplast.ch\/wp-content\/uploads\/2023\/10\/IMG_2138-1536x1152.jpeg 1536w, https:\/\/ruba-thermoplast.ch\/wp-content\/uploads\/2023\/10\/IMG_2138-16x12.jpeg 16w, https:\/\/ruba-thermoplast.ch\/wp-content\/uploads\/2023\/10\/IMG_2138.jpeg 2048w\" sizes=\"(max-width: 800px) 100vw, 800px\" \/>\t<\/span>\r\n\t<\/div>\r\n\t\t\t<\/a>\r\n\t\t\t\t\t<\/div>\r\n\t\t\t\t<div class=\"post-content-bottom\">\r\n\t\t\t\t\t\t<div class=\"post-metro-content\">\r\n\t\t\t\t<h3 class=\"post-title\">\r\n\t<a href=\"https:\/\/ruba-thermoplast.ch\/fr\/sonnige-neuigkeiten\/\" class=\"keep-all\">Nouvelle ensoleill\u00e9e!\u00a0<\/a>\r\n<\/h3>\r\n\t\t\t\t\t\t\t\t\t<div class=\"post-hover-content\">\r\n\t\t\t\t\t\t<div class=\"entry-content\">\r\n\t<p>Les co\u00fbts de l\u2018\u00e9lectricit\u00e9 ont g\u00e9n\u00e9ralement augment\u00e9 ces derni\u00e8res ann\u00e9es.<\/p>\r\n<\/div>\r\n\t\t\t\t\t<\/div>\r\n\t\t\t\t\t\t\t\t\t\t\t\t\t<div class=\"post-meta-info style-1\"><span class=\"meta-date\"><a href=\"https:\/\/ruba-thermoplast.ch\/fr\/sonnige-neuigkeiten\/\"><span class=\"entry-date\">13. d\u00e9cembre 2023<\/span><\/a><\/span>\r\n<\/div>\t\t\t\t\t\t\t<\/div>\r\n\t\t<\/div>\r\n\t\t\t\t\t<\/div>\r\n<\/article>\r\n<\/div><div class=\"grid-item metro-item  tp-col-lg-4 tp-col-md-6 tp-col-sm-12 tp-col-12  dezember-2023\"><article id=\"post-4099\" class=\"post-4099 post type-post status-publish format-standard has-post-thumbnail hentry category-dezember-2023\">\r\n\t<div class=\"blog-list-content\">\r\n\t\t\t\t<div class=\"post-content-image\">\r\n\t\t\t<a href=\"https:\/\/ruba-thermoplast.ch\/fr\/ruba-65-jahre-erfahrung\/\">\r\n\t\t\t\t\t<div class=\"blog-featured-image  tp-cst-img-full img\">\r\n\t<span class=\"thumb-wrap\">\r\n\t\t<img loading=\"lazy\" decoding=\"async\" width=\"609\" height=\"626\" src=\"https:\/\/ruba-thermoplast.ch\/wp-content\/uploads\/2023\/12\/ruba.jpg\" class=\"attachment-large size-large\" alt=\"\" srcset=\"https:\/\/ruba-thermoplast.ch\/wp-content\/uploads\/2023\/12\/ruba.jpg 609w, https:\/\/ruba-thermoplast.ch\/wp-content\/uploads\/2023\/12\/ruba-292x300.jpg 292w, https:\/\/ruba-thermoplast.ch\/wp-content\/uploads\/2023\/12\/ruba-12x12.jpg 12w\" sizes=\"(max-width: 609px) 100vw, 609px\" \/>\t<\/span>\r\n\t<\/div>\r\n\t\t\t<\/a>\r\n\t\t\t\t\t<\/div>\r\n\t\t\t\t<div class=\"post-content-bottom\">\r\n\t\t\t\t\t\t<div class=\"post-metro-content\">\r\n\t\t\t\t<h3 class=\"post-title\">\r\n\t<a href=\"https:\/\/ruba-thermoplast.ch\/fr\/ruba-65-jahre-erfahrung\/\" class=\"keep-all\">RUBA &#8211; 65 Jahre Erfahru...<\/a>\r\n<\/h3>\r\n\t\t\t\t\t\t\t\t\t<div class=\"post-hover-content\">\r\n\t\t\t\t\t\t<div class=\"entry-content\">\r\n\t<p>L'histoire de RUBA commence en 1958, dans le sous-sol d'une maison familiale \u00e0 Rheinfelden, en Suisse.\n\n\n<\/p>\r\n<\/div>\r\n\t\t\t\t\t<\/div>\r\n\t\t\t\t\t\t\t\t\t\t\t\t\t<div class=\"post-meta-info style-1\"><span class=\"meta-date\"><a href=\"https:\/\/ruba-thermoplast.ch\/fr\/ruba-65-jahre-erfahrung\/\"><span class=\"entry-date\">13. d\u00e9cembre 2023<\/span><\/a><\/span>\r\n<\/div>\t\t\t\t\t\t\t<\/div>\r\n\t\t<\/div>\r\n\t\t\t\t\t<\/div>\r\n<\/article>\r\n<\/div><div class=\"grid-item metro-item  tp-col-lg-4 tp-col-md-6 tp-col-sm-12 tp-col-12  september-2023\"><article id=\"post-3880\" class=\"post-3880 post type-post status-publish format-standard has-post-thumbnail hentry category-september-2023\">\r\n\t<div class=\"blog-list-content\">\r\n\t\t\t\t<div class=\"post-content-image\">\r\n\t\t\t<a href=\"https:\/\/ruba-thermoplast.ch\/fr\/rubas-pir\/\">\r\n\t\t\t\t\t<div class=\"blog-featured-image  tp-cst-img-full img\">\r\n\t<span class=\"thumb-wrap\">\r\n\t\t<img loading=\"lazy\" decoding=\"async\" width=\"800\" height=\"800\" src=\"https:\/\/ruba-thermoplast.ch\/wp-content\/uploads\/2023\/09\/01_PIR.jpg\" class=\"attachment-large size-large\" alt=\"\" srcset=\"https:\/\/ruba-thermoplast.ch\/wp-content\/uploads\/2023\/09\/01_PIR.jpg 945w, https:\/\/ruba-thermoplast.ch\/wp-content\/uploads\/2023\/09\/01_PIR-300x300.jpg 300w, https:\/\/ruba-thermoplast.ch\/wp-content\/uploads\/2023\/09\/01_PIR-150x150.jpg 150w, https:\/\/ruba-thermoplast.ch\/wp-content\/uploads\/2023\/09\/01_PIR-768x768.jpg 768w, https:\/\/ruba-thermoplast.ch\/wp-content\/uploads\/2023\/09\/01_PIR-12x12.jpg 12w, https:\/\/ruba-thermoplast.ch\/wp-content\/uploads\/2023\/09\/01_PIR-700x700.jpg 700w\" sizes=\"(max-width: 800px) 100vw, 800px\" \/>\t<\/span>\r\n\t<\/div>\r\n\t\t\t<\/a>\r\n\t\t\t\t\t<\/div>\r\n\t\t\t\t<div class=\"post-content-bottom\">\r\n\t\t\t\t\t\t<div class=\"post-metro-content\">\r\n\t\t\t\t<h3 class=\"post-title\">\r\n\t<a href=\"https:\/\/ruba-thermoplast.ch\/fr\/rubas-pir\/\" class=\"keep-all\">RUBA&#8217;s PIR<\/a>\r\n<\/h3>\r\n\t\t\t\t\t\t\t\t\t<div class=\"post-hover-content\">\r\n\t\t\t\t\t\t<div class=\"entry-content\">\r\n\t<p>D\u00e8s maintenant, vous pouvez commander chez nous des bouchons issus de notre propre...<\/p>\r\n<\/div>\r\n\t\t\t\t\t<\/div>\r\n\t\t\t\t\t\t\t\t\t\t\t\t\t<div class=\"post-meta-info style-1\"><span class=\"meta-date\"><a href=\"https:\/\/ruba-thermoplast.ch\/fr\/rubas-pir\/\"><span class=\"entry-date\">17 septembre 2023<\/span><\/a><\/span>\r\n<\/div>\t\t\t\t\t\t\t<\/div>\r\n\t\t<\/div>\r\n\t\t\t\t\t<\/div>\r\n<\/article>\r\n<\/div><div class=\"grid-item metro-item  tp-col-lg-4 tp-col-md-6 tp-col-sm-12 tp-col-12  september-2023\"><article id=\"post-3885\" class=\"post-3885 post type-post status-publish format-standard has-post-thumbnail hentry category-september-2023\">\r\n\t<div class=\"blog-list-content\">\r\n\t\t\t\t<div class=\"post-content-image\">\r\n\t\t\t<a href=\"https:\/\/ruba-thermoplast.ch\/fr\/ruba-verschluesse-in-einer-faszinierenden-steinoptik\/\">\r\n\t\t\t\t\t<div class=\"blog-featured-image  tp-cst-img-full img\">\r\n\t<span class=\"thumb-wrap\">\r\n\t\t<img loading=\"lazy\" decoding=\"async\" width=\"800\" height=\"800\" src=\"https:\/\/ruba-thermoplast.ch\/wp-content\/uploads\/2023\/09\/02_Steinoptik.jpg\" class=\"attachment-large size-large\" alt=\"\" srcset=\"https:\/\/ruba-thermoplast.ch\/wp-content\/uploads\/2023\/09\/02_Steinoptik.jpg 945w, https:\/\/ruba-thermoplast.ch\/wp-content\/uploads\/2023\/09\/02_Steinoptik-300x300.jpg 300w, https:\/\/ruba-thermoplast.ch\/wp-content\/uploads\/2023\/09\/02_Steinoptik-150x150.jpg 150w, https:\/\/ruba-thermoplast.ch\/wp-content\/uploads\/2023\/09\/02_Steinoptik-768x768.jpg 768w, https:\/\/ruba-thermoplast.ch\/wp-content\/uploads\/2023\/09\/02_Steinoptik-12x12.jpg 12w, https:\/\/ruba-thermoplast.ch\/wp-content\/uploads\/2023\/09\/02_Steinoptik-700x700.jpg 700w\" sizes=\"(max-width: 800px) 100vw, 800px\" \/>\t<\/span>\r\n\t<\/div>\r\n\t\t\t<\/a>\r\n\t\t\t\t\t<\/div>\r\n\t\t\t\t<div class=\"post-content-bottom\">\r\n\t\t\t\t\t\t<div class=\"post-metro-content\">\r\n\t\t\t\t<h3 class=\"post-title\">\r\n\t<a href=\"https:\/\/ruba-thermoplast.ch\/fr\/ruba-verschluesse-in-einer-faszinierenden-steinoptik\/\" class=\"keep-all\">RUBA-Verschl\u00fcsse in einer fa...<\/a>\r\n<\/h3>\r\n\t\t\t\t\t\t\t\t\t<div class=\"post-hover-content\">\r\n\t\t\t\t\t\t<div class=\"entry-content\">\r\n\t<p>D\u00e9couvrez une autre possibilit\u00e9 de d\u00e9coration\npour vos bouchons !\n<\/p>\r\n<\/div>\r\n\t\t\t\t\t<\/div>\r\n\t\t\t\t\t\t\t\t\t\t\t\t\t<div class=\"post-meta-info style-1\"><span class=\"meta-date\"><a href=\"https:\/\/ruba-thermoplast.ch\/fr\/ruba-verschluesse-in-einer-faszinierenden-steinoptik\/\"><span class=\"entry-date\">16 septembre 2023<\/span><\/a><\/span>\r\n<\/div>\t\t\t\t\t\t\t<\/div>\r\n\t\t<\/div>\r\n\t\t\t\t\t<\/div>\r\n<\/article>\r\n<\/div><div class=\"grid-item metro-item  tp-col-lg-4 tp-col-md-6 tp-col-sm-12 tp-col-12  september-2023\"><article id=\"post-3891\" class=\"post-3891 post type-post status-publish format-standard has-post-thumbnail hentry category-september-2023\">\r\n\t<div class=\"blog-list-content\">\r\n\t\t\t\t<div class=\"post-content-image\">\r\n\t\t\t<a href=\"https:\/\/ruba-thermoplast.ch\/fr\/lehre-statt-leere\/\">\r\n\t\t\t\t\t<div class=\"blog-featured-image  tp-cst-img-full img\">\r\n\t<span class=\"thumb-wrap\">\r\n\t\t<img loading=\"lazy\" decoding=\"async\" width=\"800\" height=\"800\" src=\"https:\/\/ruba-thermoplast.ch\/wp-content\/uploads\/2023\/09\/03_Lehrling_-1024x1024.jpg\" class=\"attachment-large size-large\" alt=\"\" srcset=\"https:\/\/ruba-thermoplast.ch\/wp-content\/uploads\/2023\/09\/03_Lehrling_-1024x1024.jpg 1024w, https:\/\/ruba-thermoplast.ch\/wp-content\/uploads\/2023\/09\/03_Lehrling_-300x300.jpg 300w, https:\/\/ruba-thermoplast.ch\/wp-content\/uploads\/2023\/09\/03_Lehrling_-150x150.jpg 150w, https:\/\/ruba-thermoplast.ch\/wp-content\/uploads\/2023\/09\/03_Lehrling_-768x768.jpg 768w, https:\/\/ruba-thermoplast.ch\/wp-content\/uploads\/2023\/09\/03_Lehrling_-12x12.jpg 12w, https:\/\/ruba-thermoplast.ch\/wp-content\/uploads\/2023\/09\/03_Lehrling_-700x700.jpg 700w, https:\/\/ruba-thermoplast.ch\/wp-content\/uploads\/2023\/09\/03_Lehrling_.jpg 1260w\" sizes=\"(max-width: 800px) 100vw, 800px\" \/>\t<\/span>\r\n\t<\/div>\r\n\t\t\t<\/a>\r\n\t\t\t\t\t<\/div>\r\n\t\t\t\t<div class=\"post-content-bottom\">\r\n\t\t\t\t\t\t<div class=\"post-metro-content\">\r\n\t\t\t\t<h3 class=\"post-title\">\r\n\t<a href=\"https:\/\/ruba-thermoplast.ch\/fr\/lehre-statt-leere\/\" class=\"keep-all\">La formation au sein de Ruba<\/a>\r\n<\/h3>\r\n\t\t\t\t\t\t\t\t\t<div class=\"post-hover-content\">\r\n\t\t\t\t\t\t<div class=\"entry-content\">\r\n\t<p>Pourquoi notre entreprise devrait-elle justement former des apprentis ?\nAvez-vous d\u00e9j\u00e0 regard\u00e9 les...<\/p>\r\n<\/div>\r\n\t\t\t\t\t<\/div>\r\n\t\t\t\t\t\t\t\t\t\t\t\t\t<div class=\"post-meta-info style-1\"><span class=\"meta-date\"><a href=\"https:\/\/ruba-thermoplast.ch\/fr\/lehre-statt-leere\/\"><span class=\"entry-date\">15 septembre 2023<\/span><\/a><\/span>\r\n<\/div>\t\t\t\t\t\t\t<\/div>\r\n\t\t<\/div>\r\n\t\t\t\t\t<\/div>\r\n<\/article>\r\n<\/div><div class=\"grid-item metro-item  tp-col-lg-4 tp-col-md-6 tp-col-sm-12 tp-col-12  april-2023\"><article id=\"post-3565\" class=\"post-3565 post type-post status-publish format-standard has-post-thumbnail hentry category-april-2023\">\r\n\t<div class=\"blog-list-content\">\r\n\t\t\t\t<div class=\"post-content-image\">\r\n\t\t\t<a href=\"https:\/\/ruba-thermoplast.ch\/fr\/neue-tubenschulter-m15\/\">\r\n\t\t\t\t\t<div class=\"blog-featured-image  tp-cst-img-full img\">\r\n\t<span class=\"thumb-wrap\">\r\n\t\t<img loading=\"lazy\" decoding=\"async\" width=\"800\" height=\"800\" src=\"https:\/\/ruba-thermoplast.ch\/wp-content\/uploads\/2023\/04\/01.jpg\" class=\"attachment-large size-large\" alt=\"\" srcset=\"https:\/\/ruba-thermoplast.ch\/wp-content\/uploads\/2023\/04\/01.jpg 945w, https:\/\/ruba-thermoplast.ch\/wp-content\/uploads\/2023\/04\/01-300x300.jpg 300w, https:\/\/ruba-thermoplast.ch\/wp-content\/uploads\/2023\/04\/01-150x150.jpg 150w, https:\/\/ruba-thermoplast.ch\/wp-content\/uploads\/2023\/04\/01-768x768.jpg 768w, https:\/\/ruba-thermoplast.ch\/wp-content\/uploads\/2023\/04\/01-12x12.jpg 12w, https:\/\/ruba-thermoplast.ch\/wp-content\/uploads\/2023\/04\/01-700x700.jpg 700w\" sizes=\"(max-width: 800px) 100vw, 800px\" \/>\t<\/span>\r\n\t<\/div>\r\n\t\t\t<\/a>\r\n\t\t\t\t\t<\/div>\r\n\t\t\t\t<div class=\"post-content-bottom\">\r\n\t\t\t\t\t\t<div class=\"post-metro-content\">\r\n\t\t\t\t<h3 class=\"post-title\">\r\n\t<a href=\"https:\/\/ruba-thermoplast.ch\/fr\/neue-tubenschulter-m15\/\" class=\"keep-all\">NEUE Tubenschulter M15 \u00abby R...<\/a>\r\n<\/h3>\r\n\t\t\t\t\t\t\t\t\t<div class=\"post-hover-content\">\r\n\t\t\t\t\t\t<div class=\"entry-content\">\r\n\t<p>Nous sommes heureux d'annoncer un \u00e9largissement de notre gamme de produits. A partir de ...<\/p>\r\n<\/div>\r\n\t\t\t\t\t<\/div>\r\n\t\t\t\t\t\t\t\t\t\t\t\t\t<div class=\"post-meta-info style-1\"><span class=\"meta-date\"><a href=\"https:\/\/ruba-thermoplast.ch\/fr\/neue-tubenschulter-m15\/\"><span class=\"entry-date\">4 avril 2023<\/span><\/a><\/span>\r\n<\/div>\t\t\t\t\t\t\t<\/div>\r\n\t\t<\/div>\r\n\t\t\t\t\t<\/div>\r\n<\/article>\r\n<\/div><div class=\"grid-item metro-item  tp-col-lg-4 tp-col-md-6 tp-col-sm-12 tp-col-12  april-2023\"><article id=\"post-3612\" class=\"post-3612 post type-post status-publish format-standard has-post-thumbnail hentry category-april-2023\">\r\n\t<div class=\"blog-list-content\">\r\n\t\t\t\t<div class=\"post-content-image\">\r\n\t\t\t<a href=\"https:\/\/ruba-thermoplast.ch\/fr\/mit-einfacher-ubersicht\/\">\r\n\t\t\t\t\t<div class=\"blog-featured-image  tp-cst-img-full img\">\r\n\t<span class=\"thumb-wrap\">\r\n\t\t<img loading=\"lazy\" decoding=\"async\" width=\"800\" height=\"800\" src=\"https:\/\/ruba-thermoplast.ch\/wp-content\/uploads\/2023\/04\/02.jpg\" class=\"attachment-large size-large\" alt=\"\" srcset=\"https:\/\/ruba-thermoplast.ch\/wp-content\/uploads\/2023\/04\/02.jpg 1017w, https:\/\/ruba-thermoplast.ch\/wp-content\/uploads\/2023\/04\/02-300x300.jpg 300w, https:\/\/ruba-thermoplast.ch\/wp-content\/uploads\/2023\/04\/02-150x150.jpg 150w, https:\/\/ruba-thermoplast.ch\/wp-content\/uploads\/2023\/04\/02-768x768.jpg 768w, https:\/\/ruba-thermoplast.ch\/wp-content\/uploads\/2023\/04\/02-12x12.jpg 12w, https:\/\/ruba-thermoplast.ch\/wp-content\/uploads\/2023\/04\/02-700x700.jpg 700w\" sizes=\"(max-width: 800px) 100vw, 800px\" \/>\t<\/span>\r\n\t<\/div>\r\n\t\t\t<\/a>\r\n\t\t\t\t\t<\/div>\r\n\t\t\t\t<div class=\"post-content-bottom\">\r\n\t\t\t\t\t\t<div class=\"post-metro-content\">\r\n\t\t\t\t<h3 class=\"post-title\">\r\n\t<a href=\"https:\/\/ruba-thermoplast.ch\/fr\/mit-einfacher-ubersicht\/\" class=\"keep-all\">Mit einfacher \u00dcbersicht rich...<\/a>\r\n<\/h3>\r\n\t\t\t\t\t\t\t\t\t<div class=\"post-hover-content\">\r\n\t\t\t\t\t\t<div class=\"entry-content\">\r\n\t<p>La Suisse n'est pas seulement un important pays producteur de montres, de fromage...<\/p>\r\n<\/div>\r\n\t\t\t\t\t<\/div>\r\n\t\t\t\t\t\t\t\t\t\t\t\t\t<div class=\"post-meta-info style-1\"><span class=\"meta-date\"><a href=\"https:\/\/ruba-thermoplast.ch\/fr\/mit-einfacher-ubersicht\/\"><span class=\"entry-date\">3 avril 2023<\/span><\/a><\/span>\r\n<\/div>\t\t\t\t\t\t\t<\/div>\r\n\t\t<\/div>\r\n\t\t\t\t\t<\/div>\r\n<\/article>\r\n<\/div><div class=\"grid-item metro-item  tp-col-lg-4 tp-col-md-6 tp-col-sm-12 tp-col-12  april-2023\"><article id=\"post-3593\" class=\"post-3593 post type-post status-publish format-standard has-post-thumbnail hentry category-april-2023\">\r\n\t<div class=\"blog-list-content\">\r\n\t\t\t\t<div class=\"post-content-image\">\r\n\t\t\t<a href=\"https:\/\/ruba-thermoplast.ch\/fr\/paris-nicht-nur-die-stadt-der-liebe\/\">\r\n\t\t\t\t\t<div class=\"blog-featured-image  tp-cst-img-full img\">\r\n\t<span class=\"thumb-wrap\">\r\n\t\t<img loading=\"lazy\" decoding=\"async\" width=\"800\" height=\"800\" src=\"https:\/\/ruba-thermoplast.ch\/wp-content\/uploads\/2023\/04\/03.jpg\" class=\"attachment-large size-large\" alt=\"\" srcset=\"https:\/\/ruba-thermoplast.ch\/wp-content\/uploads\/2023\/04\/03.jpg 810w, https:\/\/ruba-thermoplast.ch\/wp-content\/uploads\/2023\/04\/03-300x300.jpg 300w, https:\/\/ruba-thermoplast.ch\/wp-content\/uploads\/2023\/04\/03-150x150.jpg 150w, https:\/\/ruba-thermoplast.ch\/wp-content\/uploads\/2023\/04\/03-768x768.jpg 768w, https:\/\/ruba-thermoplast.ch\/wp-content\/uploads\/2023\/04\/03-12x12.jpg 12w, https:\/\/ruba-thermoplast.ch\/wp-content\/uploads\/2023\/04\/03-700x700.jpg 700w\" sizes=\"(max-width: 800px) 100vw, 800px\" \/>\t<\/span>\r\n\t<\/div>\r\n\t\t\t<\/a>\r\n\t\t\t\t\t<\/div>\r\n\t\t\t\t<div class=\"post-content-bottom\">\r\n\t\t\t\t\t\t<div class=\"post-metro-content\">\r\n\t\t\t\t<h3 class=\"post-title\">\r\n\t<a href=\"https:\/\/ruba-thermoplast.ch\/fr\/paris-nicht-nur-die-stadt-der-liebe\/\" class=\"keep-all\">Paris \u2013 nicht nur die Stadt...<\/a>\r\n<\/h3>\r\n\t\t\t\t\t\t\t\t\t<div class=\"post-hover-content\">\r\n\t\t\t\t\t\t<div class=\"entry-content\">\r\n\t<p>Au d\u00e9but de l'ann\u00e9e, nous \u00e9tions pr\u00e9sents pour la sixi\u00e8me fois au salon PCD....<\/p>\r\n<\/div>\r\n\t\t\t\t\t<\/div>\r\n\t\t\t\t\t\t\t\t\t\t\t\t\t<div class=\"post-meta-info style-1\"><span class=\"meta-date\"><a href=\"https:\/\/ruba-thermoplast.ch\/fr\/paris-nicht-nur-die-stadt-der-liebe\/\"><span class=\"entry-date\">2 avril 2023<\/span><\/a><\/span>\r\n<\/div>\t\t\t\t\t\t\t<\/div>\r\n\t\t<\/div>\r\n\t\t\t\t\t<\/div>\r\n<\/article>\r\n<\/div><div class=\"grid-item metro-item  tp-col-lg-4 tp-col-md-6 tp-col-sm-12 tp-col-12  dezember-2022\"><article id=\"post-3272\" class=\"post-3272 post type-post status-publish format-standard has-post-thumbnail hentry category-dezember-2022\">\r\n\t<div class=\"blog-list-content\">\r\n\t\t\t\t<div class=\"post-content-image\">\r\n\t\t\t<a href=\"https:\/\/ruba-thermoplast.ch\/fr\/aus-alt-wird-neu\/\">\r\n\t\t\t\t\t<div class=\"blog-featured-image  tp-cst-img-full img\">\r\n\t<span class=\"thumb-wrap\">\r\n\t\t<img loading=\"lazy\" decoding=\"async\" width=\"800\" height=\"800\" src=\"https:\/\/ruba-thermoplast.ch\/wp-content\/uploads\/2022\/11\/Tubenverschl\u251c\u255dsse-1-1024x1024.jpg\" class=\"attachment-large size-large\" alt=\"\" srcset=\"\" sizes=\"(max-width: 800px) 100vw, 800px\" data-srcset=\"\" \/>\t<\/span>\r\n\t<\/div>\r\n\t\t\t<\/a>\r\n\t\t\t\t\t<\/div>\r\n\t\t\t\t<div class=\"post-content-bottom\">\r\n\t\t\t\t\t\t<div class=\"post-metro-content\">\r\n\t\t\t\t<h3 class=\"post-title\">\r\n\t<a href=\"https:\/\/ruba-thermoplast.ch\/fr\/aus-alt-wird-neu\/\" class=\"keep-all\">L'ancien devient nouveau<\/a>\r\n<\/h3>\r\n\t\t\t\t\t\t\t\t\t<div class=\"post-hover-content\">\r\n\t\t\t\t\t\t<div class=\"entry-content\">\r\n\t<p>L'ancien devient le nouveau Apr\u00e8s des semaines de travaux optiques, techniques et...<\/p>\r\n<\/div>\r\n\t\t\t\t\t<\/div>\r\n\t\t\t\t\t\t\t\t\t\t\t\t\t<div class=\"post-meta-info style-1\"><span class=\"meta-date\"><a href=\"https:\/\/ruba-thermoplast.ch\/fr\/aus-alt-wird-neu\/\"><span class=\"entry-date\">6 d\u00e9cembre 2022<\/span><\/a><\/span>\r\n<\/div>\t\t\t\t\t\t\t<\/div>\r\n\t\t<\/div>\r\n\t\t\t\t\t<\/div>\r\n<\/article>\r\n<\/div><div class=\"grid-item metro-item  tp-col-lg-4 tp-col-md-6 tp-col-sm-12 tp-col-12  dezember-2022\"><article id=\"post-3279\" class=\"post-3279 post type-post status-publish format-standard has-post-thumbnail hentry category-dezember-2022\">\r\n\t<div class=\"blog-list-content\">\r\n\t\t\t\t<div class=\"post-content-image\">\r\n\t\t\t<a href=\"https:\/\/ruba-thermoplast.ch\/fr\/c02-einsparen-leicht-gemacht\/\">\r\n\t\t\t\t\t<div class=\"blog-featured-image  tp-cst-img-full img\">\r\n\t<span class=\"thumb-wrap\">\r\n\t\t<img loading=\"lazy\" decoding=\"async\" width=\"657\" height=\"667\" src=\"https:\/\/ruba-thermoplast.ch\/wp-content\/uploads\/2022\/11\/Klimatipps_CO2_AdobeStock_284824687.jpg\" class=\"attachment-large size-large\" alt=\"\" srcset=\"https:\/\/ruba-thermoplast.ch\/wp-content\/uploads\/2022\/11\/Klimatipps_CO2_AdobeStock_284824687.jpg 657w, https:\/\/ruba-thermoplast.ch\/wp-content\/uploads\/2022\/11\/Klimatipps_CO2_AdobeStock_284824687-296x300.jpg 296w, https:\/\/ruba-thermoplast.ch\/wp-content\/uploads\/2022\/11\/Klimatipps_CO2_AdobeStock_284824687-12x12.jpg 12w\" sizes=\"(max-width: 657px) 100vw, 657px\" \/>\t<\/span>\r\n\t<\/div>\r\n\t\t\t<\/a>\r\n\t\t\t\t\t<\/div>\r\n\t\t\t\t<div class=\"post-content-bottom\">\r\n\t\t\t\t\t\t<div class=\"post-metro-content\">\r\n\t\t\t\t<h3 class=\"post-title\">\r\n\t<a href=\"https:\/\/ruba-thermoplast.ch\/fr\/c02-einsparen-leicht-gemacht\/\" class=\"keep-all\">\u00c9conomiser du CO2 en toute simplicit\u00e9!<\/a>\r\n<\/h3>\r\n\t\t\t\t\t\t\t\t\t<div class=\"post-hover-content\">\r\n\t\t\t\t\t\t<div class=\"entry-content\">\r\n\t<p>\u00c9conomiser du C02, c'est facile ! Vous connaissez la nouvelle ? Borealis a r\u00e9cemment lanc\u00e9 un...<\/p>\r\n<\/div>\r\n\t\t\t\t\t<\/div>\r\n\t\t\t\t\t\t\t\t\t\t\t\t\t<div class=\"post-meta-info style-1\"><span class=\"meta-date\"><a href=\"https:\/\/ruba-thermoplast.ch\/fr\/c02-einsparen-leicht-gemacht\/\"><span class=\"entry-date\">5 d\u00e9cembre 2022<\/span><\/a><\/span>\r\n<\/div>\t\t\t\t\t\t\t<\/div>\r\n\t\t<\/div>\r\n\t\t\t\t\t<\/div>\r\n<\/article>\r\n<\/div><div class=\"grid-item metro-item  tp-col-lg-4 tp-col-md-6 tp-col-sm-12 tp-col-12  dezember-2022\"><article id=\"post-3286\" class=\"post-3286 post type-post status-publish format-standard has-post-thumbnail hentry category-dezember-2022\">\r\n\t<div class=\"blog-list-content\">\r\n\t\t\t\t<div class=\"post-content-image\">\r\n\t\t\t<a href=\"https:\/\/ruba-thermoplast.ch\/fr\/alle-suchen-fachkraefte-wir-bilden-sie-aus-2\/\">\r\n\t\t\t\t\t<div class=\"blog-featured-image  tp-cst-img-full img\">\r\n\t<span class=\"thumb-wrap\">\r\n\t\t<img loading=\"lazy\" decoding=\"async\" width=\"800\" height=\"798\" src=\"https:\/\/ruba-thermoplast.ch\/wp-content\/uploads\/2022\/11\/Lehrl-1024x1021.jpg\" class=\"attachment-large size-large\" alt=\"\" srcset=\"https:\/\/ruba-thermoplast.ch\/wp-content\/uploads\/2022\/11\/Lehrl-1024x1021.jpg 1024w, https:\/\/ruba-thermoplast.ch\/wp-content\/uploads\/2022\/11\/Lehrl-300x300.jpg 300w, https:\/\/ruba-thermoplast.ch\/wp-content\/uploads\/2022\/11\/Lehrl-150x150.jpg 150w, https:\/\/ruba-thermoplast.ch\/wp-content\/uploads\/2022\/11\/Lehrl-768x766.jpg 768w, https:\/\/ruba-thermoplast.ch\/wp-content\/uploads\/2022\/11\/Lehrl-12x12.jpg 12w, https:\/\/ruba-thermoplast.ch\/wp-content\/uploads\/2022\/11\/Lehrl.jpg 1322w\" sizes=\"(max-width: 800px) 100vw, 800px\" \/>\t<\/span>\r\n\t<\/div>\r\n\t\t\t<\/a>\r\n\t\t\t\t\t<\/div>\r\n\t\t\t\t<div class=\"post-content-bottom\">\r\n\t\t\t\t\t\t<div class=\"post-metro-content\">\r\n\t\t\t\t<h3 class=\"post-title\">\r\n\t<a href=\"https:\/\/ruba-thermoplast.ch\/fr\/alle-suchen-fachkraefte-wir-bilden-sie-aus-2\/\" class=\"keep-all\">Tout le monde cherche du personnel qualifi\u00e9 &amp;#821...<\/a>\r\n<\/h3>\r\n\t\t\t\t\t\t\t\t\t<div class=\"post-hover-content\">\r\n\t\t\t\t\t\t<div class=\"entry-content\">\r\n\t<p>Tout le monde cherche du personnel qualifi\u00e9 - nous le formons ! En ao\u00fbt, nous avons commenc\u00e9...<\/p>\r\n<\/div>\r\n\t\t\t\t\t<\/div>\r\n\t\t\t\t\t\t\t\t\t\t\t\t\t<div class=\"post-meta-info style-1\"><span class=\"meta-date\"><a href=\"https:\/\/ruba-thermoplast.ch\/fr\/alle-suchen-fachkraefte-wir-bilden-sie-aus-2\/\"><span class=\"entry-date\">4 d\u00e9cembre 2022<\/span><\/a><\/span>\r\n<\/div>\t\t\t\t\t\t\t<\/div>\r\n\t\t<\/div>\r\n\t\t\t\t\t<\/div>\r\n<\/article>\r\n<\/div><div class=\"grid-item metro-item  tp-col-lg-4 tp-col-md-6 tp-col-sm-12 tp-col-12  august-22\"><article id=\"post-1915\" class=\"post-1915 post type-post status-publish format-standard has-post-thumbnail hentry category-august-22\">\r\n\t<div class=\"blog-list-content\">\r\n\t\t\t\t<div class=\"post-content-image\">\r\n\t\t\t<a href=\"https:\/\/ruba-thermoplast.ch\/fr\/verschluesse-individuell-bedruckt\/\">\r\n\t\t\t\t\t<div class=\"blog-featured-image  tp-cst-img-full img\">\r\n\t<span class=\"thumb-wrap\">\r\n\t\t<img loading=\"lazy\" decoding=\"async\" width=\"800\" height=\"800\" src=\"https:\/\/ruba-thermoplast.ch\/wp-content\/uploads\/2022\/08\/01_02_22-1024x1024.jpg\" class=\"attachment-large size-large\" alt=\"\" srcset=\"https:\/\/ruba-thermoplast.ch\/wp-content\/uploads\/2022\/08\/01_02_22.jpg 1024w, https:\/\/ruba-thermoplast.ch\/wp-content\/uploads\/2022\/08\/01_02_22-300x300.jpg 300w, https:\/\/ruba-thermoplast.ch\/wp-content\/uploads\/2022\/08\/01_02_22-150x150.jpg 150w, https:\/\/ruba-thermoplast.ch\/wp-content\/uploads\/2022\/08\/01_02_22-768x768.jpg 768w, https:\/\/ruba-thermoplast.ch\/wp-content\/uploads\/2022\/08\/01_02_22-12x12.jpg 12w, https:\/\/ruba-thermoplast.ch\/wp-content\/uploads\/2022\/08\/01_02_22-700x700.jpg 700w\" sizes=\"(max-width: 800px) 100vw, 800px\" \/>\t<\/span>\r\n\t<\/div>\r\n\t\t\t<\/a>\r\n\t\t\t\t\t<\/div>\r\n\t\t\t\t<div class=\"post-content-bottom\">\r\n\t\t\t\t\t\t<div class=\"post-metro-content\">\r\n\t\t\t\t<h3 class=\"post-title\">\r\n\t<a href=\"https:\/\/ruba-thermoplast.ch\/fr\/verschluesse-individuell-bedruckt\/\" class=\"keep-all\">Fermetures r\u00e9glables individuellement<\/a>\r\n<\/h3>\r\n\t\t\t\t\t\t\t\t\t<div class=\"post-hover-content\">\r\n\t\t\t\t\t\t<div class=\"entry-content\">\r\n\t<p>Bouchons imprim\u00e9s individuellement D\u00e8s maintenant, vous pouvez...<\/p>\r\n<\/div>\r\n\t\t\t\t\t<\/div>\r\n\t\t\t\t\t\t\t\t\t\t\t\t\t<div class=\"post-meta-info style-1\"><span class=\"meta-date\"><a href=\"https:\/\/ruba-thermoplast.ch\/fr\/verschluesse-individuell-bedruckt\/\"><span class=\"entry-date\">23 ao\u00fbt 2022<\/span><\/a><\/span>\r\n<\/div>\t\t\t\t\t\t\t<\/div>\r\n\t\t<\/div>\r\n\t\t\t\t\t<\/div>\r\n<\/article>\r\n<\/div><div class=\"grid-item metro-item  tp-col-lg-4 tp-col-md-6 tp-col-sm-12 tp-col-12  august-22\"><article id=\"post-1932\" class=\"post-1932 post type-post status-publish format-standard has-post-thumbnail hentry category-august-22\">\r\n\t<div class=\"blog-list-content\">\r\n\t\t\t\t<div class=\"post-content-image\">\r\n\t\t\t<a href=\"https:\/\/ruba-thermoplast.ch\/fr\/tag-der-offenen-tuer\/\">\r\n\t\t\t\t\t<div class=\"blog-featured-image  tp-cst-img-full img\">\r\n\t<span class=\"thumb-wrap\">\r\n\t\t<img loading=\"lazy\" decoding=\"async\" width=\"800\" height=\"800\" src=\"https:\/\/ruba-thermoplast.ch\/wp-content\/uploads\/2022\/08\/02_02_22-1024x1024.jpg\" class=\"attachment-large size-large\" alt=\"\" srcset=\"https:\/\/ruba-thermoplast.ch\/wp-content\/uploads\/2022\/08\/02_02_22.jpg 1024w, https:\/\/ruba-thermoplast.ch\/wp-content\/uploads\/2022\/08\/02_02_22-300x300.jpg 300w, https:\/\/ruba-thermoplast.ch\/wp-content\/uploads\/2022\/08\/02_02_22-150x150.jpg 150w, https:\/\/ruba-thermoplast.ch\/wp-content\/uploads\/2022\/08\/02_02_22-768x768.jpg 768w, https:\/\/ruba-thermoplast.ch\/wp-content\/uploads\/2022\/08\/02_02_22-12x12.jpg 12w, https:\/\/ruba-thermoplast.ch\/wp-content\/uploads\/2022\/08\/02_02_22-700x700.jpg 700w\" sizes=\"(max-width: 800px) 100vw, 800px\" \/>\t<\/span>\r\n\t<\/div>\r\n\t\t\t<\/a>\r\n\t\t\t\t\t<\/div>\r\n\t\t\t\t<div class=\"post-content-bottom\">\r\n\t\t\t\t\t\t<div class=\"post-metro-content\">\r\n\t\t\t\t<h3 class=\"post-title\">\r\n\t<a href=\"https:\/\/ruba-thermoplast.ch\/fr\/tag-der-offenen-tuer\/\" class=\"keep-all\">Journ\u00e9e portes ouvertes<\/a>\r\n<\/h3>\r\n\t\t\t\t\t\t\t\t\t<div class=\"post-hover-content\">\r\n\t\t\t\t\t\t<div class=\"entry-content\">\r\n\t<p>Journ\u00e9e portes ouvertes Le samedi 4 juin 2022, les portes...<\/p>\r\n<\/div>\r\n\t\t\t\t\t<\/div>\r\n\t\t\t\t\t\t\t\t\t\t\t\t\t<div class=\"post-meta-info style-1\"><span class=\"meta-date\"><a href=\"https:\/\/ruba-thermoplast.ch\/fr\/tag-der-offenen-tuer\/\"><span class=\"entry-date\">22 ao\u00fbt 2022<\/span><\/a><\/span>\r\n<\/div>\t\t\t\t\t\t\t<\/div>\r\n\t\t<\/div>\r\n\t\t\t\t\t<\/div>\r\n<\/article>\r\n<\/div><div class=\"grid-item metro-item  tp-col-lg-4 tp-col-md-6 tp-col-sm-12 tp-col-12  august-22\"><article id=\"post-1943\" class=\"post-1943 post type-post status-publish format-standard has-post-thumbnail hentry category-august-22\">\r\n\t<div class=\"blog-list-content\">\r\n\t\t\t\t<div class=\"post-content-image\">\r\n\t\t\t<a href=\"https:\/\/ruba-thermoplast.ch\/fr\/ruba-als-messe-aussteller\/\">\r\n\t\t\t\t\t<div class=\"blog-featured-image  tp-cst-img-full img\">\r\n\t<span class=\"thumb-wrap\">\r\n\t\t<img loading=\"lazy\" decoding=\"async\" width=\"800\" height=\"800\" src=\"https:\/\/ruba-thermoplast.ch\/wp-content\/uploads\/2022\/08\/03_02_22-1024x1024.jpg\" class=\"attachment-large size-large\" alt=\"\" srcset=\"https:\/\/ruba-thermoplast.ch\/wp-content\/uploads\/2022\/08\/03_02_22.jpg 1024w, https:\/\/ruba-thermoplast.ch\/wp-content\/uploads\/2022\/08\/03_02_22-300x300.jpg 300w, https:\/\/ruba-thermoplast.ch\/wp-content\/uploads\/2022\/08\/03_02_22-150x150.jpg 150w, https:\/\/ruba-thermoplast.ch\/wp-content\/uploads\/2022\/08\/03_02_22-768x768.jpg 768w, https:\/\/ruba-thermoplast.ch\/wp-content\/uploads\/2022\/08\/03_02_22-12x12.jpg 12w, https:\/\/ruba-thermoplast.ch\/wp-content\/uploads\/2022\/08\/03_02_22-700x700.jpg 700w\" sizes=\"(max-width: 800px) 100vw, 800px\" \/>\t<\/span>\r\n\t<\/div>\r\n\t\t\t<\/a>\r\n\t\t\t\t\t<\/div>\r\n\t\t\t\t<div class=\"post-content-bottom\">\r\n\t\t\t\t\t\t<div class=\"post-metro-content\">\r\n\t\t\t\t<h3 class=\"post-title\">\r\n\t<a href=\"https:\/\/ruba-thermoplast.ch\/fr\/ruba-als-messe-aussteller\/\" class=\"keep-all\">RUBA en tant qu'exposant au salon<\/a>\r\n<\/h3>\r\n\t\t\t\t\t\t\t\t\t<div class=\"post-hover-content\">\r\n\t\t\t\t\t\t<div class=\"entry-content\">\r\n\t<p>RUBA en tant qu'exposant au salon Apr\u00e8s une pause de presque deux ans, nous avons...<\/p>\r\n<\/div>\r\n\t\t\t\t\t<\/div>\r\n\t\t\t\t\t\t\t\t\t\t\t\t\t<div class=\"post-meta-info style-1\"><span class=\"meta-date\"><a href=\"https:\/\/ruba-thermoplast.ch\/fr\/ruba-als-messe-aussteller\/\"><span class=\"entry-date\">21 ao\u00fbt 2022<\/span><\/a><\/span>\r\n<\/div>\t\t\t\t\t\t\t<\/div>\r\n\t\t<\/div>\r\n\t\t\t\t\t<\/div>\r\n<\/article>\r\n<\/div><div class=\"grid-item metro-item  tp-col-lg-4 tp-col-md-6 tp-col-sm-12 tp-col-12  maerz-22\"><article id=\"post-812\" class=\"post-812 post type-post status-publish format-standard has-post-thumbnail hentry category-maerz-22\">\r\n\t<div class=\"blog-list-content\">\r\n\t\t\t\t<div class=\"post-content-image\">\r\n\t\t\t<a href=\"https:\/\/ruba-thermoplast.ch\/fr\/vorstellung-unserer-auszubildenden\/\">\r\n\t\t\t\t\t<div class=\"blog-featured-image  tp-cst-img-full img\">\r\n\t<span class=\"thumb-wrap\">\r\n\t\t<img loading=\"lazy\" decoding=\"async\" width=\"800\" height=\"542\" src=\"https:\/\/ruba-thermoplast.ch\/wp-content\/uploads\/2022\/07\/WhatsApp_Image_2021-09-22_at_163111-1024x694.jpeg\" class=\"attachment-large size-large\" alt=\"\" srcset=\"https:\/\/ruba-thermoplast.ch\/wp-content\/uploads\/2022\/07\/WhatsApp_Image_2021-09-22_at_163111-1024x694.jpeg 1024w, https:\/\/ruba-thermoplast.ch\/wp-content\/uploads\/2022\/07\/WhatsApp_Image_2021-09-22_at_163111-300x203.jpeg 300w, https:\/\/ruba-thermoplast.ch\/wp-content\/uploads\/2022\/07\/WhatsApp_Image_2021-09-22_at_163111-768x521.jpeg 768w, https:\/\/ruba-thermoplast.ch\/wp-content\/uploads\/2022\/07\/WhatsApp_Image_2021-09-22_at_163111-1536x1041.jpeg 1536w, https:\/\/ruba-thermoplast.ch\/wp-content\/uploads\/2022\/07\/WhatsApp_Image_2021-09-22_at_163111.jpeg 2048w\" sizes=\"(max-width: 800px) 100vw, 800px\" \/>\t<\/span>\r\n\t<\/div>\r\n\t\t\t<\/a>\r\n\t\t\t\t\t<\/div>\r\n\t\t\t\t<div class=\"post-content-bottom\">\r\n\t\t\t\t\t\t<div class=\"post-metro-content\">\r\n\t\t\t\t<h3 class=\"post-title\">\r\n\t<a href=\"https:\/\/ruba-thermoplast.ch\/fr\/vorstellung-unserer-auszubildenden\/\" class=\"keep-all\">Pr\u00e9sentation de nos apprentis...<\/a>\r\n<\/h3>\r\n\t\t\t\t\t\t\t\t\t<div class=\"post-hover-content\">\r\n\t\t\t\t\t\t<div class=\"entry-content\">\r\n\t<p>Nous sommes heureux d'accueillir deux nouveaux apprentis dans notre...<\/p>\r\n<\/div>\r\n\t\t\t\t\t<\/div>\r\n\t\t\t\t\t\t\t\t\t\t\t\t\t<div class=\"post-meta-info style-1\"><span class=\"meta-date\"><a href=\"https:\/\/ruba-thermoplast.ch\/fr\/vorstellung-unserer-auszubildenden\/\"><span class=\"entry-date\">12 mars 2022<\/span><\/a><\/span>\r\n<\/div>\t\t\t\t\t\t\t<\/div>\r\n\t\t<\/div>\r\n\t\t\t\t\t<\/div>\r\n<\/article>\r\n<\/div><div class=\"grid-item metro-item  tp-col-lg-4 tp-col-md-6 tp-col-sm-12 tp-col-12  maerz-22\"><article id=\"post-805\" class=\"post-805 post type-post status-publish format-standard has-post-thumbnail hentry category-maerz-22\">\r\n\t<div class=\"blog-list-content\">\r\n\t\t\t\t<div class=\"post-content-image\">\r\n\t\t\t<a href=\"https:\/\/ruba-thermoplast.ch\/fr\/messe-einladung\/\">\r\n\t\t\t\t\t<div class=\"blog-featured-image  tp-cst-img-full img\">\r\n\t<span class=\"thumb-wrap\">\r\n\t\t<img loading=\"lazy\" decoding=\"async\" width=\"616\" height=\"350\" src=\"https:\/\/ruba-thermoplast.ch\/wp-content\/uploads\/2022\/07\/cb-2021-header-1240x350-dt_124_35_l.jpg\" class=\"attachment-large size-large\" alt=\"\" srcset=\"https:\/\/ruba-thermoplast.ch\/wp-content\/uploads\/2022\/07\/cb-2021-header-1240x350-dt_124_35_l.jpg 616w, https:\/\/ruba-thermoplast.ch\/wp-content\/uploads\/2022\/07\/cb-2021-header-1240x350-dt_124_35_l-300x170.jpg 300w\" sizes=\"(max-width: 616px) 100vw, 616px\" \/>\t<\/span>\r\n\t<\/div>\r\n\t\t\t<\/a>\r\n\t\t\t\t\t<\/div>\r\n\t\t\t\t<div class=\"post-content-bottom\">\r\n\t\t\t\t\t\t<div class=\"post-metro-content\">\r\n\t\t\t\t<h3 class=\"post-title\">\r\n\t<a href=\"https:\/\/ruba-thermoplast.ch\/fr\/messe-einladung\/\" class=\"keep-all\">Invitation au salon<\/a>\r\n<\/h3>\r\n\t\t\t\t\t\t\t\t\t<div class=\"post-hover-content\">\r\n\t\t\t\t\t\t<div class=\"entry-content\">\r\n\t<p>Du 20 au 21 octobre, le salon Cosmetic Business...<\/p>\r\n<\/div>\r\n\t\t\t\t\t<\/div>\r\n\t\t\t\t\t\t\t\t\t\t\t\t\t<div class=\"post-meta-info style-1\"><span class=\"meta-date\"><a href=\"https:\/\/ruba-thermoplast.ch\/fr\/messe-einladung\/\"><span class=\"entry-date\">12 mars 2022<\/span><\/a><\/span>\r\n<\/div>\t\t\t\t\t\t\t<\/div>\r\n\t\t<\/div>\r\n\t\t\t\t\t<\/div>\r\n<\/article>\r\n<\/div><div class=\"grid-item metro-item  tp-col-lg-4 tp-col-md-6 tp-col-sm-12 tp-col-12  maerz-22\"><article id=\"post-798\" class=\"post-798 post type-post status-publish format-standard has-post-thumbnail hentry category-maerz-22\">\r\n\t<div class=\"blog-list-content\">\r\n\t\t\t\t<div class=\"post-content-image\">\r\n\t\t\t<a href=\"https:\/\/ruba-thermoplast.ch\/fr\/unser-umfangreiches-portfolio\/\">\r\n\t\t\t\t\t<div class=\"blog-featured-image  tp-cst-img-full img\">\r\n\t<span class=\"thumb-wrap\">\r\n\t\t<img loading=\"lazy\" decoding=\"async\" width=\"800\" height=\"800\" src=\"https:\/\/ruba-thermoplast.ch\/wp-content\/uploads\/2022\/03\/Newsletter02-1024x1024.jpg\" class=\"attachment-large size-large\" alt=\"\" srcset=\"https:\/\/ruba-thermoplast.ch\/wp-content\/uploads\/2022\/03\/Newsletter02-1024x1024.jpg 1024w, https:\/\/ruba-thermoplast.ch\/wp-content\/uploads\/2022\/03\/Newsletter02-300x300.jpg 300w, https:\/\/ruba-thermoplast.ch\/wp-content\/uploads\/2022\/03\/Newsletter02-150x150.jpg 150w, https:\/\/ruba-thermoplast.ch\/wp-content\/uploads\/2022\/03\/Newsletter02-768x768.jpg 768w, https:\/\/ruba-thermoplast.ch\/wp-content\/uploads\/2022\/03\/Newsletter02-12x12.jpg 12w, https:\/\/ruba-thermoplast.ch\/wp-content\/uploads\/2022\/03\/Newsletter02-700x700.jpg 700w, https:\/\/ruba-thermoplast.ch\/wp-content\/uploads\/2022\/03\/Newsletter02.jpg 1500w\" sizes=\"(max-width: 800px) 100vw, 800px\" \/>\t<\/span>\r\n\t<\/div>\r\n\t\t\t<\/a>\r\n\t\t\t\t\t<\/div>\r\n\t\t\t\t<div class=\"post-content-bottom\">\r\n\t\t\t\t\t\t<div class=\"post-metro-content\">\r\n\t\t\t\t<h3 class=\"post-title\">\r\n\t<a href=\"https:\/\/ruba-thermoplast.ch\/fr\/unser-umfangreiches-portfolio\/\" class=\"keep-all\">Notre vaste portefeuille<\/a>\r\n<\/h3>\r\n\t\t\t\t\t\t\t\t\t<div class=\"post-hover-content\">\r\n\t\t\t\t\t\t<div class=\"entry-content\">\r\n\t<p>Depuis plus de 60 ans, nous nous sp\u00e9cialisons dans la...<\/p>\r\n<\/div>\r\n\t\t\t\t\t<\/div>\r\n\t\t\t\t\t\t\t\t\t\t\t\t\t<div class=\"post-meta-info style-1\"><span class=\"meta-date\"><a href=\"https:\/\/ruba-thermoplast.ch\/fr\/unser-umfangreiches-portfolio\/\"><span class=\"entry-date\">12 mars 2022<\/span><\/a><\/span>\r\n<\/div>\t\t\t\t\t\t\t<\/div>\r\n\t\t<\/div>\r\n\t\t\t\t\t<\/div>\r\n<\/article>\r\n<\/div><div class=\"grid-item metro-item  tp-col-lg-4 tp-col-md-6 tp-col-sm-12 tp-col-12  maerz-22\"><article id=\"post-790\" class=\"post-790 post type-post status-publish format-standard has-post-thumbnail hentry category-maerz-22\">\r\n\t<div class=\"blog-list-content\">\r\n\t\t\t\t<div class=\"post-content-image\">\r\n\t\t\t<a href=\"https:\/\/ruba-thermoplast.ch\/fr\/easy-handling\/\">\r\n\t\t\t\t\t<div class=\"blog-featured-image  tp-cst-img-full img\">\r\n\t<span class=\"thumb-wrap\">\r\n\t\t<img loading=\"lazy\" decoding=\"async\" width=\"478\" height=\"268\" src=\"https:\/\/ruba-thermoplast.ch\/wp-content\/uploads\/2022\/07\/giphy.gif\" class=\"attachment-large size-large\" alt=\"\" \/>\t<\/span>\r\n\t<\/div>\r\n\t\t\t<\/a>\r\n\t\t\t\t\t<\/div>\r\n\t\t\t\t<div class=\"post-content-bottom\">\r\n\t\t\t\t\t\t<div class=\"post-metro-content\">\r\n\t\t\t\t<h3 class=\"post-title\">\r\n\t<a href=\"https:\/\/ruba-thermoplast.ch\/fr\/easy-handling\/\" class=\"keep-all\">Manipulation facile<\/a>\r\n<\/h3>\r\n\t\t\t\t\t\t\t\t\t<div class=\"post-hover-content\">\r\n\t\t\t\t\t\t<div class=\"entry-content\">\r\n\t<p>Depuis toujours, notre objectif est de fournir aux clients des...<\/p>\r\n<\/div>\r\n\t\t\t\t\t<\/div>\r\n\t\t\t\t\t\t\t\t\t\t\t\t\t<div class=\"post-meta-info style-1\"><span class=\"meta-date\"><a href=\"https:\/\/ruba-thermoplast.ch\/fr\/easy-handling\/\"><span class=\"entry-date\">12 mars 2022<\/span><\/a><\/span>\r\n<\/div>\t\t\t\t\t\t\t<\/div>\r\n\t\t<\/div>\r\n\t\t\t\t\t<\/div>\r\n<\/article>\r\n<\/div><div class=\"grid-item metro-item  tp-col-lg-4 tp-col-md-6 tp-col-sm-12 tp-col-12  juli-21\"><article id=\"post-835\" class=\"post-835 post type-post status-publish format-standard has-post-thumbnail hentry category-juli-21\">\r\n\t<div class=\"blog-list-content\">\r\n\t\t\t\t<div class=\"post-content-image\">\r\n\t\t\t<a href=\"https:\/\/ruba-thermoplast.ch\/fr\/wir-sind-fuer-sie-da\/\">\r\n\t\t\t\t\t<div class=\"blog-featured-image  tp-cst-img-full img\">\r\n\t<span class=\"thumb-wrap\">\r\n\t\t<img loading=\"lazy\" decoding=\"async\" width=\"800\" height=\"454\" src=\"https:\/\/ruba-thermoplast.ch\/wp-content\/uploads\/2022\/07\/04_02-1024x581.jpg\" class=\"attachment-large size-large\" alt=\"\" srcset=\"https:\/\/ruba-thermoplast.ch\/wp-content\/uploads\/2022\/07\/04_02-1024x581.jpg 1024w, https:\/\/ruba-thermoplast.ch\/wp-content\/uploads\/2022\/07\/04_02-300x170.jpg 300w, https:\/\/ruba-thermoplast.ch\/wp-content\/uploads\/2022\/07\/04_02-768x436.jpg 768w, https:\/\/ruba-thermoplast.ch\/wp-content\/uploads\/2022\/07\/04_02.jpg 1280w\" sizes=\"(max-width: 800px) 100vw, 800px\" \/>\t<\/span>\r\n\t<\/div>\r\n\t\t\t<\/a>\r\n\t\t\t\t\t<\/div>\r\n\t\t\t\t<div class=\"post-content-bottom\">\r\n\t\t\t\t\t\t<div class=\"post-metro-content\">\r\n\t\t\t\t<h3 class=\"post-title\">\r\n\t<a href=\"https:\/\/ruba-thermoplast.ch\/fr\/wir-sind-fuer-sie-da\/\" class=\"keep-all\">Nous sommes l\u00e0 pour vous !<\/a>\r\n<\/h3>\r\n\t\t\t\t\t\t\t\t\t<div class=\"post-hover-content\">\r\n\t\t\t\t\t\t<div class=\"entry-content\">\r\n\t<p>Pour faciliter la planification et le bon d\u00e9roulement des commandes de nos clients...<\/p>\r\n<\/div>\r\n\t\t\t\t\t<\/div>\r\n\t\t\t\t\t\t\t\t\t\t\t\t\t<div class=\"post-meta-info style-1\"><span class=\"meta-date\"><a href=\"https:\/\/ruba-thermoplast.ch\/fr\/wir-sind-fuer-sie-da\/\"><span class=\"entry-date\">12 juillet 2021<\/span><\/a><\/span>\r\n<\/div>\t\t\t\t\t\t\t<\/div>\r\n\t\t<\/div>\r\n\t\t\t\t\t<\/div>\r\n<\/article>\r\n<\/div><div class=\"grid-item metro-item  tp-col-lg-4 tp-col-md-6 tp-col-sm-12 tp-col-12  juli-21\"><article id=\"post-828\" class=\"post-828 post type-post status-publish format-standard has-post-thumbnail hentry category-juli-21\">\r\n\t<div class=\"blog-list-content\">\r\n\t\t\t\t<div class=\"post-content-image\">\r\n\t\t\t<a href=\"https:\/\/ruba-thermoplast.ch\/fr\/iso-9001-14001\/\">\r\n\t\t\t\t\t<div class=\"blog-featured-image  tp-cst-img-full img\">\r\n\t<span class=\"thumb-wrap\">\r\n\t\t<img loading=\"lazy\" decoding=\"async\" width=\"800\" height=\"800\" src=\"https:\/\/ruba-thermoplast.ch\/wp-content\/uploads\/2021\/07\/ISO-1024x1024.jpg\" class=\"attachment-large size-large\" alt=\"\" srcset=\"https:\/\/ruba-thermoplast.ch\/wp-content\/uploads\/2021\/07\/ISO.jpg 1024w, https:\/\/ruba-thermoplast.ch\/wp-content\/uploads\/2021\/07\/ISO-300x300.jpg 300w, https:\/\/ruba-thermoplast.ch\/wp-content\/uploads\/2021\/07\/ISO-150x150.jpg 150w, https:\/\/ruba-thermoplast.ch\/wp-content\/uploads\/2021\/07\/ISO-768x768.jpg 768w, https:\/\/ruba-thermoplast.ch\/wp-content\/uploads\/2021\/07\/ISO-12x12.jpg 12w, https:\/\/ruba-thermoplast.ch\/wp-content\/uploads\/2021\/07\/ISO-700x700.jpg 700w\" sizes=\"(max-width: 800px) 100vw, 800px\" \/>\t<\/span>\r\n\t<\/div>\r\n\t\t\t<\/a>\r\n\t\t\t\t\t<\/div>\r\n\t\t\t\t<div class=\"post-content-bottom\">\r\n\t\t\t\t\t\t<div class=\"post-metro-content\">\r\n\t\t\t\t<h3 class=\"post-title\">\r\n\t<a href=\"https:\/\/ruba-thermoplast.ch\/fr\/iso-9001-14001\/\" class=\"keep-all\">ISO 9001\/14001<\/a>\r\n<\/h3>\r\n\t\t\t\t\t\t\t\t\t<div class=\"post-hover-content\">\r\n\t\t\t\t\t\t<div class=\"entry-content\">\r\n\t<p>En juin 2021, l'audit externe pour le renouvellement...<\/p>\r\n<\/div>\r\n\t\t\t\t\t<\/div>\r\n\t\t\t\t\t\t\t\t\t\t\t\t\t<div class=\"post-meta-info style-1\"><span class=\"meta-date\"><a href=\"https:\/\/ruba-thermoplast.ch\/fr\/iso-9001-14001\/\"><span class=\"entry-date\">12 juillet 2021<\/span><\/a><\/span>\r\n<\/div>\t\t\t\t\t\t\t<\/div>\r\n\t\t<\/div>\r\n\t\t\t\t\t<\/div>\r\n<\/article>\r\n<\/div><div class=\"grid-item metro-item  tp-col-lg-4 tp-col-md-6 tp-col-sm-12 tp-col-12  juli-21\"><article id=\"post-820\" class=\"post-820 post type-post status-publish format-standard has-post-thumbnail hentry category-juli-21\">\r\n\t<div class=\"blog-list-content\">\r\n\t\t\t\t<div class=\"post-content-image\">\r\n\t\t\t<a href=\"https:\/\/ruba-thermoplast.ch\/fr\/investitionen-in-den-werkzeugbau\/\">\r\n\t\t\t\t\t<div class=\"blog-featured-image  tp-cst-img-full img\">\r\n\t<span class=\"thumb-wrap\">\r\n\t\t<img loading=\"lazy\" decoding=\"async\" width=\"800\" height=\"450\" src=\"https:\/\/ruba-thermoplast.ch\/wp-content\/uploads\/2022\/07\/inest.jpg\" class=\"attachment-large size-large\" alt=\"\" srcset=\"https:\/\/ruba-thermoplast.ch\/wp-content\/uploads\/2022\/07\/inest.jpg 900w, https:\/\/ruba-thermoplast.ch\/wp-content\/uploads\/2022\/07\/inest-300x169.jpg 300w, https:\/\/ruba-thermoplast.ch\/wp-content\/uploads\/2022\/07\/inest-768x432.jpg 768w\" sizes=\"(max-width: 800px) 100vw, 800px\" \/>\t<\/span>\r\n\t<\/div>\r\n\t\t\t<\/a>\r\n\t\t\t\t\t<\/div>\r\n\t\t\t\t<div class=\"post-content-bottom\">\r\n\t\t\t\t\t\t<div class=\"post-metro-content\">\r\n\t\t\t\t<h3 class=\"post-title\">\r\n\t<a href=\"https:\/\/ruba-thermoplast.ch\/fr\/investitionen-in-den-werkzeugbau\/\" class=\"keep-all\">Investissements dans l'outil...<\/a>\r\n<\/h3>\r\n\t\t\t\t\t\t\t\t\t<div class=\"post-hover-content\">\r\n\t\t\t\t\t\t<div class=\"entry-content\">\r\n\t<p>Nous associons vos forces aux n\u00f4tres. Profitez de plus de...<\/p>\r\n<\/div>\r\n\t\t\t\t\t<\/div>\r\n\t\t\t\t\t\t\t\t\t\t\t\t\t<div class=\"post-meta-info style-1\"><span class=\"meta-date\"><a href=\"https:\/\/ruba-thermoplast.ch\/fr\/investitionen-in-den-werkzeugbau\/\"><span class=\"entry-date\">12 juillet 2021<\/span><\/a><\/span>\r\n<\/div>\t\t\t\t\t\t\t<\/div>\r\n\t\t<\/div>\r\n\t\t\t\t\t<\/div>\r\n<\/article>\r\n<\/div><div class=\"grid-item metro-item  tp-col-lg-4 tp-col-md-6 tp-col-sm-12 tp-col-12  juli-21\"><article id=\"post-436\" class=\"post-436 post type-post status-publish format-standard has-post-thumbnail hentry category-juli-21\">\r\n\t<div class=\"blog-list-content\">\r\n\t\t\t\t<div class=\"post-content-image\">\r\n\t\t\t<a href=\"https:\/\/ruba-thermoplast.ch\/fr\/neu-wir-erweitern-unser-portfolio\/\">\r\n\t\t\t\t\t<div class=\"blog-featured-image  tp-cst-img-full img\">\r\n\t<span class=\"thumb-wrap\">\r\n\t\t<img loading=\"lazy\" decoding=\"async\" width=\"800\" height=\"454\" src=\"https:\/\/ruba-thermoplast.ch\/wp-content\/uploads\/2022\/06\/01_02-1024x581.jpg\" class=\"attachment-large size-large\" alt=\"\" srcset=\"https:\/\/ruba-thermoplast.ch\/wp-content\/uploads\/2022\/06\/01_02-1024x581.jpg 1024w, https:\/\/ruba-thermoplast.ch\/wp-content\/uploads\/2022\/06\/01_02-300x170.jpg 300w, https:\/\/ruba-thermoplast.ch\/wp-content\/uploads\/2022\/06\/01_02-768x436.jpg 768w, https:\/\/ruba-thermoplast.ch\/wp-content\/uploads\/2022\/06\/01_02-1536x872.jpg 1536w, https:\/\/ruba-thermoplast.ch\/wp-content\/uploads\/2022\/06\/01_02-2048x1162.jpg 2048w, https:\/\/ruba-thermoplast.ch\/wp-content\/uploads\/2022\/06\/01_02-scaled-640x363.jpg 640w\" sizes=\"(max-width: 800px) 100vw, 800px\" \/>\t<\/span>\r\n\t<\/div>\r\n\t\t\t<\/a>\r\n\t\t\t\t\t<\/div>\r\n\t\t\t\t<div class=\"post-content-bottom\">\r\n\t\t\t\t\t\t<div class=\"post-metro-content\">\r\n\t\t\t\t<h3 class=\"post-title\">\r\n\t<a href=\"https:\/\/ruba-thermoplast.ch\/fr\/neu-wir-erweitern-unser-portfolio\/\" class=\"keep-all\">NOUVEAU ! Nous \u00e9largissons notre port...<\/a>\r\n<\/h3>\r\n\t\t\t\t\t\t\t\t\t<div class=\"post-hover-content\">\r\n\t\t\t\t\t\t<div class=\"entry-content\">\r\n\t<p>Vous voulez \u00eatre parmi les premiers \u00e0 d\u00e9couvrir nos nouveaux bouchons super transparents ?<\/p>\r\n<\/div>\r\n\t\t\t\t\t<\/div>\r\n\t\t\t\t\t\t\t\t\t\t\t\t\t<div class=\"post-meta-info style-1\"><span class=\"meta-date\"><a href=\"https:\/\/ruba-thermoplast.ch\/fr\/neu-wir-erweitern-unser-portfolio\/\"><span class=\"entry-date\">3 juillet 2021<\/span><\/a><\/span>\r\n<\/div>\t\t\t\t\t\t\t<\/div>\r\n\t\t<\/div>\r\n\t\t\t\t\t<\/div>\r\n<\/article>\r\n<\/div><div class=\"grid-item metro-item  tp-col-lg-4 tp-col-md-6 tp-col-sm-12 tp-col-12  februar-21\"><article id=\"post-447\" class=\"post-447 post type-post status-publish format-standard has-post-thumbnail hentry category-februar-21\">\r\n\t<div class=\"blog-list-content\">\r\n\t\t\t\t<div class=\"post-content-image\">\r\n\t\t\t<a href=\"https:\/\/ruba-thermoplast.ch\/fr\/so-wird-das-neue-jahr-2021\/\">\r\n\t\t\t\t\t<div class=\"blog-featured-image  tp-cst-img-full img\">\r\n\t<span class=\"thumb-wrap\">\r\n\t\t<img loading=\"lazy\" decoding=\"async\" width=\"800\" height=\"450\" src=\"https:\/\/ruba-thermoplast.ch\/wp-content\/uploads\/2022\/06\/01_HP-1024x576.jpg\" class=\"attachment-large size-large\" alt=\"\" srcset=\"https:\/\/ruba-thermoplast.ch\/wp-content\/uploads\/2022\/06\/01_HP-1024x576.jpg 1024w, https:\/\/ruba-thermoplast.ch\/wp-content\/uploads\/2022\/06\/01_HP-300x169.jpg 300w, https:\/\/ruba-thermoplast.ch\/wp-content\/uploads\/2022\/06\/01_HP-768x432.jpg 768w, https:\/\/ruba-thermoplast.ch\/wp-content\/uploads\/2022\/06\/01_HP-640x360-640x360.jpg 640w, https:\/\/ruba-thermoplast.ch\/wp-content\/uploads\/2022\/06\/01_HP.jpg 1292w\" sizes=\"(max-width: 800px) 100vw, 800px\" \/>\t<\/span>\r\n\t<\/div>\r\n\t\t\t<\/a>\r\n\t\t\t\t\t<\/div>\r\n\t\t\t\t<div class=\"post-content-bottom\">\r\n\t\t\t\t\t\t<div class=\"post-metro-content\">\r\n\t\t\t\t<h3 class=\"post-title\">\r\n\t<a href=\"https:\/\/ruba-thermoplast.ch\/fr\/so-wird-das-neue-jahr-2021\/\" class=\"keep-all\">Voici ce que sera la nouvelle ann\u00e9e 2021<\/a>\r\n<\/h3>\r\n\t\t\t\t\t\t\t\t\t<div class=\"post-hover-content\">\r\n\t\t\t\t\t\t<div class=\"entry-content\">\r\n\t<p>Vous voulez \u00eatre parmi les premiers \u00e0 d\u00e9couvrir nos nouveaux bouchons super transparents ?<\/p>\r\n<\/div>\r\n\t\t\t\t\t<\/div>\r\n\t\t\t\t\t\t\t\t\t\t\t\t\t<div class=\"post-meta-info style-1\"><span class=\"meta-date\"><a href=\"https:\/\/ruba-thermoplast.ch\/fr\/so-wird-das-neue-jahr-2021\/\"><span class=\"entry-date\">19 f\u00e9vrier 2021<\/span><\/a><\/span>\r\n<\/div>\t\t\t\t\t\t\t<\/div>\r\n\t\t<\/div>\r\n\t\t\t\t\t<\/div>\r\n<\/article>\r\n<\/div><div class=\"grid-item metro-item  tp-col-lg-4 tp-col-md-6 tp-col-sm-12 tp-col-12  februar-21\"><article id=\"post-1154\" class=\"post-1154 post type-post status-publish format-standard has-post-thumbnail hentry category-februar-21\">\r\n\t<div class=\"blog-list-content\">\r\n\t\t\t\t<div class=\"post-content-image\">\r\n\t\t\t<a href=\"https:\/\/ruba-thermoplast.ch\/fr\/unsere-mitarbeiter-das-herz-des-unternehmens\/\">\r\n\t\t\t\t\t<div class=\"blog-featured-image  tp-cst-img-full img\">\r\n\t<span class=\"thumb-wrap\">\r\n\t\t<img loading=\"lazy\" decoding=\"async\" width=\"800\" height=\"450\" src=\"https:\/\/ruba-thermoplast.ch\/wp-content\/uploads\/2022\/08\/04_HP.jpg\" class=\"attachment-large size-large\" alt=\"\" srcset=\"https:\/\/ruba-thermoplast.ch\/wp-content\/uploads\/2022\/08\/04_HP.jpg 800w, https:\/\/ruba-thermoplast.ch\/wp-content\/uploads\/2022\/08\/04_HP-300x169.jpg 300w, https:\/\/ruba-thermoplast.ch\/wp-content\/uploads\/2022\/08\/04_HP-768x432.jpg 768w\" sizes=\"(max-width: 800px) 100vw, 800px\" \/>\t<\/span>\r\n\t<\/div>\r\n\t\t\t<\/a>\r\n\t\t\t\t\t<\/div>\r\n\t\t\t\t<div class=\"post-content-bottom\">\r\n\t\t\t\t\t\t<div class=\"post-metro-content\">\r\n\t\t\t\t<h3 class=\"post-title\">\r\n\t<a href=\"https:\/\/ruba-thermoplast.ch\/fr\/unsere-mitarbeiter-das-herz-des-unternehmens\/\" class=\"keep-all\">Nos collaborateurs - da...<\/a>\r\n<\/h3>\r\n\t\t\t\t\t\t\t\t\t<div class=\"post-hover-content\">\r\n\t\t\t\t\t\t<div class=\"entry-content\">\r\n\t<p>Notre \u00e9quipe se compose de 20 personnes. Plus de six nationalit\u00e9s diff\u00e9rentes...<\/p>\r\n<\/div>\r\n\t\t\t\t\t<\/div>\r\n\t\t\t\t\t\t\t\t\t\t\t\t\t<div class=\"post-meta-info style-1\"><span class=\"meta-date\"><a href=\"https:\/\/ruba-thermoplast.ch\/fr\/unsere-mitarbeiter-das-herz-des-unternehmens\/\"><span class=\"entry-date\">5 f\u00e9vrier 2021<\/span><\/a><\/span>\r\n<\/div>\t\t\t\t\t\t\t<\/div>\r\n\t\t<\/div>\r\n\t\t\t\t\t<\/div>\r\n<\/article>\r\n<\/div><div class=\"grid-item metro-item  tp-col-lg-4 tp-col-md-6 tp-col-sm-12 tp-col-12  februar-21\"><article id=\"post-1103\" class=\"post-1103 post type-post status-publish format-standard has-post-thumbnail hentry category-februar-21\">\r\n\t<div class=\"blog-list-content\">\r\n\t\t\t\t<div class=\"post-content-image\">\r\n\t\t\t<a href=\"https:\/\/ruba-thermoplast.ch\/fr\/eine-zukunft-ohne-carbon-black-schwarze-verschluesse-ohne-russ\/\">\r\n\t\t\t\t\t<div class=\"blog-featured-image  tp-cst-img-full img\">\r\n\t<span class=\"thumb-wrap\">\r\n\t\t<img loading=\"lazy\" decoding=\"async\" width=\"800\" height=\"450\" src=\"https:\/\/ruba-thermoplast.ch\/wp-content\/uploads\/2022\/08\/03_HP.jpg\" class=\"attachment-large size-large\" alt=\"\" srcset=\"https:\/\/ruba-thermoplast.ch\/wp-content\/uploads\/2022\/08\/03_HP.jpg 900w, https:\/\/ruba-thermoplast.ch\/wp-content\/uploads\/2022\/08\/03_HP-300x169.jpg 300w, https:\/\/ruba-thermoplast.ch\/wp-content\/uploads\/2022\/08\/03_HP-768x432.jpg 768w\" sizes=\"(max-width: 800px) 100vw, 800px\" \/>\t<\/span>\r\n\t<\/div>\r\n\t\t\t<\/a>\r\n\t\t\t\t\t<\/div>\r\n\t\t\t\t<div class=\"post-content-bottom\">\r\n\t\t\t\t\t\t<div class=\"post-metro-content\">\r\n\t\t\t\t<h3 class=\"post-title\">\r\n\t<a href=\"https:\/\/ruba-thermoplast.ch\/fr\/eine-zukunft-ohne-carbon-black-schwarze-verschluesse-ohne-russ\/\" class=\"keep-all\">Un avenir sans carbone blac...<\/a>\r\n<\/h3>\r\n\t\t\t\t\t\t\t\t\t<div class=\"post-hover-content\">\r\n\t\t\t\t\t\t<div class=\"entry-content\">\r\n\t<p>Le recyclage reste important pour nous. Il existe d\u00e9j\u00e0 suffisamment de mat\u00e9riaux PCR qui...<\/p>\r\n<\/div>\r\n\t\t\t\t\t<\/div>\r\n\t\t\t\t\t\t\t\t\t\t\t\t\t<div class=\"post-meta-info style-1\"><span class=\"meta-date\"><a href=\"https:\/\/ruba-thermoplast.ch\/fr\/eine-zukunft-ohne-carbon-black-schwarze-verschluesse-ohne-russ\/\"><span class=\"entry-date\">4 f\u00e9vrier 2021<\/span><\/a><\/span>\r\n<\/div>\t\t\t\t\t\t\t<\/div>\r\n\t\t<\/div>\r\n\t\t\t\t\t<\/div>\r\n<\/article>\r\n<\/div><div class=\"grid-item metro-item  tp-col-lg-4 tp-col-md-6 tp-col-sm-12 tp-col-12  februar-21\"><article id=\"post-1095\" class=\"post-1095 post type-post status-publish format-standard has-post-thumbnail hentry category-februar-21\">\r\n\t<div class=\"blog-list-content\">\r\n\t\t\t\t<div class=\"post-content-image\">\r\n\t\t\t<a href=\"https:\/\/ruba-thermoplast.ch\/fr\/einsparpotenziale-bei-unseren-verschluessen\/\">\r\n\t\t\t\t\t<div class=\"blog-featured-image  tp-cst-img-full img\">\r\n\t<span class=\"thumb-wrap\">\r\n\t\t<img loading=\"lazy\" decoding=\"async\" width=\"800\" height=\"450\" src=\"https:\/\/ruba-thermoplast.ch\/wp-content\/uploads\/2022\/08\/02_HP.jpg\" class=\"attachment-large size-large\" alt=\"\" srcset=\"https:\/\/ruba-thermoplast.ch\/wp-content\/uploads\/2022\/08\/02_HP.jpg 900w, https:\/\/ruba-thermoplast.ch\/wp-content\/uploads\/2022\/08\/02_HP-300x169.jpg 300w, https:\/\/ruba-thermoplast.ch\/wp-content\/uploads\/2022\/08\/02_HP-768x432.jpg 768w\" sizes=\"(max-width: 800px) 100vw, 800px\" \/>\t<\/span>\r\n\t<\/div>\r\n\t\t\t<\/a>\r\n\t\t\t\t\t<\/div>\r\n\t\t\t\t<div class=\"post-content-bottom\">\r\n\t\t\t\t\t\t<div class=\"post-metro-content\">\r\n\t\t\t\t<h3 class=\"post-title\">\r\n\t<a href=\"https:\/\/ruba-thermoplast.ch\/fr\/einsparpotenziale-bei-unseren-verschluessen\/\" class=\"keep-all\">Potentiel d'\u00e9conomies sur nos...<\/a>\r\n<\/h3>\r\n\t\t\t\t\t\t\t\t\t<div class=\"post-hover-content\">\r\n\t\t\t\t\t\t<div class=\"entry-content\">\r\n\t<p>La durabilit\u00e9 d'un emballage est devenue l'un des aspects les plus importants....<\/p>\r\n<\/div>\r\n\t\t\t\t\t<\/div>\r\n\t\t\t\t\t\t\t\t\t\t\t\t\t<div class=\"post-meta-info style-1\"><span class=\"meta-date\"><a href=\"https:\/\/ruba-thermoplast.ch\/fr\/einsparpotenziale-bei-unseren-verschluessen\/\"><span class=\"entry-date\">3 f\u00e9vrier 2021<\/span><\/a><\/span>\r\n<\/div>\t\t\t\t\t\t\t<\/div>\r\n\t\t<\/div>\r\n\t\t\t\t\t<\/div>\r\n<\/article>\r\n<\/div><div class=\"grid-item metro-item  tp-col-lg-4 tp-col-md-6 tp-col-sm-12 tp-col-12  september-20\"><article id=\"post-1203\" class=\"post-1203 post type-post status-publish format-standard has-post-thumbnail hentry category-september-20\">\r\n\t<div class=\"blog-list-content\">\r\n\t\t\t\t<div class=\"post-content-image\">\r\n\t\t\t<a href=\"https:\/\/ruba-thermoplast.ch\/fr\/30-jahre-firmentreue\/\">\r\n\t\t\t\t\t<div class=\"blog-featured-image  tp-cst-img-full img\">\r\n\t<span class=\"thumb-wrap\">\r\n\t\t<img loading=\"lazy\" decoding=\"async\" width=\"800\" height=\"372\" src=\"https:\/\/ruba-thermoplast.ch\/wp-content\/uploads\/2022\/08\/4_SB.jpg\" class=\"attachment-large size-large\" alt=\"\" srcset=\"https:\/\/ruba-thermoplast.ch\/wp-content\/uploads\/2022\/08\/4_SB.jpg 900w, https:\/\/ruba-thermoplast.ch\/wp-content\/uploads\/2022\/08\/4_SB-300x140.jpg 300w, https:\/\/ruba-thermoplast.ch\/wp-content\/uploads\/2022\/08\/4_SB-768x358.jpg 768w\" sizes=\"(max-width: 800px) 100vw, 800px\" \/>\t<\/span>\r\n\t<\/div>\r\n\t\t\t<\/a>\r\n\t\t\t\t\t<\/div>\r\n\t\t\t\t<div class=\"post-content-bottom\">\r\n\t\t\t\t\t\t<div class=\"post-metro-content\">\r\n\t\t\t\t<h3 class=\"post-title\">\r\n\t<a href=\"https:\/\/ruba-thermoplast.ch\/fr\/30-jahre-firmentreue\/\" class=\"keep-all\">30 ans de fid\u00e9lit\u00e9 \u00e0 l'entreprise<\/a>\r\n<\/h3>\r\n\t\t\t\t\t\t\t\t\t<div class=\"post-hover-content\">\r\n\t\t\t\t\t\t<div class=\"entry-content\">\r\n\t<p>En septembre 2020, M. Serge Blauel a f\u00eat\u00e9 ses 30 ans de service. M.<\/p>\r\n<\/div>\r\n\t\t\t\t\t<\/div>\r\n\t\t\t\t\t\t\t\t\t\t\t\t\t<div class=\"post-meta-info style-1\"><span class=\"meta-date\"><a href=\"https:\/\/ruba-thermoplast.ch\/fr\/30-jahre-firmentreue\/\"><span class=\"entry-date\">3 septembre 2020<\/span><\/a><\/span>\r\n<\/div>\t\t\t\t\t\t\t<\/div>\r\n\t\t<\/div>\r\n\t\t\t\t\t<\/div>\r\n<\/article>\r\n<\/div><div class=\"grid-item metro-item  tp-col-lg-4 tp-col-md-6 tp-col-sm-12 tp-col-12  september-20\"><article id=\"post-1196\" class=\"post-1196 post type-post status-publish format-standard has-post-thumbnail hentry category-september-20\">\r\n\t<div class=\"blog-list-content\">\r\n\t\t\t\t<div class=\"post-content-image\">\r\n\t\t\t<a href=\"https:\/\/ruba-thermoplast.ch\/fr\/covid-19-wir-schuetzen-uns\/\">\r\n\t\t\t\t\t<div class=\"blog-featured-image  tp-cst-img-full img\">\r\n\t<span class=\"thumb-wrap\">\r\n\t\t<img loading=\"lazy\" decoding=\"async\" width=\"800\" height=\"411\" src=\"https:\/\/ruba-thermoplast.ch\/wp-content\/uploads\/2022\/08\/EK.jpg\" class=\"attachment-large size-large\" alt=\"\" srcset=\"https:\/\/ruba-thermoplast.ch\/wp-content\/uploads\/2022\/08\/EK.jpg 900w, https:\/\/ruba-thermoplast.ch\/wp-content\/uploads\/2022\/08\/EK-300x154.jpg 300w, https:\/\/ruba-thermoplast.ch\/wp-content\/uploads\/2022\/08\/EK-768x394.jpg 768w\" sizes=\"(max-width: 800px) 100vw, 800px\" \/>\t<\/span>\r\n\t<\/div>\r\n\t\t\t<\/a>\r\n\t\t\t\t\t<\/div>\r\n\t\t\t\t<div class=\"post-content-bottom\">\r\n\t\t\t\t\t\t<div class=\"post-metro-content\">\r\n\t\t\t\t<h3 class=\"post-title\">\r\n\t<a href=\"https:\/\/ruba-thermoplast.ch\/fr\/covid-19-wir-schuetzen-uns\/\" class=\"keep-all\">Covid-19 | Nous nous prot\u00e9geons !<\/a>\r\n<\/h3>\r\n\t\t\t\t\t\t\t\t\t<div class=\"post-hover-content\">\r\n\t\t\t\t\t\t<div class=\"entry-content\">\r\n\t<p>Dans notre entreprise, aucun cas n'a \u00e9t\u00e9 confirm\u00e9 jusqu'\u00e0 pr\u00e9sent. Gr\u00e2ce \u00e0 nos...<\/p>\r\n<\/div>\r\n\t\t\t\t\t<\/div>\r\n\t\t\t\t\t\t\t\t\t\t\t\t\t<div class=\"post-meta-info style-1\"><span class=\"meta-date\"><a href=\"https:\/\/ruba-thermoplast.ch\/fr\/covid-19-wir-schuetzen-uns\/\"><span class=\"entry-date\">3 septembre 2020<\/span><\/a><\/span>\r\n<\/div>\t\t\t\t\t\t\t<\/div>\r\n\t\t<\/div>\r\n\t\t\t\t\t<\/div>\r\n<\/article>\r\n<\/div><div class=\"grid-item metro-item  tp-col-lg-4 tp-col-md-6 tp-col-sm-12 tp-col-12  september-20\"><article id=\"post-1189\" class=\"post-1189 post type-post status-publish format-standard has-post-thumbnail hentry category-september-20\">\r\n\t<div class=\"blog-list-content\">\r\n\t\t\t\t<div class=\"post-content-image\">\r\n\t\t\t<a href=\"https:\/\/ruba-thermoplast.ch\/fr\/ruba-verschluss-mit-einer-echten-holzkappe\/\">\r\n\t\t\t\t\t<div class=\"blog-featured-image  tp-cst-img-full img\">\r\n\t<span class=\"thumb-wrap\">\r\n\t\t<img loading=\"lazy\" decoding=\"async\" width=\"800\" height=\"346\" src=\"https:\/\/ruba-thermoplast.ch\/wp-content\/uploads\/2022\/08\/wood.jpg\" class=\"attachment-large size-large\" alt=\"\" srcset=\"https:\/\/ruba-thermoplast.ch\/wp-content\/uploads\/2022\/08\/wood.jpg 900w, https:\/\/ruba-thermoplast.ch\/wp-content\/uploads\/2022\/08\/wood-300x130.jpg 300w, https:\/\/ruba-thermoplast.ch\/wp-content\/uploads\/2022\/08\/wood-768x332.jpg 768w\" sizes=\"(max-width: 800px) 100vw, 800px\" \/>\t<\/span>\r\n\t<\/div>\r\n\t\t\t<\/a>\r\n\t\t\t\t\t<\/div>\r\n\t\t\t\t<div class=\"post-content-bottom\">\r\n\t\t\t\t\t\t<div class=\"post-metro-content\">\r\n\t\t\t\t<h3 class=\"post-title\">\r\n\t<a href=\"https:\/\/ruba-thermoplast.ch\/fr\/ruba-verschluss-mit-einer-echten-holzkappe\/\" class=\"keep-all\">Fermeture RUBA avec une v\u00e9ritable...<\/a>\r\n<\/h3>\r\n\t\t\t\t\t\t\t\t\t<div class=\"post-hover-content\">\r\n\t\t\t\t\t\t<div class=\"entry-content\">\r\n\t<p>Pour \u00e9largir notre gamme de produits, nous proposons une combinaison tr\u00e8s sp\u00e9ciale de...<\/p>\r\n<\/div>\r\n\t\t\t\t\t<\/div>\r\n\t\t\t\t\t\t\t\t\t\t\t\t\t<div class=\"post-meta-info style-1\"><span class=\"meta-date\"><a href=\"https:\/\/ruba-thermoplast.ch\/fr\/ruba-verschluss-mit-einer-echten-holzkappe\/\"><span class=\"entry-date\">3 septembre 2020<\/span><\/a><\/span>\r\n<\/div>\t\t\t\t\t\t\t<\/div>\r\n\t\t<\/div>\r\n\t\t\t\t\t<\/div>\r\n<\/article>\r\n<\/div><div class=\"grid-item metro-item  tp-col-lg-4 tp-col-md-6 tp-col-sm-12 tp-col-12  september-20\"><article id=\"post-1181\" class=\"post-1181 post type-post status-publish format-standard has-post-thumbnail hentry category-september-20\">\r\n\t<div class=\"blog-list-content\">\r\n\t\t\t\t<div class=\"post-content-image\">\r\n\t\t\t<a href=\"https:\/\/ruba-thermoplast.ch\/fr\/neue-universal-linie-fuer-hdpe-pet-und-pcr\/\">\r\n\t\t\t\t\t<div class=\"blog-featured-image  tp-cst-img-full img\">\r\n\t<span class=\"thumb-wrap\">\r\n\t\t<img loading=\"lazy\" decoding=\"async\" width=\"800\" height=\"373\" src=\"https:\/\/ruba-thermoplast.ch\/wp-content\/uploads\/2022\/08\/1_Uniline.jpg\" class=\"attachment-large size-large\" alt=\"\" srcset=\"https:\/\/ruba-thermoplast.ch\/wp-content\/uploads\/2022\/08\/1_Uniline.jpg 900w, https:\/\/ruba-thermoplast.ch\/wp-content\/uploads\/2022\/08\/1_Uniline-300x140.jpg 300w, https:\/\/ruba-thermoplast.ch\/wp-content\/uploads\/2022\/08\/1_Uniline-768x358.jpg 768w\" sizes=\"(max-width: 800px) 100vw, 800px\" \/>\t<\/span>\r\n\t<\/div>\r\n\t\t\t<\/a>\r\n\t\t\t\t\t<\/div>\r\n\t\t\t\t<div class=\"post-content-bottom\">\r\n\t\t\t\t\t\t<div class=\"post-metro-content\">\r\n\t\t\t\t<h3 class=\"post-title\">\r\n\t<a href=\"https:\/\/ruba-thermoplast.ch\/fr\/neue-universal-linie-fuer-hdpe-pet-und-pcr\/\" class=\"keep-all\">Nouvelle ligne universelle pour HDP...<\/a>\r\n<\/h3>\r\n\t\t\t\t\t\t\t\t\t<div class=\"post-hover-content\">\r\n\t\t\t\t\t\t<div class=\"entry-content\">\r\n\t<p>Nous ne devrions pas vivre sur le dos des g\u00e9n\u00e9rations futures. Moins nous...<\/p>\r\n<\/div>\r\n\t\t\t\t\t<\/div>\r\n\t\t\t\t\t\t\t\t\t\t\t\t\t<div class=\"post-meta-info style-1\"><span class=\"meta-date\"><a href=\"https:\/\/ruba-thermoplast.ch\/fr\/neue-universal-linie-fuer-hdpe-pet-und-pcr\/\"><span class=\"entry-date\">3 septembre 2020<\/span><\/a><\/span>\r\n<\/div>\t\t\t\t\t\t\t<\/div>\r\n\t\t<\/div>\r\n\t\t\t\t\t<\/div>\r\n<\/article>\r\n<\/div><div class=\"grid-item metro-item  tp-col-lg-4 tp-col-md-6 tp-col-sm-12 tp-col-12  juli-20\"><article id=\"post-1210\" class=\"post-1210 post type-post status-publish format-standard has-post-thumbnail hentry category-juli-20\">\r\n\t<div class=\"blog-list-content\">\r\n\t\t\t\t<div class=\"post-content-image\">\r\n\t\t\t<a href=\"https:\/\/ruba-thermoplast.ch\/fr\/nachfolgeregelung-aenderung-in-der-geschaeftsleitung\/\">\r\n\t\t\t\t\t<div class=\"blog-featured-image  tp-cst-img-full img\">\r\n\t<span class=\"thumb-wrap\">\r\n\t\t<img loading=\"lazy\" decoding=\"async\" width=\"800\" height=\"373\" src=\"https:\/\/ruba-thermoplast.ch\/wp-content\/uploads\/2022\/08\/JB_SR_1.jpg\" class=\"attachment-large size-large\" alt=\"\" srcset=\"https:\/\/ruba-thermoplast.ch\/wp-content\/uploads\/2022\/08\/JB_SR_1.jpg 900w, https:\/\/ruba-thermoplast.ch\/wp-content\/uploads\/2022\/08\/JB_SR_1-300x140.jpg 300w, https:\/\/ruba-thermoplast.ch\/wp-content\/uploads\/2022\/08\/JB_SR_1-768x358.jpg 768w\" sizes=\"(max-width: 800px) 100vw, 800px\" \/>\t<\/span>\r\n\t<\/div>\r\n\t\t\t<\/a>\r\n\t\t\t\t\t<\/div>\r\n\t\t\t\t<div class=\"post-content-bottom\">\r\n\t\t\t\t\t\t<div class=\"post-metro-content\">\r\n\t\t\t\t<h3 class=\"post-title\">\r\n\t<a href=\"https:\/\/ruba-thermoplast.ch\/fr\/nachfolgeregelung-aenderung-in-der-geschaeftsleitung\/\" class=\"keep-all\">Succession et changement de ...<\/a>\r\n<\/h3>\r\n\t\t\t\t\t\t\t\t\t<div class=\"post-hover-content\">\r\n\t\t\t\t\t\t<div class=\"entry-content\">\r\n\t<p>Apr\u00e8s plus de 17 ans d'activit\u00e9 en tant que directeur, M. Jost Baumgartner...<\/p>\r\n<\/div>\r\n\t\t\t\t\t<\/div>\r\n\t\t\t\t\t\t\t\t\t\t\t\t\t<div class=\"post-meta-info style-1\"><span class=\"meta-date\"><a href=\"https:\/\/ruba-thermoplast.ch\/fr\/nachfolgeregelung-aenderung-in-der-geschaeftsleitung\/\"><span class=\"entry-date\">3 juillet 2020<\/span><\/a><\/span>\r\n<\/div>\t\t\t\t\t\t\t<\/div>\r\n\t\t<\/div>\r\n\t\t\t\t\t<\/div>\r\n<\/article>\r\n<\/div><div class=\"grid-item metro-item  tp-col-lg-4 tp-col-md-6 tp-col-sm-12 tp-col-12  mai-20\"><article id=\"post-1220\" class=\"post-1220 post type-post status-publish format-standard has-post-thumbnail hentry category-mai-20\">\r\n\t<div class=\"blog-list-content\">\r\n\t\t\t\t<div class=\"post-content-image\">\r\n\t\t\t<a href=\"https:\/\/ruba-thermoplast.ch\/fr\/was-gibts-neues\/\">\r\n\t\t\t\t\t<div class=\"blog-featured-image  tp-cst-img-full img\">\r\n\t<span class=\"thumb-wrap\">\r\n\t\t<img loading=\"lazy\" decoding=\"async\" width=\"800\" height=\"213\" src=\"https:\/\/ruba-thermoplast.ch\/wp-content\/uploads\/2022\/08\/A.jpg\" class=\"attachment-large size-large\" alt=\"\" srcset=\"https:\/\/ruba-thermoplast.ch\/wp-content\/uploads\/2022\/08\/A.jpg 900w, https:\/\/ruba-thermoplast.ch\/wp-content\/uploads\/2022\/08\/A-300x80.jpg 300w, https:\/\/ruba-thermoplast.ch\/wp-content\/uploads\/2022\/08\/A-768x205.jpg 768w\" sizes=\"(max-width: 800px) 100vw, 800px\" \/>\t<\/span>\r\n\t<\/div>\r\n\t\t\t<\/a>\r\n\t\t\t\t\t<\/div>\r\n\t\t\t\t<div class=\"post-content-bottom\">\r\n\t\t\t\t\t\t<div class=\"post-metro-content\">\r\n\t\t\t\t<h3 class=\"post-title\">\r\n\t<a href=\"https:\/\/ruba-thermoplast.ch\/fr\/was-gibts-neues\/\" class=\"keep-all\">Quoi de neuf ?<\/a>\r\n<\/h3>\r\n\t\t\t\t\t\t\t\t\t<div class=\"post-hover-content\">\r\n\t\t\t\t\t\t<div class=\"entry-content\">\r\n\t<p>Les besoins, les souhaits et les suggestions de nos clients nous poussent toujours...<\/p>\r\n<\/div>\r\n\t\t\t\t\t<\/div>\r\n\t\t\t\t\t\t\t\t\t\t\t\t\t<div class=\"post-meta-info style-1\"><span class=\"meta-date\"><a href=\"https:\/\/ruba-thermoplast.ch\/fr\/was-gibts-neues\/\"><span class=\"entry-date\">3 mai 2020<\/span><\/a><\/span>\r\n<\/div>\t\t\t\t\t\t\t<\/div>\r\n\t\t<\/div>\r\n\t\t\t\t\t<\/div>\r\n<\/article>\r\n<\/div><div class=\"grid-item metro-item  tp-col-lg-4 tp-col-md-6 tp-col-sm-12 tp-col-12  dezember-19\"><article id=\"post-1238\" class=\"post-1238 post type-post status-publish format-standard has-post-thumbnail hentry category-dezember-19\">\r\n\t<div class=\"blog-list-content\">\r\n\t\t\t\t<div class=\"post-content-image\">\r\n\t\t\t<a href=\"https:\/\/ruba-thermoplast.ch\/fr\/neuer-ecoline-verschluss-fuer-ihre-50mm-tuben\/\">\r\n\t\t\t\t\t<div class=\"blog-featured-image  tp-cst-img-full img\">\r\n\t<span class=\"thumb-wrap\">\r\n\t\t<img loading=\"lazy\" decoding=\"async\" width=\"800\" height=\"213\" src=\"https:\/\/ruba-thermoplast.ch\/wp-content\/uploads\/2022\/08\/H_2922E9_1_-_Kopie.jpg\" class=\"attachment-large size-large\" alt=\"\" srcset=\"https:\/\/ruba-thermoplast.ch\/wp-content\/uploads\/2022\/08\/H_2922E9_1_-_Kopie.jpg 900w, https:\/\/ruba-thermoplast.ch\/wp-content\/uploads\/2022\/08\/H_2922E9_1_-_Kopie-300x80.jpg 300w, https:\/\/ruba-thermoplast.ch\/wp-content\/uploads\/2022\/08\/H_2922E9_1_-_Kopie-768x205.jpg 768w\" sizes=\"(max-width: 800px) 100vw, 800px\" \/>\t<\/span>\r\n\t<\/div>\r\n\t\t\t<\/a>\r\n\t\t\t\t\t<\/div>\r\n\t\t\t\t<div class=\"post-content-bottom\">\r\n\t\t\t\t\t\t<div class=\"post-metro-content\">\r\n\t\t\t\t<h3 class=\"post-title\">\r\n\t<a href=\"https:\/\/ruba-thermoplast.ch\/fr\/neuer-ecoline-verschluss-fuer-ihre-50mm-tuben\/\" class=\"keep-all\">Nouveau bouchon Ecoline pour...<\/a>\r\n<\/h3>\r\n\t\t\t\t\t\t\t\t\t<div class=\"post-hover-content\">\r\n\t\t\t\t\t\t<div class=\"entry-content\">\r\n\t<p>Nous vous pr\u00e9sentons ici notre nouveau produit de la s\u00e9rie Ecoline...<\/p>\r\n<\/div>\r\n\t\t\t\t\t<\/div>\r\n\t\t\t\t\t\t\t\t\t\t\t\t\t<div class=\"post-meta-info style-1\"><span class=\"meta-date\"><a href=\"https:\/\/ruba-thermoplast.ch\/fr\/neuer-ecoline-verschluss-fuer-ihre-50mm-tuben\/\"><span class=\"entry-date\">3 d\u00e9cembre 2019<\/span><\/a><\/span>\r\n<\/div>\t\t\t\t\t\t\t<\/div>\r\n\t\t<\/div>\r\n\t\t\t\t\t<\/div>\r\n<\/article>\r\n<\/div><div class=\"grid-item metro-item  tp-col-lg-4 tp-col-md-6 tp-col-sm-12 tp-col-12  oktober-19\"><article id=\"post-1253\" class=\"post-1253 post type-post status-publish format-standard has-post-thumbnail hentry category-oktober-19\">\r\n\t<div class=\"blog-list-content\">\r\n\t\t\t\t<div class=\"post-content-image\">\r\n\t\t\t<a href=\"https:\/\/ruba-thermoplast.ch\/fr\/neuer-verschluss-o19mm-mit-m09-gewinde\/\">\r\n\t\t\t\t\t<div class=\"blog-featured-image  tp-cst-img-full img\">\r\n\t<span class=\"thumb-wrap\">\r\n\t\t<img loading=\"lazy\" decoding=\"async\" width=\"800\" height=\"213\" src=\"https:\/\/ruba-thermoplast.ch\/wp-content\/uploads\/2022\/08\/1.jpg\" class=\"attachment-large size-large\" alt=\"\" srcset=\"https:\/\/ruba-thermoplast.ch\/wp-content\/uploads\/2022\/08\/1.jpg 900w, https:\/\/ruba-thermoplast.ch\/wp-content\/uploads\/2022\/08\/1-300x80.jpg 300w, https:\/\/ruba-thermoplast.ch\/wp-content\/uploads\/2022\/08\/1-768x205.jpg 768w\" sizes=\"(max-width: 800px) 100vw, 800px\" \/>\t<\/span>\r\n\t<\/div>\r\n\t\t\t<\/a>\r\n\t\t\t\t\t<\/div>\r\n\t\t\t\t<div class=\"post-content-bottom\">\r\n\t\t\t\t\t\t<div class=\"post-metro-content\">\r\n\t\t\t\t<h3 class=\"post-title\">\r\n\t<a href=\"https:\/\/ruba-thermoplast.ch\/fr\/neuer-verschluss-o19mm-mit-m09-gewinde\/\" class=\"keep-all\">Nouveau bouchon \u00d819mm avec m...<\/a>\r\n<\/h3>\r\n\t\t\t\t\t\t\t\t\t<div class=\"post-hover-content\">\r\n\t\t\t\t\t\t<div class=\"entry-content\">\r\n\t<p>Pour compl\u00e9ter notre gamme de produits d\u00e9j\u00e0 existante, nous avons...<\/p>\r\n<\/div>\r\n\t\t\t\t\t<\/div>\r\n\t\t\t\t\t\t\t\t\t\t\t\t\t<div class=\"post-meta-info style-1\"><span class=\"meta-date\"><a href=\"https:\/\/ruba-thermoplast.ch\/fr\/neuer-verschluss-o19mm-mit-m09-gewinde\/\"><span class=\"entry-date\">3 octobre 2019<\/span><\/a><\/span>\r\n<\/div>\t\t\t\t\t\t\t<\/div>\r\n\t\t<\/div>\r\n\t\t\t\t\t<\/div>\r\n<\/article>\r\n<\/div><div class=\"grid-item metro-item  tp-col-lg-4 tp-col-md-6 tp-col-sm-12 tp-col-12  maerz-22\"><article id=\"post-697\" class=\"post-697 post type-post status-publish format-standard has-post-thumbnail hentry category-maerz-22\">\r\n\t<div class=\"blog-list-content\">\r\n\t\t\t\t<div class=\"post-content-image\">\r\n\t\t\t<a href=\"https:\/\/ruba-thermoplast.ch\/fr\/ruba-leitbild\/\">\r\n\t\t\t\t\t<div class=\"blog-featured-image  tp-cst-img-full img\">\r\n\t<span class=\"thumb-wrap\">\r\n\t\t<img loading=\"lazy\" decoding=\"async\" width=\"640\" height=\"480\" src=\"https:\/\/ruba-thermoplast.ch\/wp-content\/uploads\/2022\/07\/Halle-2.jpg\" class=\"attachment-large size-large\" alt=\"\" srcset=\"https:\/\/ruba-thermoplast.ch\/wp-content\/uploads\/2022\/07\/Halle-2.jpg 640w, https:\/\/ruba-thermoplast.ch\/wp-content\/uploads\/2022\/07\/Halle-2-300x225.jpg 300w\" sizes=\"(max-width: 640px) 100vw, 640px\" \/>\t<\/span>\r\n\t<\/div>\r\n\t\t\t<\/a>\r\n\t\t\t\t\t<\/div>\r\n\t\t\t\t<div class=\"post-content-bottom\">\r\n\t\t\t\t\t\t<div class=\"post-metro-content\">\r\n\t\t\t\t<h3 class=\"post-title\">\r\n\t<a href=\"https:\/\/ruba-thermoplast.ch\/fr\/ruba-leitbild\/\" class=\"keep-all\">Charte RUBA<\/a>\r\n<\/h3>\r\n\t\t\t\t\t\t\t\t\t<div class=\"post-hover-content\">\r\n\t\t\t\t\t\t<div class=\"entry-content\">\r\n\t<p>Charte RUBA Notre strat\u00e9gie est une pr\u00e9sentation uniforme, une excellente coh\u00e9sion...<\/p>\r\n<\/div>\r\n\t\t\t\t\t<\/div>\r\n\t\t\t\t\t\t\t\t\t\t\t\t\t<div class=\"post-meta-info style-1\"><span class=\"meta-date\"><a href=\"https:\/\/ruba-thermoplast.ch\/fr\/ruba-leitbild\/\"><span class=\"entry-date\">1er mars 2017<\/span><\/a><\/span>\r\n<\/div>\t\t\t\t\t\t\t<\/div>\r\n\t\t<\/div>\r\n\t\t\t\t\t<\/div>\r\n<\/article>\r\n<\/div><\/div><\/div>\t\t\t\t<\/div>\n\t\t\t\t<\/div>\n\t\t\t\t\t<\/div>\n\t\t<\/div>\n\t\t\t\t\t<\/div>\n\t\t<\/section>\n\t\t\t\t<\/div>","protected":false},"excerpt":{"rendered":"<p>April 2023 April 2024 August 22 Dezember 19 Dezember 2022 Dezember 2023 Dezember 2024 Februar 21 Juli 20 Juli 21 Mai 20 M\u00e4rz 22 Oktober 19 Oktober 2024 September 20 September 2023 Neue 24-Spritzugussform Delux&#8230; Neue 24-fach Kavit\u00e4ten Spritzgussform f\u00fcr Deluxe Verschl\u00fcsse \u00d835mm 11. Dezember 2024 Portfolio erweitern, ohne Bud&#8230; Vier neue Verschl\u00fcsse aus der [&hellip;]<\/p>\n","protected":false},"author":1,"featured_media":0,"parent":0,"menu_order":0,"comment_status":"closed","ping_status":"closed","template":"elementor_header_footer","meta":{"footnotes":""},"class_list":["post-463","page","type-page","status-publish","hentry"],"_links":{"self":[{"href":"https:\/\/ruba-thermoplast.ch\/fr\/wp-json\/wp\/v2\/pages\/463","targetHints":{"allow":["GET"]}}],"collection":[{"href":"https:\/\/ruba-thermoplast.ch\/fr\/wp-json\/wp\/v2\/pages"}],"about":[{"href":"https:\/\/ruba-thermoplast.ch\/fr\/wp-json\/wp\/v2\/types\/page"}],"author":[{"embeddable":true,"href":"https:\/\/ruba-thermoplast.ch\/fr\/wp-json\/wp\/v2\/users\/1"}],"replies":[{"embeddable":true,"href":"https:\/\/ruba-thermoplast.ch\/fr\/wp-json\/wp\/v2\/comments?post=463"}],"version-history":[{"count":3,"href":"https:\/\/ruba-thermoplast.ch\/fr\/wp-json\/wp\/v2\/pages\/463\/revisions"}],"predecessor-version":[{"id":5341,"href":"https:\/\/ruba-thermoplast.ch\/fr\/wp-json\/wp\/v2\/pages\/463\/revisions\/5341"}],"wp:attachment":[{"href":"https:\/\/ruba-thermoplast.ch\/fr\/wp-json\/wp\/v2\/media?parent=463"}],"curies":[{"name":"wp","href":"https:\/\/api.w.org\/{rel}","templated":true}]}}